{"id":10987,"date":"2018-01-24T13:23:17","date_gmt":"2018-01-24T18:23:17","guid":{"rendered":"https:\/\/wildlifepreservation.ca\/fr\/?page_id=10987"},"modified":"2018-02-07T13:22:49","modified_gmt":"2018-02-07T18:22:49","slug":"faune-des-milieux-humides-de-la-vallee-du-fraser","status":"publish","type":"page","link":"https:\/\/wildlifepreservation.ca\/fr\/faune-des-milieux-humides-de-la-vallee-du-fraser\/","title":{"rendered":"Faune des milieux humides de la vall\u00e9e du Fraser"},"content":{"rendered":"<p>[et_pb_section bb_built=\u00a0\u00bb1&Prime; admin_label=\u00a0\u00bbsection\u00a0\u00bb][et_pb_row parallax_method=\u00a0\u00bboff\u00a0\u00bb parallax_method_1=\u00a0\u00bboff\u00a0\u00bb parallax_method_2=\u00a0\u00bboff\u00a0\u00bb column_padding_mobile=\u00a0\u00bbon\u00a0\u00bb custom_padding=\u00a0\u00bb||0px|\u00a0\u00bb background_position=\u00a0\u00bbtop_left\u00a0\u00bb background_repeat=\u00a0\u00bbrepeat\u00a0\u00bb background_size=\u00a0\u00bbinitial\u00a0\u00bb _builder_version=\u00a0\u00bb3.0.69&Prime; background_position_1=\u00a0\u00bbtop_left\u00a0\u00bb background_repeat_1=\u00a0\u00bbno-repeat\u00a0\u00bb background_position_2=\u00a0\u00bbtop_left\u00a0\u00bb background_repeat_2=\u00a0\u00bbno-repeat\u00a0\u00bb][et_pb_column type=\u00a0\u00bb1_4&Prime;][et_pb_sidebar orientation=\u00a0\u00bbleft\u00a0\u00bb area=\u00a0\u00bbet_pb_widget_area_11&Prime; background_layout=\u00a0\u00bblight\u00a0\u00bb remove_border=\u00a0\u00bboff\u00a0\u00bb disabled=\u00a0\u00bboff\u00a0\u00bb disabled_on=\u00a0\u00bbon||\u00a0\u00bb header_line_height=\u00a0\u00bb1.2em\u00a0\u00bb _builder_version=\u00a0\u00bb3.0.89&Prime; show_border=\u00a0\u00bbon\u00a0\u00bb \/][\/et_pb_column][et_pb_column type=\u00a0\u00bb3_4&Prime;][et_pb_image src=\u00a0\u00bbhttps:\/\/wildlifepreservation.ca\/fr\/wp-content\/uploads\/2018\/01\/western-painted-turtle-wc.jpg\u00a0\u00bb show_in_lightbox=\u00a0\u00bboff\u00a0\u00bb url_new_window=\u00a0\u00bboff\u00a0\u00bb use_overlay=\u00a0\u00bboff\u00a0\u00bb sticky=\u00a0\u00bbon\u00a0\u00bb align=\u00a0\u00bbleft\u00a0\u00bb force_fullwidth=\u00a0\u00bboff\u00a0\u00bb always_center_on_mobile=\u00a0\u00bbon\u00a0\u00bb border_style=\u00a0\u00bbsolid\u00a0\u00bb _builder_version=\u00a0\u00bb3.0.89&Prime; custom_margin=\u00a0\u00bb||25px|\u00a0\u00bb show_bottom_space=\u00a0\u00bbon\u00a0\u00bb border_style_all=\u00a0\u00bbsolid\u00a0\u00bb \/][et_pb_text _builder_version=\u00a0\u00bb3.0.89&Prime; background_layout=\u00a0\u00bblight\u00a0\u00bb border_style=\u00a0\u00bbsolid\u00a0\u00bb border_style_all=\u00a0\u00bbsolid\u00a0\u00bb]<\/p>\n<h1>Faune des milieux humides de la vall\u00e9e du Fraser<\/h1>\n<p>[\/et_pb_text][et_pb_tabs _builder_version=\u00a0\u00bb3.0.89&Prime; active_tab_background_color=\u00a0\u00bb#8aa370&Prime; inactive_tab_background_color=\u00a0\u00bb#4f8537&Prime; tab_text_color=\u00a0\u00bb#ffffff\u00a0\u00bb border_style=\u00a0\u00bbsolid\u00a0\u00bb border_style_all=\u00a0\u00bbsolid\u00a0\u00bb]<\/p>\n<p>[et_pb_tab title=\u00a0\u00bbLes esp\u00e8ces \u00a0\u00bb use_background_color_gradient=\u00a0\u00bboff\u00a0\u00bb background_color_gradient_start=\u00a0\u00bb#2b87da\u00a0\u00bb background_color_gradient_end=\u00a0\u00bb#29c4a9&Prime; background_color_gradient_type=\u00a0\u00bblinear\u00a0\u00bb background_color_gradient_direction=\u00a0\u00bb180deg\u00a0\u00bb background_color_gradient_direction_radial=\u00a0\u00bbcenter\u00a0\u00bb background_color_gradient_start_position=\u00a0\u00bb0%\u00a0\u00bb background_color_gradient_end_position=\u00a0\u00bb100%\u00a0\u00bb parallax=\u00a0\u00bboff\u00a0\u00bb parallax_method=\u00a0\u00bbon\u00a0\u00bb background_size=\u00a0\u00bbcover\u00a0\u00bb background_position=\u00a0\u00bbcenter\u00a0\u00bb background_repeat=\u00a0\u00bbno-repeat\u00a0\u00bb background_blend=\u00a0\u00bbnormal\u00a0\u00bb allow_player_pause=\u00a0\u00bboff\u00a0\u00bb tab_font_select=\u00a0\u00bbdefault\u00a0\u00bb tab_font=\u00a0\u00bb||||\u00a0\u00bb body_font_select=\u00a0\u00bbdefault\u00a0\u00bb body_font=\u00a0\u00bb||||\u00a0\u00bb _builder_version=\u00a0\u00bb3.0.89&Prime; background_color_gradient_overlays_image=\u00a0\u00bboff\u00a0\u00bb]<\/p>\n<p>Ce projet vise deux esp\u00e8ces phares des milieux humides de la Colombie-Britannique.<a href=\"https:\/\/wildlifepreservation.ca\/fr\/grenouille-maculee-de-loregon\/\"> La grenouille macul\u00e9e de l\u2019Oregon<\/a> est l\u2019amphibien le plus \u00e0 risque de disparition, avec moins de 300\u00a0individus reproducteurs \u00e0 l\u2019\u00e9tat sauvage. Sans intervention, cette esp\u00e8ce va presque certainement dispara\u00eetre. Par ailleurs, <a href=\"https:\/\/wildlifepreservation.ca\/fr\/tortue-peinte-de-louest\/\">la tortue peinte de l\u2019Ouest<\/a> est la seule tortue d\u2019\u00e9tang indig\u00e8ne qui subsiste en Colombie-Britannique, et la population de la c\u00f4te du Pacifique s\u2019amenuise.<\/p>\n<p>[\/et_pb_tab][et_pb_tab title=\u00a0\u00bbLe projet \u00a0\u00bb use_background_color_gradient=\u00a0\u00bboff\u00a0\u00bb background_color_gradient_start=\u00a0\u00bb#2b87da\u00a0\u00bb background_color_gradient_end=\u00a0\u00bb#29c4a9&Prime; background_color_gradient_type=\u00a0\u00bblinear\u00a0\u00bb background_color_gradient_direction=\u00a0\u00bb180deg\u00a0\u00bb background_color_gradient_direction_radial=\u00a0\u00bbcenter\u00a0\u00bb background_color_gradient_start_position=\u00a0\u00bb0%\u00a0\u00bb background_color_gradient_end_position=\u00a0\u00bb100%\u00a0\u00bb parallax=\u00a0\u00bboff\u00a0\u00bb parallax_method=\u00a0\u00bbon\u00a0\u00bb background_size=\u00a0\u00bbcover\u00a0\u00bb background_position=\u00a0\u00bbcenter\u00a0\u00bb background_repeat=\u00a0\u00bbno-repeat\u00a0\u00bb background_blend=\u00a0\u00bbnormal\u00a0\u00bb allow_player_pause=\u00a0\u00bboff\u00a0\u00bb tab_font_select=\u00a0\u00bbdefault\u00a0\u00bb tab_font=\u00a0\u00bb||||\u00a0\u00bb body_font_select=\u00a0\u00bbdefault\u00a0\u00bb body_font=\u00a0\u00bb||||\u00a0\u00bb _builder_version=\u00a0\u00bb3.0.89&Prime; background_color_gradient_overlays_image=\u00a0\u00bboff\u00a0\u00bb]<\/p>\n<p>Les \u00e9cosyst\u00e8mes d\u2019eau douce dans les basses terres continentales de la Colombie-Britannique ont \u00e9t\u00e9 gravement atteints par la pollution, les eaux de ruissellement, les changements climatiques, les esp\u00e8ces envahissantes et la pr\u00e9sence d\u2019un grand nombre de pr\u00e9dateurs, dont le raton laveur. Au moins une des esp\u00e8ces indig\u00e8nes de la r\u00e9gion, la tortue de l\u2019Ouest septentrionale, est d\u00e9j\u00e0 disparue au Canada, tandis que d\u2019autres esp\u00e8ces ont tellement d\u00e9clin\u00e9 que le seul espoir de les voir survivre r\u00e9side dans des initiatives de conservation directes et concr\u00e8tes.<\/p>\n<p>Le plan de r\u00e9tablissement de la grenouille macul\u00e9e de l\u2019Oregon recommande des initiatives de reproduction, d\u2019encadrement des jeunes et de r\u00e9introduction \u00e0 des fins de conservation, cela en vue de r\u00e9tablir des populations viables dans au moins six sites. Conservation de la faune au Canada a amorc\u00e9 la coordination de ces efforts en 2010, en ajoutant un programme de reproduction pour la conservation au travail d\u2019encadrement des jeunes qui s\u2019effectuait d\u00e9j\u00e0 au Greater Vancouver Zoo. Cette initiative est venue renforcer les activit\u00e9s de reproduction en cours au Vancouver Aquarium. Par ailleurs, un programme de marquage-recapture en cours et le d\u00e9nombrement rigoureux des masses d\u2019\u0153ufs par nos partenaires nous permettent de suivre de pr\u00e8s les progr\u00e8s de cette initiative de r\u00e9tablissement. Les jeunes sont utilis\u00e9s \u00e0 la fois pour augmenter la taille des populations existantes \u00e0 l\u2019\u00e9tat sauvage et pour en \u00e9tablir de nouvelles dans des sites appropri\u00e9s o\u00f9 l\u2019esp\u00e8ce a cess\u00e9 d\u2019\u00eatre pr\u00e9sente. En 2012, nous avons \u00e9largi nos activit\u00e9s pour inclure la tortue peinte de l\u2019Ouest. En vue d\u2019assurer la sauvegarde de cette esp\u00e8ce, les experts recommandent comme mesures la protection des nids, l\u2019incubation artificielle des \u0153ufs, l\u2019encadrement des jeunes tortues destin\u00e9es \u00e0 \u00eatre rel\u00e2ch\u00e9es et la mise en place d\u2019un programme de reproduction \u00e0 des fins de conservation.<\/p>\n<p>En cons\u00e9quence, nous avons commenc\u00e9 \u00e0 r\u00e9cup\u00e9rer les \u0153ufs de tortues peintes de l\u2019Ouest se trouvant dans des nids expos\u00e9s \u00e0 un risque \u00e9lev\u00e9 \u2013\u00a0 par exemple, ceux qui ont \u00e9t\u00e9 d\u00e9pos\u00e9s sur des rampes de mise \u00e0 l\u2019eau en gravier \u2013 et \u00e0 les encadrer. Nous avons aussi entrepris de capturer les adultes vivant seuls ou au sein de groupes dont la petite taille rend leur reproduction effective peu probable. Ces tortues constituent le noyau d\u2019une population destin\u00e9e \u00e0 la reproduction \u00e0 des fins de conservation. Nous encadrons les nouveau-n\u00e9s pendant au moins une ann\u00e9e, jusqu\u2019\u00e0 ce qu\u2019ils soient trop volumineux pour \u00eatre la proie de leur principal pr\u00e9dateur\u00a0: le ouaouaron, qui a \u00e9t\u00e9 introduit en Colombie-Britannique.<\/p>\n<p>.<\/p>\n<p>[\/et_pb_tab][et_pb_tab title=\u00a0\u00bbR\u00e9sultats\u00a0\u00bb use_background_color_gradient=\u00a0\u00bboff\u00a0\u00bb background_color_gradient_start=\u00a0\u00bb#2b87da\u00a0\u00bb background_color_gradient_end=\u00a0\u00bb#29c4a9&Prime; background_color_gradient_type=\u00a0\u00bblinear\u00a0\u00bb background_color_gradient_direction=\u00a0\u00bb180deg\u00a0\u00bb background_color_gradient_direction_radial=\u00a0\u00bbcenter\u00a0\u00bb background_color_gradient_start_position=\u00a0\u00bb0%\u00a0\u00bb background_color_gradient_end_position=\u00a0\u00bb100%\u00a0\u00bb parallax=\u00a0\u00bboff\u00a0\u00bb parallax_method=\u00a0\u00bbon\u00a0\u00bb background_size=\u00a0\u00bbcover\u00a0\u00bb background_position=\u00a0\u00bbcenter\u00a0\u00bb background_repeat=\u00a0\u00bbno-repeat\u00a0\u00bb background_blend=\u00a0\u00bbnormal\u00a0\u00bb allow_player_pause=\u00a0\u00bboff\u00a0\u00bb tab_font_select=\u00a0\u00bbdefault\u00a0\u00bb tab_font=\u00a0\u00bb||||\u00a0\u00bb body_font_select=\u00a0\u00bbdefault\u00a0\u00bb body_font=\u00a0\u00bb||||\u00a0\u00bb _builder_version=\u00a0\u00bb3.0.89&Prime; background_color_gradient_overlays_image=\u00a0\u00bboff\u00a0\u00bb]<\/p>\n<p>\u00c0 l\u2019automne\u00a02016, nous avions d\u00e9j\u00e0 \u00e9lev\u00e9 et rel\u00e2ch\u00e9 560\u00a0grenouilles macul\u00e9es de l\u2019Oregon et 200\u00a0tortues peintes de l\u2019Ouest. Les r\u00e9sultats initiaux indiquent que ces individus prennent leur essor \u00e0 l\u2019\u00e9tat sauvage. Un relev\u00e9 effectu\u00e9 en 2015 a r\u00e9v\u00e9l\u00e9 un nombre \u00e9tonnamment \u00e9lev\u00e9 de jeunes tortues faisant partie de celles que nous avions rel\u00e2ch\u00e9es l\u2019ann\u00e9e pr\u00e9c\u00e9dente, tandis que les grenouilles que nous avions rel\u00e2ch\u00e9es dans un milieu humide d\u00e9peupl\u00e9 et restaur\u00e9 avaient commenc\u00e9 \u00e0 s\u2019y reproduire.<\/p>\n<p>[\/et_pb_tab][et_pb_tab title=\u00a0\u00bbImpact\u00a0\u00bb use_background_color_gradient=\u00a0\u00bboff\u00a0\u00bb background_color_gradient_start=\u00a0\u00bb#2b87da\u00a0\u00bb background_color_gradient_end=\u00a0\u00bb#29c4a9&Prime; background_color_gradient_type=\u00a0\u00bblinear\u00a0\u00bb background_color_gradient_direction=\u00a0\u00bb180deg\u00a0\u00bb background_color_gradient_direction_radial=\u00a0\u00bbcenter\u00a0\u00bb background_color_gradient_start_position=\u00a0\u00bb0%\u00a0\u00bb background_color_gradient_end_position=\u00a0\u00bb100%\u00a0\u00bb parallax=\u00a0\u00bboff\u00a0\u00bb parallax_method=\u00a0\u00bbon\u00a0\u00bb background_size=\u00a0\u00bbcover\u00a0\u00bb background_position=\u00a0\u00bbcenter\u00a0\u00bb background_repeat=\u00a0\u00bbno-repeat\u00a0\u00bb background_blend=\u00a0\u00bbnormal\u00a0\u00bb allow_player_pause=\u00a0\u00bboff\u00a0\u00bb tab_font_select=\u00a0\u00bbdefault\u00a0\u00bb tab_font=\u00a0\u00bb||||\u00a0\u00bb body_font_select=\u00a0\u00bbdefault\u00a0\u00bb body_font=\u00a0\u00bb||||\u00a0\u00bb _builder_version=\u00a0\u00bb3.0.89&Prime; background_color_gradient_overlays_image=\u00a0\u00bboff\u00a0\u00bb]<\/p>\n<p>En donnant une impulsion \u00e0 nos programmes de reproduction \u00e0 des fins de conservation pour chaque esp\u00e8ce, nous pourrons rel\u00e2cher plus de grenouilles et de tortues, ce qui devrait accro\u00eetre consid\u00e9rablement les populations \u00e0 l\u2019\u00e9tat sauvage et permettre leur r\u00e9tablissement dans leur aire de r\u00e9partition historique. Dans les ann\u00e9es qui viennent, nous esp\u00e9rons aussi utiliser les techniques employ\u00e9es dans notre programme visant la tortue peinte de l\u2019Ouest pour r\u00e9introduire la tortue de l\u2019Ouest au Canada.<\/p>\n<p>[\/et_pb_tab]<\/p>\n<p>[\/et_pb_tabs][\/et_pb_column][\/et_pb_row][et_pb_row][et_pb_column type=\u00a0\u00bb1_4&Prime;][et_pb_sidebar orientation=\u00a0\u00bbleft\u00a0\u00bb area=\u00a0\u00bbet_pb_widget_area_8&Prime; background_layout=\u00a0\u00bblight\u00a0\u00bb remove_border=\u00a0\u00bboff\u00a0\u00bb disabled=\u00a0\u00bboff\u00a0\u00bb disabled_on=\u00a0\u00bbon||\u00a0\u00bb _builder_version=\u00a0\u00bb3.0.89&Prime; show_border=\u00a0\u00bbon\u00a0\u00bb \/][\/et_pb_column][et_pb_column type=\u00a0\u00bb1_2&Prime;][et_pb_text _builder_version=\u00a0\u00bb3.0.89&Prime; background_color=\u00a0\u00bbrgba(138,163,112,0.25)\u00a0\u00bb background_layout=\u00a0\u00bblight\u00a0\u00bb border_style=\u00a0\u00bbsolid\u00a0\u00bb custom_padding=\u00a0\u00bb20px|20px|20px|20px\u00a0\u00bb border_style_all=\u00a0\u00bbsolid\u00a0\u00bb]<\/p>\n<p><img loading=\"lazy\" decoding=\"async\" class=\"wp-image-10989 size-thumbnail alignleft\" src=\"https:\/\/wildlifepreservation.ca\/fr\/wp-content\/uploads\/2018\/01\/Andrea-Gielens-150x150.jpg\" alt=\"\" width=\"150\" height=\"150\" \/><strong>Andrea Gielens<br \/>\nBiologiste principale<br \/>\n<\/strong><\/p>\n<p>Andrea fait du b\u00e9n\u00e9volat pour aider la faune depuis l\u2019\u00e2ge de 13\u00a0ans. Elle a fait ses d\u00e9buts dans un organisme local qui venait en aide \u00e0 la faune orpheline, en donnant le biberon \u00e0 de jeunes cerfs, ratons laveurs et \u00e9cureuils. Aujourd\u2019hui, elle d\u00e9tient une ma\u00eetrise en \u00e9cologie de l\u2019Universit\u00e9 Royal Roads, ainsi qu\u2019un baccalaur\u00e9at en biologie, avec une sp\u00e9cialisation en zoologie et comportement animal. Elle a travaill\u00e9 dans des zoos au Canada et au Royaume-Uni, d\u2019abord avec les primates et les petits f\u00e9lins, et par la suite avec la grenouille macul\u00e9e de l\u2019Oregon. Elle a \u00e9galement \u00e9tudi\u00e9 les dynamiques de meutes et les comportements sociaux chez les chiens sauvages d\u2019Afrique.<br \/>\nEn 2011, Andrea a travaill\u00e9 pendant un an \u00e0 la section des amphibiens et reptiles \u00e0 la Durrell Wildlife Conservation Trust [fiducie Durrell pour la conservation de la faune], l\u2019organisation s\u0153ur de Conservation de la faune au Canada au Royaume-Uni, \u00e0 Jersey. Entre autres, elle y a appris comment traiter les colonies de conservation atteintes du champignon chytride mortel, lequel d\u00e9cime des populations d\u2019amphibiens partout dans le monde. Andrea coordonne notre projet Wetlands Wildlife en Colombie-Britannique, ainsi que notre travail de r\u00e9tablissement <a href=\"https:\/\/wildlifepreservation.ca\/fr\/le-damier-de-taylor\/\">du papillon damier de Taylo<\/a>r.<\/p>\n<p>[\/et_pb_text][\/et_pb_column][et_pb_column type=\u00a0\u00bb1_4&Prime;][et_pb_image _builder_version=\u00a0\u00bb3.0.89&Prime; src=\u00a0\u00bbhttps:\/\/wildlifepreservation.ca\/fr\/wp-content\/uploads\/2018\/01\/LoyaltyOneLogo_FINAL1.png\u00a0\u00bb show_in_lightbox=\u00a0\u00bboff\u00a0\u00bb url_new_window=\u00a0\u00bboff\u00a0\u00bb use_overlay=\u00a0\u00bboff\u00a0\u00bb always_center_on_mobile=\u00a0\u00bbon\u00a0\u00bb force_fullwidth=\u00a0\u00bboff\u00a0\u00bb show_bottom_space=\u00a0\u00bbon\u00a0\u00bb \/][et_pb_text _builder_version=\u00a0\u00bb3.0.89&Prime; background_layout=\u00a0\u00bblight\u00a0\u00bb use_border_color=\u00a0\u00bbon\u00a0\u00bb border_color=\u00a0\u00bb#c6c6c6&Prime; border_style=\u00a0\u00bbsolid\u00a0\u00bb custom_padding=\u00a0\u00bb18px|18px|18px|18px\u00a0\u00bb header_font_size=\u00a0\u00bb28px\u00a0\u00bb header_line_height=\u00a0\u00bb2em\u00a0\u00bb border_color_all=\u00a0\u00bb#c6c6c6&Prime; border_style_all=\u00a0\u00bbsolid\u00a0\u00bb]<\/p>\n<div class=\"_Ejb\">\n<div id=\"tw-target\">\n<div id=\"tw-target-text-container\" class=\"tw-ta-container tw-nfl\">\n<h4 id=\"tw-target-text\" class=\"tw-data-text tw-ta tw-text-medium\" dir=\"ltr\" data-placeholder=\"Translation\"><span lang=\"fr\">Soutenu par:<\/span><\/h4>\n<ul>\n<li>The Sitka Foundation<\/li>\n<\/ul>\n<\/div>\n<\/div>\n<\/div>\n<p>[\/et_pb_text][et_pb_text _builder_version=\u00a0\u00bb3.0.89&Prime; background_layout=\u00a0\u00bblight\u00a0\u00bb use_border_color=\u00a0\u00bbon\u00a0\u00bb border_color=\u00a0\u00bb#c6c6c6&Prime; border_style=\u00a0\u00bbsolid\u00a0\u00bb custom_padding=\u00a0\u00bb18px|18px|18px|18px\u00a0\u00bb header_font_size=\u00a0\u00bb28px\u00a0\u00bb header_line_height=\u00a0\u00bb2em\u00a0\u00bb border_color_all=\u00a0\u00bb#c6c6c6&Prime; border_style_all=\u00a0\u00bbsolid\u00a0\u00bb]<\/p>\n<div class=\"_Ejb\">\n<div id=\"tw-target\">\n<div id=\"tw-target-text-container\" class=\"tw-ta-container tw-nfl\">\n<h4><span lang=\"fr\">Partenaires du projet<\/span>:<\/h4>\n<\/div>\n<\/div>\n<\/div>\n<ul>\n<li><a href=\"https:\/\/www.bccf.com\/\">B.C. Conservation Foundation<\/a><\/li>\n<li><a href=\"https:\/\/www.env.gov.bc.ca\/\">B.C. Ministry of Environment<\/a><\/li>\n<li><a href=\"https:\/\/www.for.gov.bc.ca\/\">B.C. Ministry of Forests, Lands, and Natural Resources<\/a><\/li>\n<li><a href=\"https:\/\/fraservalleyconservancy.ca\/\">Fraser Valley Conservancy<\/a><\/li>\n<li><a href=\"https:\/\/gvzoo.com\/\">Greater Vancouver Zoo<\/a><\/li>\n<li><a href=\"https:\/\/www.leqamel.ca\/\">Leq\u2019a:mel First Nation<\/a><\/li>\n<li><a href=\"https:\/\/wildlifepreservation.ca\/fraser-valley-wetlands-wildlife\/Lequamel%20and%20Seabird%20Island%20First%20Nations\">Seabird Island First Nation<\/a><\/li>\n<li><a href=\"https:\/\/www.sfu.ca\/\">Simon Fraser University<\/a><\/li>\n<li><a href=\"https:\/\/www.ubc.ca\/\">University of British Columbia<\/a><\/li>\n<li><a href=\"https:\/\/www.ufv.ca\/\">University of the Fraser Valley<\/a><\/li>\n<li><a href=\"https:\/\/www.vanaqua.org\/\">Vancouver Aquarium<\/a><\/li>\n<\/ul>\n<p>[\/et_pb_text][\/et_pb_column][\/et_pb_row][et_pb_row _builder_version=\u00a0\u00bb3.0.69&Prime; background_position_1=\u00a0\u00bbtop_left\u00a0\u00bb background_repeat_1=\u00a0\u00bbno-repeat\u00a0\u00bb background_position_2=\u00a0\u00bbtop_left\u00a0\u00bb background_repeat_2=\u00a0\u00bbno-repeat\u00a0\u00bb background_position_3=\u00a0\u00bbtop_left\u00a0\u00bb background_repeat_3=\u00a0\u00bbno-repeat\u00a0\u00bb background_position_4=\u00a0\u00bbtop_left\u00a0\u00bb background_repeat_4=\u00a0\u00bbno-repeat\u00a0\u00bb custom_padding=\u00a0\u00bb||50px|\u00a0\u00bb][et_pb_column type=\u00a0\u00bb1_4&Prime;][\/et_pb_column][et_pb_column type=\u00a0\u00bb1_4&Prime;][et_pb_divider _builder_version=\u00a0\u00bb3.0.89&Prime; hide_on_mobile=\u00a0\u00bbon\u00a0\u00bb height=\u00a0\u00bb30&Prime; disabled_on=\u00a0\u00bbon\u00a0\u00bb \/][et_pb_text _builder_version=\u00a0\u00bb3.0.89&Prime; background_layout=\u00a0\u00bblight\u00a0\u00bb border_style=\u00a0\u00bbsolid\u00a0\u00bb border_style_all=\u00a0\u00bbsolid\u00a0\u00bb]<\/p>\n<h1>Comment vous pouvez aider:<\/h1>\n<p>[\/et_pb_text][\/et_pb_column][et_pb_column type=\u00a0\u00bb1_4&Prime;][et_pb_cta _builder_version=\u00a0\u00bb3.0.89&Prime; button_text=\u00a0\u00bbFAITES UN DON\u00a0\u00bb button_url=\u00a0\u00bbhttps:\/\/wildlifepreservation.ca\/fr\/pour-faire-un-don\/pour-faire-un-don\/faites-un-don\/\u00a0\u00bb url_new_window=\u00a0\u00bboff\u00a0\u00bb use_background_color=\u00a0\u00bboff\u00a0\u00bb background_layout=\u00a0\u00bbdark\u00a0\u00bb border_style=\u00a0\u00bbsolid\u00a0\u00bb custom_button=\u00a0\u00bbon\u00a0\u00bb button_icon_placement=\u00a0\u00bbright\u00a0\u00bb background_color=\u00a0\u00bbrgba(138,163,112,0.5)\u00a0\u00bb button_bg_color=\u00a0\u00bb#f4a83b\u00a0\u00bb button_bg_color_hover=\u00a0\u00bbrgba(244,168,59,0.75)\u00a0\u00bb text_orientation=\u00a0\u00bbleft\u00a0\u00bb border_style_all=\u00a0\u00bbsolid\u00a0\u00bb \/][\/et_pb_column][et_pb_column type=\u00a0\u00bb1_4&Prime;][et_pb_cta _builder_version=\u00a0\u00bb3.0.89&Prime; button_text=\u00a0\u00bbCONSULTEZ NOTRE BLOG (en anglais)\u00a0\u00bb button_url=\u00a0\u00bbhttps:\/\/wildlifepreservation.ca\/blog\/\u00a0\u00bb url_new_window=\u00a0\u00bbon\u00a0\u00bb use_background_color=\u00a0\u00bboff\u00a0\u00bb background_layout=\u00a0\u00bbdark\u00a0\u00bb border_style=\u00a0\u00bbsolid\u00a0\u00bb custom_button=\u00a0\u00bbon\u00a0\u00bb button_icon_placement=\u00a0\u00bbright\u00a0\u00bb button_bg_color=\u00a0\u00bbrgba(46,46,46,0.8)\u00a0\u00bb button_bg_color_hover=\u00a0\u00bbrgba(46,46,46,0.5)\u00a0\u00bb text_orientation=\u00a0\u00bbleft\u00a0\u00bb \/][\/et_pb_column][\/et_pb_row][\/et_pb_section]<\/p>\n","protected":false},"excerpt":{"rendered":"<p>[et_pb_section bb_built=\u00a0\u00bb1&Prime; admin_label=\u00a0\u00bbsection\u00a0\u00bb][et_pb_row parallax_method=\u00a0\u00bboff\u00a0\u00bb parallax_method_1=\u00a0\u00bboff\u00a0\u00bb parallax_method_2=\u00a0\u00bboff\u00a0\u00bb column_padding_mobile=\u00a0\u00bbon\u00a0\u00bb custom_padding=\u00a0\u00bb||0px|\u00a0\u00bb background_position=\u00a0\u00bbtop_left\u00a0\u00bb background_repeat=\u00a0\u00bbrepeat\u00a0\u00bb background_size=\u00a0\u00bbinitial\u00a0\u00bb _builder_version=\u00a0\u00bb3.0.69&Prime; background_position_1=\u00a0\u00bbtop_left\u00a0\u00bb background_repeat_1=\u00a0\u00bbno-repeat\u00a0\u00bb background_position_2=\u00a0\u00bbtop_left\u00a0\u00bb background_repeat_2=\u00a0\u00bbno-repeat\u00a0\u00bb][et_pb_column type=\u00a0\u00bb1_4&Prime;][et_pb_sidebar orientation=\u00a0\u00bbleft\u00a0\u00bb area=\u00a0\u00bbet_pb_widget_area_11&Prime; background_layout=\u00a0\u00bblight\u00a0\u00bb remove_border=\u00a0\u00bboff\u00a0\u00bb disabled=\u00a0\u00bboff\u00a0\u00bb disabled_on=\u00a0\u00bbon||\u00a0\u00bb header_line_height=\u00a0\u00bb1.2em\u00a0\u00bb _builder_version=\u00a0\u00bb3.0.89&Prime; show_border=\u00a0\u00bbon\u00a0\u00bb \/][\/et_pb_column][et_pb_column type=\u00a0\u00bb3_4&Prime;][et_pb_image src=\u00a0\u00bbhttps:\/\/wildlifepreservation.ca\/fr\/wp-content\/uploads\/2018\/01\/western-painted-turtle-wc.jpg\u00a0\u00bb show_in_lightbox=\u00a0\u00bboff\u00a0\u00bb url_new_window=\u00a0\u00bboff\u00a0\u00bb use_overlay=\u00a0\u00bboff\u00a0\u00bb sticky=\u00a0\u00bbon\u00a0\u00bb align=\u00a0\u00bbleft\u00a0\u00bb force_fullwidth=\u00a0\u00bboff\u00a0\u00bb always_center_on_mobile=\u00a0\u00bbon\u00a0\u00bb border_style=\u00a0\u00bbsolid\u00a0\u00bb _builder_version=\u00a0\u00bb3.0.89&Prime; custom_margin=\u00a0\u00bb||25px|\u00a0\u00bb show_bottom_space=\u00a0\u00bbon\u00a0\u00bb border_style_all=\u00a0\u00bbsolid\u00a0\u00bb \/][et_pb_text _builder_version=\u00a0\u00bb3.0.89&Prime; background_layout=\u00a0\u00bblight\u00a0\u00bb border_style=\u00a0\u00bbsolid\u00a0\u00bb border_style_all=\u00a0\u00bbsolid\u00a0\u00bb] Faune des milieux humides de la vall\u00e9e du Fraser [&hellip;]<\/p>\n","protected":false},"author":2,"featured_media":0,"parent":0,"menu_order":0,"comment_status":"closed","ping_status":"closed","template":"","meta":{"inline_featured_image":false,"_mc_calendar":[],"footnotes":""},"class_list":["post-10987","page","type-page","status-publish","hentry"],"yoast_head":"<!-- This site is optimized with the Yoast SEO plugin v26.1.1 - https:\/\/yoast.com\/wordpress\/plugins\/seo\/ -->\n<title>Faune des milieux humides de la vall\u00e9e du Fraser - Conservation de la Faune au Canada<\/title>\n<meta name=\"robots\" content=\"index, follow, max-snippet:-1, max-image-preview:large, max-video-preview:-1\" \/>\n<link rel=\"canonical\" href=\"https:\/\/wildlifepreservation.ca\/fr\/faune-des-milieux-humides-de-la-vallee-du-fraser\/\" \/>\n<meta property=\"og:locale\" content=\"fr_CA\" \/>\n<meta property=\"og:type\" content=\"article\" \/>\n<meta property=\"og:title\" content=\"Faune des milieux humides de la vall\u00e9e du Fraser - Conservation de la Faune au Canada\" \/>\n<meta property=\"og:description\" content=\"[et_pb_section bb_built=\u00a0\u00bb1&Prime; admin_label=\u00a0\u00bbsection\u00a0\u00bb][et_pb_row parallax_method=\u00a0\u00bboff\u00a0\u00bb parallax_method_1=\u00a0\u00bboff\u00a0\u00bb parallax_method_2=\u00a0\u00bboff\u00a0\u00bb column_padding_mobile=\u00a0\u00bbon\u00a0\u00bb custom_padding=\u00a0\u00bb||0px|\u00a0\u00bb background_position=\u00a0\u00bbtop_left\u00a0\u00bb background_repeat=\u00a0\u00bbrepeat\u00a0\u00bb background_size=\u00a0\u00bbinitial\u00a0\u00bb _builder_version=\u00a0\u00bb3.0.69&Prime; background_position_1=\u00a0\u00bbtop_left\u00a0\u00bb background_repeat_1=\u00a0\u00bbno-repeat\u00a0\u00bb background_position_2=\u00a0\u00bbtop_left\u00a0\u00bb background_repeat_2=\u00a0\u00bbno-repeat\u00a0\u00bb][et_pb_column type=\u00a0\u00bb1_4&Prime;][et_pb_sidebar orientation=\u00a0\u00bbleft\u00a0\u00bb area=\u00a0\u00bbet_pb_widget_area_11&Prime; background_layout=\u00a0\u00bblight\u00a0\u00bb remove_border=\u00a0\u00bboff\u00a0\u00bb disabled=\u00a0\u00bboff\u00a0\u00bb disabled_on=\u00a0\u00bbon||\u00a0\u00bb header_line_height=\u00a0\u00bb1.2em\u00a0\u00bb _builder_version=\u00a0\u00bb3.0.89&Prime; show_border=\u00a0\u00bbon\u00a0\u00bb \/][\/et_pb_column][et_pb_column type=\u00a0\u00bb3_4&Prime;][et_pb_image src=\u00a0\u00bbhttps:\/\/wildlifepreservation.ca\/fr\/wp-content\/uploads\/2018\/01\/western-painted-turtle-wc.jpg\u00a0\u00bb show_in_lightbox=\u00a0\u00bboff\u00a0\u00bb url_new_window=\u00a0\u00bboff\u00a0\u00bb use_overlay=\u00a0\u00bboff\u00a0\u00bb sticky=\u00a0\u00bbon\u00a0\u00bb align=\u00a0\u00bbleft\u00a0\u00bb force_fullwidth=\u00a0\u00bboff\u00a0\u00bb always_center_on_mobile=\u00a0\u00bbon\u00a0\u00bb border_style=\u00a0\u00bbsolid\u00a0\u00bb _builder_version=\u00a0\u00bb3.0.89&Prime; custom_margin=\u00a0\u00bb||25px|\u00a0\u00bb show_bottom_space=\u00a0\u00bbon\u00a0\u00bb border_style_all=\u00a0\u00bbsolid\u00a0\u00bb \/][et_pb_text _builder_version=\u00a0\u00bb3.0.89&Prime; background_layout=\u00a0\u00bblight\u00a0\u00bb border_style=\u00a0\u00bbsolid\u00a0\u00bb border_style_all=\u00a0\u00bbsolid\u00a0\u00bb] Faune des milieux humides de la vall\u00e9e du Fraser [&hellip;]\" \/>\n<meta property=\"og:url\" content=\"https:\/\/wildlifepreservation.ca\/fr\/faune-des-milieux-humides-de-la-vallee-du-fraser\/\" \/>\n<meta property=\"og:site_name\" content=\"Conservation de la Faune au Canada\" \/>\n<meta property=\"article:modified_time\" content=\"2018-02-07T18:22:49+00:00\" \/>\n<meta property=\"og:image\" content=\"https:\/\/wildlifepreservation.ca\/fr\/wp-content\/uploads\/2018\/01\/Andrea-Gielens-150x150.jpg\" \/>\n<meta name=\"twitter:card\" content=\"summary_large_image\" \/>\n<meta name=\"twitter:label1\" content=\"Estimation du temps de lecture\" \/>\n\t<meta name=\"twitter:data1\" content=\"10 minutes\" \/>\n<script type=\"application\/ld+json\" class=\"yoast-schema-graph\">{\"@context\":\"https:\/\/schema.org\",\"@graph\":[{\"@type\":\"WebPage\",\"@id\":\"https:\/\/wildlifepreservation.ca\/fr\/faune-des-milieux-humides-de-la-vallee-du-fraser\/\",\"url\":\"https:\/\/wildlifepreservation.ca\/fr\/faune-des-milieux-humides-de-la-vallee-du-fraser\/\",\"name\":\"Faune des milieux humides de la vall\u00e9e du Fraser - Conservation de la Faune au Canada\",\"isPartOf\":{\"@id\":\"https:\/\/wildlifepreservation.ca\/fr\/#website\"},\"primaryImageOfPage\":{\"@id\":\"https:\/\/wildlifepreservation.ca\/fr\/faune-des-milieux-humides-de-la-vallee-du-fraser\/#primaryimage\"},\"image\":{\"@id\":\"https:\/\/wildlifepreservation.ca\/fr\/faune-des-milieux-humides-de-la-vallee-du-fraser\/#primaryimage\"},\"thumbnailUrl\":\"https:\/\/wildlifepreservation.ca\/fr\/wp-content\/uploads\/2018\/01\/Andrea-Gielens-150x150.jpg\",\"datePublished\":\"2018-01-24T18:23:17+00:00\",\"dateModified\":\"2018-02-07T18:22:49+00:00\",\"inLanguage\":\"fr-CA\",\"potentialAction\":[{\"@type\":\"ReadAction\",\"target\":[\"https:\/\/wildlifepreservation.ca\/fr\/faune-des-milieux-humides-de-la-vallee-du-fraser\/\"]}]},{\"@type\":\"ImageObject\",\"inLanguage\":\"fr-CA\",\"@id\":\"https:\/\/wildlifepreservation.ca\/fr\/faune-des-milieux-humides-de-la-vallee-du-fraser\/#primaryimage\",\"url\":\"https:\/\/wildlifepreservation.ca\/fr\/wp-content\/uploads\/2018\/01\/Andrea-Gielens-150x150.jpg\",\"contentUrl\":\"https:\/\/wildlifepreservation.ca\/fr\/wp-content\/uploads\/2018\/01\/Andrea-Gielens-150x150.jpg\"},{\"@type\":\"WebSite\",\"@id\":\"https:\/\/wildlifepreservation.ca\/fr\/#website\",\"url\":\"https:\/\/wildlifepreservation.ca\/fr\/\",\"name\":\"Conservation de la Faune au Canada\",\"description\":\"Le programme canadien de soins intensifs pour les esp\u00e8ces en p\u00e9ril, depuis 1985\",\"potentialAction\":[{\"@type\":\"SearchAction\",\"target\":{\"@type\":\"EntryPoint\",\"urlTemplate\":\"https:\/\/wildlifepreservation.ca\/fr\/?s={search_term_string}\"},\"query-input\":{\"@type\":\"PropertyValueSpecification\",\"valueRequired\":true,\"valueName\":\"search_term_string\"}}],\"inLanguage\":\"fr-CA\"}]}<\/script>\n<!-- \/ Yoast SEO plugin. -->","yoast_head_json":{"title":"Faune des milieux humides de la vall\u00e9e du Fraser - Conservation de la Faune au Canada","robots":{"index":"index","follow":"follow","max-snippet":"max-snippet:-1","max-image-preview":"max-image-preview:large","max-video-preview":"max-video-preview:-1"},"canonical":"https:\/\/wildlifepreservation.ca\/fr\/faune-des-milieux-humides-de-la-vallee-du-fraser\/","og_locale":"fr_CA","og_type":"article","og_title":"Faune des milieux humides de la vall\u00e9e du Fraser - Conservation de la Faune au Canada","og_description":"[et_pb_section bb_built=\u00a0\u00bb1&Prime; admin_label=\u00a0\u00bbsection\u00a0\u00bb][et_pb_row parallax_method=\u00a0\u00bboff\u00a0\u00bb parallax_method_1=\u00a0\u00bboff\u00a0\u00bb parallax_method_2=\u00a0\u00bboff\u00a0\u00bb column_padding_mobile=\u00a0\u00bbon\u00a0\u00bb custom_padding=\u00a0\u00bb||0px|\u00a0\u00bb background_position=\u00a0\u00bbtop_left\u00a0\u00bb background_repeat=\u00a0\u00bbrepeat\u00a0\u00bb background_size=\u00a0\u00bbinitial\u00a0\u00bb _builder_version=\u00a0\u00bb3.0.69&Prime; background_position_1=\u00a0\u00bbtop_left\u00a0\u00bb background_repeat_1=\u00a0\u00bbno-repeat\u00a0\u00bb background_position_2=\u00a0\u00bbtop_left\u00a0\u00bb background_repeat_2=\u00a0\u00bbno-repeat\u00a0\u00bb][et_pb_column type=\u00a0\u00bb1_4&Prime;][et_pb_sidebar orientation=\u00a0\u00bbleft\u00a0\u00bb area=\u00a0\u00bbet_pb_widget_area_11&Prime; background_layout=\u00a0\u00bblight\u00a0\u00bb remove_border=\u00a0\u00bboff\u00a0\u00bb disabled=\u00a0\u00bboff\u00a0\u00bb disabled_on=\u00a0\u00bbon||\u00a0\u00bb header_line_height=\u00a0\u00bb1.2em\u00a0\u00bb _builder_version=\u00a0\u00bb3.0.89&Prime; show_border=\u00a0\u00bbon\u00a0\u00bb \/][\/et_pb_column][et_pb_column type=\u00a0\u00bb3_4&Prime;][et_pb_image src=\u00a0\u00bbhttps:\/\/wildlifepreservation.ca\/fr\/wp-content\/uploads\/2018\/01\/western-painted-turtle-wc.jpg\u00a0\u00bb show_in_lightbox=\u00a0\u00bboff\u00a0\u00bb url_new_window=\u00a0\u00bboff\u00a0\u00bb use_overlay=\u00a0\u00bboff\u00a0\u00bb sticky=\u00a0\u00bbon\u00a0\u00bb align=\u00a0\u00bbleft\u00a0\u00bb force_fullwidth=\u00a0\u00bboff\u00a0\u00bb always_center_on_mobile=\u00a0\u00bbon\u00a0\u00bb border_style=\u00a0\u00bbsolid\u00a0\u00bb _builder_version=\u00a0\u00bb3.0.89&Prime; custom_margin=\u00a0\u00bb||25px|\u00a0\u00bb show_bottom_space=\u00a0\u00bbon\u00a0\u00bb border_style_all=\u00a0\u00bbsolid\u00a0\u00bb \/][et_pb_text _builder_version=\u00a0\u00bb3.0.89&Prime; background_layout=\u00a0\u00bblight\u00a0\u00bb border_style=\u00a0\u00bbsolid\u00a0\u00bb border_style_all=\u00a0\u00bbsolid\u00a0\u00bb] Faune des milieux humides de la vall\u00e9e du Fraser [&hellip;]","og_url":"https:\/\/wildlifepreservation.ca\/fr\/faune-des-milieux-humides-de-la-vallee-du-fraser\/","og_site_name":"Conservation de la Faune au Canada","article_modified_time":"2018-02-07T18:22:49+00:00","og_image":[{"url":"https:\/\/wildlifepreservation.ca\/fr\/wp-content\/uploads\/2018\/01\/Andrea-Gielens-150x150.jpg","type":"","width":"","height":""}],"twitter_card":"summary_large_image","twitter_misc":{"Estimation du temps de lecture":"10 minutes"},"schema":{"@context":"https:\/\/schema.org","@graph":[{"@type":"WebPage","@id":"https:\/\/wildlifepreservation.ca\/fr\/faune-des-milieux-humides-de-la-vallee-du-fraser\/","url":"https:\/\/wildlifepreservation.ca\/fr\/faune-des-milieux-humides-de-la-vallee-du-fraser\/","name":"Faune des milieux humides de la vall\u00e9e du Fraser - Conservation de la Faune au Canada","isPartOf":{"@id":"https:\/\/wildlifepreservation.ca\/fr\/#website"},"primaryImageOfPage":{"@id":"https:\/\/wildlifepreservation.ca\/fr\/faune-des-milieux-humides-de-la-vallee-du-fraser\/#primaryimage"},"image":{"@id":"https:\/\/wildlifepreservation.ca\/fr\/faune-des-milieux-humides-de-la-vallee-du-fraser\/#primaryimage"},"thumbnailUrl":"https:\/\/wildlifepreservation.ca\/fr\/wp-content\/uploads\/2018\/01\/Andrea-Gielens-150x150.jpg","datePublished":"2018-01-24T18:23:17+00:00","dateModified":"2018-02-07T18:22:49+00:00","inLanguage":"fr-CA","potentialAction":[{"@type":"ReadAction","target":["https:\/\/wildlifepreservation.ca\/fr\/faune-des-milieux-humides-de-la-vallee-du-fraser\/"]}]},{"@type":"ImageObject","inLanguage":"fr-CA","@id":"https:\/\/wildlifepreservation.ca\/fr\/faune-des-milieux-humides-de-la-vallee-du-fraser\/#primaryimage","url":"https:\/\/wildlifepreservation.ca\/fr\/wp-content\/uploads\/2018\/01\/Andrea-Gielens-150x150.jpg","contentUrl":"https:\/\/wildlifepreservation.ca\/fr\/wp-content\/uploads\/2018\/01\/Andrea-Gielens-150x150.jpg"},{"@type":"WebSite","@id":"https:\/\/wildlifepreservation.ca\/fr\/#website","url":"https:\/\/wildlifepreservation.ca\/fr\/","name":"Conservation de la Faune au Canada","description":"Le programme canadien de soins intensifs pour les esp\u00e8ces en p\u00e9ril, depuis 1985","potentialAction":[{"@type":"SearchAction","target":{"@type":"EntryPoint","urlTemplate":"https:\/\/wildlifepreservation.ca\/fr\/?s={search_term_string}"},"query-input":{"@type":"PropertyValueSpecification","valueRequired":true,"valueName":"search_term_string"}}],"inLanguage":"fr-CA"}]}},"_links":{"self":[{"href":"https:\/\/wildlifepreservation.ca\/fr\/wp-json\/wp\/v2\/pages\/10987","targetHints":{"allow":["GET"]}}],"collection":[{"href":"https:\/\/wildlifepreservation.ca\/fr\/wp-json\/wp\/v2\/pages"}],"about":[{"href":"https:\/\/wildlifepreservation.ca\/fr\/wp-json\/wp\/v2\/types\/page"}],"author":[{"embeddable":true,"href":"https:\/\/wildlifepreservation.ca\/fr\/wp-json\/wp\/v2\/users\/2"}],"replies":[{"embeddable":true,"href":"https:\/\/wildlifepreservation.ca\/fr\/wp-json\/wp\/v2\/comments?post=10987"}],"version-history":[{"count":3,"href":"https:\/\/wildlifepreservation.ca\/fr\/wp-json\/wp\/v2\/pages\/10987\/revisions"}],"predecessor-version":[{"id":11014,"href":"https:\/\/wildlifepreservation.ca\/fr\/wp-json\/wp\/v2\/pages\/10987\/revisions\/11014"}],"wp:attachment":[{"href":"https:\/\/wildlifepreservation.ca\/fr\/wp-json\/wp\/v2\/media?parent=10987"}],"curies":[{"name":"wp","href":"https:\/\/api.w.org\/{rel}","templated":true}]}}