{"id":24,"date":"2011-07-19T16:32:33","date_gmt":"2011-07-19T21:32:33","guid":{"rendered":"https:\/\/wildlifepreservation.ca\/?page_id=8"},"modified":"2026-08-21T09:05:34","modified_gmt":"2026-08-21T14:05:34","slug":"canadasnewnoahs","status":"publish","type":"page","link":"https:\/\/wildlifepreservation.ca\/fr\/canadasnewnoahs\/","title":{"rendered":"Canada&#8217;s New Noah"},"content":{"rendered":"<style type=\"text\/css\" data-created_by=\"avia_inline_auto\" id=\"style-css-av-lcjo31w3-283270c745bca09631f02c2c89936266\">\n.avia-section.av-lcjo31w3-283270c745bca09631f02c2c89936266{\nbackground-repeat:no-repeat;\nbackground-image:url(https:\/\/wildlifepreservation.ca\/wp-content\/uploads\/2023\/08\/New-website-header-photo-6.png);\nbackground-position:50% 0%;\nbackground-attachment:scroll;\n}\n.avia-section.av-lcjo31w3-283270c745bca09631f02c2c89936266 .av-section-color-overlay{\nopacity:0.3;\nbackground-color:#000000;\n}\n<\/style>\n<div id='noah-banner'  class='avia-section av-lcjo31w3-283270c745bca09631f02c2c89936266 main_color avia-section-default avia-no-border-styling  avia-builder-el-0  el_before_av_section  avia-builder-el-first  small-inner-banner avia-full-stretch avia-bg-style-scroll av-section-color-overlay-active av-minimum-height av-minimum-height-custom av-height-custom  container_wrap fullsize'  data-section-bg-repeat='stretch' data-av_minimum_height_px='550'><div class=\"av-section-color-overlay-wrap\"><div class=\"av-section-color-overlay\"><\/div><div class='container av-section-cont-open' style='height:550px'><main  role=\"main\" itemprop=\"mainContentOfPage\"  class='template-page content  av-content-full alpha units'><div class='post-entry post-entry-type-page post-entry-24'><div class='entry-content-wrapper clearfix'>\n<\/div><\/div><\/main><!-- close content main element --><\/div><\/div><\/div><div id='noah-inner-content'  class='avia-section av-7c7wg-b6b54a3d4c661f8ac06a42833b8e04d9 main_color avia-section-default avia-no-border-styling  avia-builder-el-1  el_after_av_section  el_before_av_section  species-inner-content-intro-wrapper avia-bg-style-scroll container_wrap fullsize'  ><div class='container av-section-cont-open' ><div class='template-page content  av-content-full alpha units'><div class='post-entry post-entry-type-page post-entry-24'><div class='entry-content-wrapper clearfix'>\n\n<style type=\"text\/css\" data-created_by=\"avia_inline_auto\" id=\"style-css-av-qvzw-041b55080b1686c2ecdfbe1db63dd6b3\">\n.flex_column.av-qvzw-041b55080b1686c2ecdfbe1db63dd6b3{\npadding:0 0 0 0;\n}\n\n@media only screen and (max-width: 479px){ \n.flex_column.av-qvzw-041b55080b1686c2ecdfbe1db63dd6b3{\npadding:0 30px 0 30px;\n}\n}\n<\/style>\n<div  class='flex_column av-qvzw-041b55080b1686c2ecdfbe1db63dd6b3 av_one_full  avia-builder-el-2  el_before_av_one_full  avia-builder-el-first  first flex_column_div'     ><\/div><div  class='flex_column av-p874-4ef4753a9ae35e35bece91d6106d17b1 av_one_full  avia-builder-el-3  el_after_av_one_full  el_before_av_image_hotspot  avia-builder-el-last  first flex_column_div  column-top-margin'     ><section  class='av_textblock_section av-lex1cc6x-4ff4bffdf6290c7619f7b1d34c569f0a'   itemscope=\"itemscope\" itemtype=\"https:\/\/schema.org\/CreativeWork\" ><div class='avia_textblock'  itemprop=\"text\" ><h3 style=\"text-align: center;\">ES-TU LE PROCHAIN NO\u00c9 DU CANADA ?<\/h3>\n<\/div><\/section><br \/>\n\n<style type=\"text\/css\" data-created_by=\"avia_inline_auto\" id=\"style-css-av-phdo-cf48d220b1431a0155179d151e7d7241\">\n#top .hr.hr-invisible.av-phdo-cf48d220b1431a0155179d151e7d7241{\nheight:50px;\n}\n<\/style>\n<div  class='hr av-phdo-cf48d220b1431a0155179d151e7d7241 hr-invisible  avia-builder-el-5  el_after_av_textblock  el_before_av_video'><span class='hr-inner'><span class=\"hr-inner-style\"><\/span><\/span><\/div><br \/>\n<div  class='avia-video av-llzij6t4-dcfa6d0d31b5f2474c4ac90c9b72bb2d avia-video-16-9 av-html5-fullscreen-btn av-no-preview-image avia-video-load-always av-lazyload-immediate av-lazyload-video-embed'  itemprop=\"video\" itemtype=\"https:\/\/schema.org\/VideoObject\"  data-original_url='https:\/\/youtu.be\/TrpMD3-I5gc'><script type='text\/html' class='av-video-tmpl'><div class='avia-iframe-wrap'><iframe loading=\"lazy\" title=\"Canada&#039;s New Noah\" width=\"1500\" height=\"844\" src=\"https:\/\/www.youtube.com\/embed\/TrpMD3-I5gc?feature=oembed&autoplay=1&loop=0&controls=1&mute=1\" frameborder=\"0\" allow=\"accelerometer; autoplay; clipboard-write; encrypted-media; gyroscope; picture-in-picture; web-share\" referrerpolicy=\"strict-origin-when-cross-origin\" allowfullscreen><\/iframe><\/div><\/script><div class='av-click-to-play-overlay'><div class=\"avia_playpause_icon\"><\/div><\/div><\/div><br \/>\n\n<style type=\"text\/css\" data-created_by=\"avia_inline_auto\" id=\"style-css-av-llzik1zk-3e21e8ab7ca1ba065d9499c15b26c484\">\n#top .hr.hr-invisible.av-llzik1zk-3e21e8ab7ca1ba065d9499c15b26c484{\nheight:50px;\n}\n<\/style>\n<div  class='hr av-llzik1zk-3e21e8ab7ca1ba065d9499c15b26c484 hr-invisible  avia-builder-el-7  el_after_av_video  el_before_av_textblock'><span class='hr-inner'><span class=\"hr-inner-style\"><\/span><\/span><\/div><br \/>\n<section  class='av_textblock_section av-lcjoackr-ffabcb303d02abd827a8cf03a8ae9cfc'   itemscope=\"itemscope\" itemtype=\"https:\/\/schema.org\/CreativeWork\" ><div class='avia_textblock'  itemprop=\"text\" ><h3>Prochain No\u00e9 du Canada<\/h3>\n<p><strong>Depuis 1988, le programme du Prochain No\u00e9 du Canada offre \u00e0 de jeunes biologistes canadiens une opportunit\u00e9 unique. Chaque ann\u00e9e, Conservation de la faune au Canada s\u00e9lectionne un dipl\u00f4m\u00e9 postsecondaire parmi des dizaines de candidats de partout au Canada pour occuper ce poste prestigieux sur l\u2019\u00cele Maurice, dans l\u2019ouest de l\u2019Oc\u00e9an Indien.<\/strong><\/p>\n<p>L'exp\u00e9rience compl\u00e8te comprend les d\u00e9placements, le logement et la formation n\u00e9cessaires pour permettre au prochain No\u00e9 de participer au <a href=\"https:\/\/training.durrell.org\/course\/view.php?id=23\">Certificat d'\u00e9tudes sup\u00e9rieures en gestion des esp\u00e8ces en voie de disparition Durrell (DESMAN)<\/a> comprenant 12 semaines de th\u00e9orie intensive \u00e0 la Durrell Conservation Academy sur l'\u00eele de Jersey au Royaume-Uni. Cela est suivi de 6 mois d'exp\u00e9rience pratique aupr\u00e8s d'\u00e9quipes de conservation des esp\u00e8ces et des habitats qui sauvegardent des esp\u00e8ces sur l'\u00cele Maurice et ses \u00eeles environnantes.<\/p>\n<\/div><\/section><br \/>\n\n<style type=\"text\/css\" data-created_by=\"avia_inline_auto\" id=\"style-css-av-1li04-a4998d743431526d294eb4a1cb5fa1b2\">\n#top .hr.hr-invisible.av-1li04-a4998d743431526d294eb4a1cb5fa1b2{\nheight:50px;\n}\n<\/style>\n<div  class='hr av-1li04-a4998d743431526d294eb4a1cb5fa1b2 hr-invisible  avia-builder-el-9  el_after_av_textblock  el_before_av_button'><span class='hr-inner'><span class=\"hr-inner-style\"><\/span><\/span><\/div><br \/>\n<div  class='avia-button-wrap av-mt30d4cr-26d48c2d92f28e86ed31ceb279ebe9f1-wrap avia-button-left  avia-builder-el-10  el_after_av_hr  el_before_av_hr'>\n<style type=\"text\/css\" data-created_by=\"avia_inline_auto\" id=\"style-css-av-mt30d4cr-26d48c2d92f28e86ed31ceb279ebe9f1\">\n#top #wrap_all .avia-button.av-mt30d4cr-26d48c2d92f28e86ed31ceb279ebe9f1:hover{\ncolor:white;\ntransition:all 0.4s ease-in-out;\n}\n#top #wrap_all .avia-button.av-mt30d4cr-26d48c2d92f28e86ed31ceb279ebe9f1:hover .avia-svg-icon svg:first-child{\nfill:white;\nstroke:white;\n}\n<\/style>\n<a href='https:\/\/wildlifepreservation.ca\/fr\/mauritian-species\/'  class='avia-button av-mt30d4cr-26d48c2d92f28e86ed31ceb279ebe9f1 av-link-btn avia-icon_select-no avia-size-small avia-position-left avia-color-theme-color avia-font-color-theme-color'   aria-label=\"Voir les esp\u00e8ces mauriciennes\"><span class='avia_iconbox_title' >Voir les esp\u00e8ces mauriciennes<\/span><span class='avia_button_background avia-button avia-color-theme-color' ><\/span><\/a><\/div><br \/>\n\n<style type=\"text\/css\" data-created_by=\"avia_inline_auto\" id=\"style-css-av-38x0-8c1d4f9cd2efc6211ad804bf706ca623\">\n#top .hr.hr-invisible.av-38x0-8c1d4f9cd2efc6211ad804bf706ca623{\nheight:50px;\n}\n<\/style>\n<div  class='hr av-38x0-8c1d4f9cd2efc6211ad804bf706ca623 hr-invisible  avia-builder-el-11  el_after_av_button  avia-builder-el-last'><span class='hr-inner'><span class=\"hr-inner-style\"><\/span><\/span><\/div><\/p><\/div>\n<style type=\"text\/css\" data-created_by=\"avia_inline_auto\" id=\"style-css-sub-av-llxy9le0-af9240e63805b07b693383e0e1a1d288\">\n.av-hotspot-image-container .av-image-hotspot.av-llxygrau-4645f0359fdf7606290997554918d6dd{\ntop:13.2%;\nleft:39.7%;\n}\n.av-hotspot-image-container .av-image-hotspot.av-llxygrau-4645f0359fdf7606290997554918d6dd .av-image-hotspot_inner{\nbackground-color:#50863d;\ncolor:#888888;\n}\n.av-hotspot-image-container .av-image-hotspot.av-llxygrau-4645f0359fdf7606290997554918d6dd .av-image-hotspot-pulse{\nbackground-color:#000000;\n}\n.av-hotspot-image-container .av-image-hotspot.av-llxz7zzu-f50a511b781768bb2e83488e973c326e{\ntop:26.5%;\nleft:53.1%;\n}\n.av-hotspot-image-container .av-image-hotspot.av-llxz7zzu-f50a511b781768bb2e83488e973c326e .av-image-hotspot_inner{\nbackground-color:#50863d;\ncolor:#888888;\n}\n.av-hotspot-image-container .av-image-hotspot.av-llxz7zzu-f50a511b781768bb2e83488e973c326e .av-image-hotspot-pulse{\nbackground-color:#000000;\n}\n.av-hotspot-image-container .av-image-hotspot.av-llxzal7o-b25f7ab154ed67a140ae87a135decb7c{\ntop:90.1%;\nleft:66.9%;\n}\n.av-hotspot-image-container .av-image-hotspot.av-llxzal7o-b25f7ab154ed67a140ae87a135decb7c .av-image-hotspot_inner{\nbackground-color:#50863d;\ncolor:#888888;\n}\n.av-hotspot-image-container .av-image-hotspot.av-llxzal7o-b25f7ab154ed67a140ae87a135decb7c .av-image-hotspot-pulse{\nbackground-color:#000000;\n}\n<\/style>\n<div  class='av-hotspot-image-container av-llxy9le0-af9240e63805b07b693383e0e1a1d288  avia-builder-el-12  el_after_av_one_full  el_before_av_hr  av-hotspot-blank av-close-on-click-tooltip avia_animated_image avia_animate_when_almost_visible pop-up  av-non-fullwidth-hotspot-image'  itemprop=\"image\" itemscope=\"itemscope\" itemtype=\"https:\/\/schema.org\/ImageObject\" ><div class='av-hotspot-container'><div class='av-hotspot-container-inner-cell'><div class='av-hotspot-container-inner-wrap'><div class='av-image-hotspot av-llxygrau-4645f0359fdf7606290997554918d6dd av-image-hotspot-1 av-close-on-click-tooltip' data-avia-tooltip-position='bottom' data-avia-tooltip-alignment='centered' data-avia-tooltip-class='av-tt-large-width av-tt-pos-below av-tt-align-centered  av-close-on-click-tooltip-single  main_color av-tt-hotspot' data-avia-tooltip='&lt;p&gt;Leaving Canada, the New Noah will pursue a Graduate certificate in Endangered Species Management at the Durrell Conservation Academy (DESMAN), validated by the University of Kent.&lt;\/p&gt;'><div class='av-image-hotspot_inner'>1<\/div><div class='av-image-hotspot-pulse'><\/div><\/div><div class='av-image-hotspot av-llxz7zzu-f50a511b781768bb2e83488e973c326e av-image-hotspot-2 av-close-on-click-tooltip' data-avia-tooltip-position='bottom' data-avia-tooltip-alignment='left' data-avia-tooltip-class='av-tt-large-width av-tt-pos-below av-tt-align-left  av-close-on-click-tooltip-single  main_color av-tt-hotspot' data-avia-tooltip='&lt;p&gt;This coveted, working internship will equip them with the skills they need to contribute to the next generation of Canadian conservation. The New Noah can expect to learn about &lt;strong&gt;conservation planning&lt;\/strong&gt;, &lt;strong&gt;population biology &amp; monitoring techniques&lt;\/strong&gt;, &lt;strong&gt;field sample collection&lt;\/strong&gt;, &lt;strong&gt;GIS skills&lt;\/strong&gt; and even have the opportunity to &lt;strong&gt;work with Durrell&#8217;s animal and veterinary departments&lt;\/strong&gt;.&lt;\/p&gt;'><div class='av-image-hotspot_inner'>2<\/div><div class='av-image-hotspot-pulse'><\/div><\/div><div class='av-image-hotspot av-llxzal7o-b25f7ab154ed67a140ae87a135decb7c av-image-hotspot-3 av-close-on-click-tooltip' data-avia-tooltip-position='top' data-avia-tooltip-alignment='left' data-avia-tooltip-class='av-tt-large-width av-tt-pos-above av-tt-align-left  av-close-on-click-tooltip-single  main_color av-tt-hotspot' data-avia-tooltip='&lt;p&gt;For the next 6 months, the New Noah will work with\u00a0species and habitat recovery teams to help save species on the island of Mauritius and its offshore islands. Then the New Noah leaves for Canada, to apply everything they learned back home.&lt;\/p&gt;'><div class='av-image-hotspot_inner'>3<\/div><div class='av-image-hotspot-pulse'><\/div><\/div><img fetchpriority=\"high\" class='wp-image-42979 avia-img-lazy-loading-not-42979 avia_image' src='https:\/\/wildlifepreservation.ca\/wp-content\/uploads\/2023\/08\/CNN-Graphic-2.png' alt='' title='Graphique CNN-2'  height=\"2160\" width=\"3840\"  itemprop=\"thumbnailUrl\"  \/><\/div><\/div><\/div><\/div>\n\n<style type=\"text\/css\" data-created_by=\"avia_inline_auto\" id=\"style-css-av-lex1e9pc-9f2dfadf9ba7d479c249111868633c43\">\n#top .hr.hr-invisible.av-lex1e9pc-9f2dfadf9ba7d479c249111868633c43{\nheight:50px;\n}\n<\/style>\n<div  class='hr av-lex1e9pc-9f2dfadf9ba7d479c249111868633c43 hr-invisible  avia-builder-el-13  el_after_av_image_hotspot  avia-builder-el-no-sibling'><span class='hr-inner'><span class=\"hr-inner-style\"><\/span><\/span><\/div>\n\n<\/div><\/div><\/div><!-- close content main div --><\/div><\/div><div id='canada-noah'  class='avia-section av-myps-77eb72d9a10ecdbe3a04a7b80cba4f0e main_color avia-section-default avia-no-border-styling  avia-builder-el-14  el_after_av_section  el_before_av_section  species-inner-content-intro-wrapper avia-bg-style-scroll container_wrap fullsize'  ><div class='container av-section-cont-open' ><div class='template-page content  av-content-full alpha units'><div class='post-entry post-entry-type-page post-entry-24'><div class='entry-content-wrapper clearfix'>\n\n<style type=\"text\/css\" data-created_by=\"avia_inline_auto\" id=\"style-css-av-5f9kk-b71181c7f8d45a5605835d58ca83a653\">\n.flex_column.av-5f9kk-b71181c7f8d45a5605835d58ca83a653{\npadding:0 0 0 0;\n}\n<\/style>\n<div  class='flex_column av-5f9kk-b71181c7f8d45a5605835d58ca83a653 av_one_full  avia-builder-el-15  el_before_av_hr  avia-builder-el-first  first flex_column_div'     ><section  class='av_textblock_section av-lcjovd8o-e32e5fb8d6214a7742bda9253f35aeb7'   itemscope=\"itemscope\" itemtype=\"https:\/\/schema.org\/CreativeWork\" ><div class='avia_textblock'  itemprop=\"text\" ><p>Les dipl\u00f4m\u00e9s re\u00e7oivent le\u00a0<a href=\"https:\/\/wildlife.durrell.org\/training\/courses\/durrell-endangered-species-management-graduate-certificate-desman-2020\/\" target=\"_blank\" rel=\"noopener\">Certificat d'\u00e9tudes sup\u00e9rieures en gestion des esp\u00e8ces en voie de disparition Durrell (DESMAN)<\/a>. La bourse compl\u00e8te couvre les frais de d\u00e9placement, de logement et de formation. Le programme b\u00e9n\u00e9ficie du soutien de la Fondation Alan et Patricia Koval.<\/p>\n<p>Ce programme offre une exp\u00e9rience unique rarement accessible au Canada. Gr\u00e2ce \u00e0 une formation pratique et \u00e0 une exp\u00e9rience concr\u00e8te sur le terrain, les participants d\u00e9veloppent les comp\u00e9tences n\u00e9cessaires pour g\u00e9rer des projets de conservation et contribuer au r\u00e9tablissement des esp\u00e8ces en voie de disparition. \u00c0 terme, ils sont pr\u00eats \u00e0 diriger leurs propres programmes de r\u00e9tablissement.<\/p>\n<\/div><\/section><\/div><div  class='hr av-1njm4-f0fed4524ac4cc1c207e26e710f1a6d6 hr-default  avia-builder-el-17  el_after_av_one_full  el_before_av_textblock'><span class='hr-inner'><span class=\"hr-inner-style\"><\/span><\/span><\/div>\n<section  class='av_textblock_section av-lex1hzsy-1ca35ea27a9ae90eeb21bc8285d250f1'   itemscope=\"itemscope\" itemtype=\"https:\/\/schema.org\/CreativeWork\" ><div class='avia_textblock'  itemprop=\"text\" ><h3>Objectifs du programme<\/h3>\n<ul>\n<li>Former de jeunes biologistes canadiens aux techniques n\u00e9cessaires pour \u00e9lever des esp\u00e8ces en voie de disparition dans un milieu contr\u00f4l\u00e9, les r\u00e9introduire dans la nature et g\u00e9rer les populations sauvages<\/li>\n<li>Offrir aux jeunes biologistes canadiens une exp\u00e9rience pratique sur le terrain avec des projets de conservation in situ qui compl\u00e8tent leur formation acad\u00e9mique<\/li>\n<li>Cr\u00e9er un r\u00e9seau de biologistes canadiens sp\u00e9cialis\u00e9s dans la conservation, qui se consacrent aux esp\u00e8ces menac\u00e9es et en voie de disparition<\/li>\n<li>Sensibiliser davantage le public canadien aux esp\u00e8ces menac\u00e9es et aux progr\u00e8s r\u00e9alis\u00e9s pour les sauver de l'extinction<\/li>\n<\/ul>\n<\/div><\/section>\n<div  class='flex_column av-dkr4-8916bf1ffc1185da1353f401424455f8 av_one_full  avia-builder-el-19  el_after_av_textblock  avia-builder-el-last  first flex_column_div  column-top-margin'     ><section  class='av_textblock_section av-lcjpft9c-20600eceec49ca3ab322270e641c94a6'   itemscope=\"itemscope\" itemtype=\"https:\/\/schema.org\/CreativeWork\" ><div class='avia_textblock'  itemprop=\"text\" ><h3>T\u00e9moignages des participants<\/h3>\n<\/div><\/section><br \/>\n<div  class='hr av-8ns-b2b912e8262ad209b53e532d5acba6df hr-default  avia-builder-el-21  el_after_av_textblock  el_before_av_textblock'><span class='hr-inner'><span class=\"hr-inner-style\"><\/span><\/span><\/div><br \/>\n<section  class='av_textblock_section av-lcjp3816-056dd6550c54f05688d0f4e4280eda06'   itemscope=\"itemscope\" itemtype=\"https:\/\/schema.org\/CreativeWork\" ><div class='avia_textblock'  itemprop=\"text\" ><blockquote>\n<h3 class=\"quote-icon\">L'une des ann\u00e9es les plus m\u00e9morables de ma carri\u00e8re \u00e0 ce jour en tant que biologiste sp\u00e9cialis\u00e9e dans la conservation des esp\u00e8ces menac\u00e9es.<\/h3>\n<\/blockquote>\n<p>\u2013 Natasha Lloyd, No\u00e9 2006<\/p>\n<p class=\"small-txt\">Sp\u00e9cialiste principale de la recherche en conservation au Centre de recherche sur la conservation du Calgary Zoological Society<\/p>\n<\/div><\/section><br \/>\n<section  class='av_textblock_section av-13rks-105ab0103622bb0c3b7e4b7e8bbf8653'   itemscope=\"itemscope\" itemtype=\"https:\/\/schema.org\/CreativeWork\" ><div class='avia_textblock'  itemprop=\"text\" ><blockquote>\n<h3 class=\"quote-icon\">L\u2019une des exp\u00e9riences les plus marquantes et les plus importantes de toute ma carri\u00e8re en conservation.<\/h3>\n<\/blockquote>\n<p>\u2013 Myles Lamont, No\u00e9 2013<\/p>\n<p class=\"small-txt\">Technicien de la faune, gouvernement du Nunavut, et directeur de TerraFauna Wildlife Consulting<\/p>\n<\/div><\/section><br \/>\n<section  class='av_textblock_section av-lcjp4p5k-9ae732490ed7c8d578601ab6e32e329b'   itemscope=\"itemscope\" itemtype=\"https:\/\/schema.org\/CreativeWork\" ><div class='avia_textblock'  itemprop=\"text\" ><blockquote>\n<h3 class=\"quote-icon\">Un moment cl\u00e9 dans ma carri\u00e8re\u2026 qui m\u2019a fa\u00e7onn\u00e9 non seulement<br \/>\nen tant que professionnel, mais aussi en tant que personne.<\/h3>\n<\/blockquote>\n<p>\u2013 Dave Stepnisky, No\u00e9 1998<\/p>\n<p class=\"small-txt\">Gestionnaire principal de l\u2019habitat des poissons et de la faune du minist\u00e8re de l\u2019Environnement et du D\u00e9veloppement durable de l\u2019Alberta<\/p>\n<\/div><\/section><\/p><\/div><\/div><\/div><\/div><!-- close content main div --><\/div><\/div><div id='av_section_4'  class='avia-section av-1s0c8-b2d418a18c101912803115f8222ac70e main_color avia-section-default avia-no-border-styling  avia-builder-el-25  el_after_av_section  el_before_av_section  avia-bg-style-scroll container_wrap fullsize'  ><div class='container av-section-cont-open' ><div class='template-page content  av-content-full alpha units'><div class='post-entry post-entry-type-page post-entry-24'><div class='entry-content-wrapper clearfix'>\n<div  class='flex_column av-qki0-2d33f4b81f2739887b1839a2c86a1126 av_one_full  avia-builder-el-26  avia-builder-el-no-sibling  first flex_column_div'     ><section  class='av_textblock_section av-msz1syzz-513669ab697aae7f8985f0a129399d64'   itemscope=\"itemscope\" itemtype=\"https:\/\/schema.org\/CreativeWork\" ><div class='avia_textblock'  itemprop=\"text\" ><h2>Les pr\u00e9c\u00e9dents No\u00e9 du Canada<\/h2>\n<\/div><\/section><br \/>\n<div  class='tabcontainer av-msz09n78-9a24dedb7f505771f847cbc5d4826a54 top_tab  avia-builder-el-28  el_after_av_textblock  avia-builder-el-last'>\n<section class='av_tab_section av_tab_section av-msz07yjy-b3b20f28d3a29c4c572ed1c02dc8897d'  itemscope=\"itemscope\" itemtype=\"https:\/\/schema.org\/CreativeWork\" ><div id='tab-id-1-tab' class='tab active_tab' role='tab' aria-selected=\"true\" tabindex=\"0\" data-fake-id='#tab-id-1' aria-controls='tab-id-1-content'  itemprop=\"headline\" >2026<\/div><div id='tab-id-1-content' class='tab_content active_tab_content' role='tabpanel' aria-labelledby='tab-id-1-tab' aria-hidden=\"false\"><div class='tab_inner_content invers-color'  itemprop=\"text\" ><h4><strong><img loading=\"lazy\" decoding=\"async\" class=\"size-full wp-image-55805 alignleft\" src=\"https:\/\/wildlifepreservation.ca\/wp-content\/uploads\/2026\/08\/DarynFarrant.png\" alt=\"\" width=\"400\" height=\"400\" srcset=\"https:\/\/wildlifepreservation.ca\/wp-content\/uploads\/2026\/08\/DarynFarrant.png 400w, https:\/\/wildlifepreservation.ca\/wp-content\/uploads\/2026\/08\/DarynFarrant-300x300.png 300w, https:\/\/wildlifepreservation.ca\/wp-content\/uploads\/2026\/08\/DarynFarrant-80x80.png 80w, https:\/\/wildlifepreservation.ca\/wp-content\/uploads\/2026\/08\/DarynFarrant-12x12.png 12w, https:\/\/wildlifepreservation.ca\/wp-content\/uploads\/2026\/08\/DarynFarrant-36x36.png 36w, https:\/\/wildlifepreservation.ca\/wp-content\/uploads\/2026\/08\/DarynFarrant-180x180.png 180w\" sizes=\"auto, (max-width: 400px) 100vw, 400px\" \/><\/strong><strong>Daryn Farrant, 36e No\u00e9 du Canada<\/strong><\/h4>\n<h4><\/h4>\n<h4><\/h4>\n<h4><\/h4>\n<h4><\/h4>\n<p><span style=\"font-weight: 400;\">Biologiste de terrain avec une vaste exp\u00e9rience dans la gestion des chev\u00eaches des terriers et la restauration des prairies, Daryn a apport\u00e9 des comp\u00e9tences diversifi\u00e9es en surveillance des esp\u00e8ces et en gestion des esp\u00e8ces envahissantes \u00e0 son placement du Prochain No\u00e9, cherchant \u00e0 approfondir son expertise en herp\u00e9tologie et \u00e0 revenir avec des techniques de r\u00e9tablissement pratiques pour la conservation canadienne. Daryn vient de Winnipeg, au Manitoba. Apr\u00e8s les cours \u00e0 la Durrell Conservation Academy, elle est maintenant \u00e0 l'\u00eele Maurice pour compl\u00e9ter l'exp\u00e9rience pratique du programme du Prochain No\u00e9 du Canada.<\/span><\/p>\n<p><em>D\u00e9couvrez son <a href=\"https:\/\/wildlifepreservation.ca\/wp-content\/uploads\/2026\/08\/Farrant-2026-DESMAN-Project.pdf\">projet DESMAN<\/a><\/em><\/p>\n<h4><\/h4>\n<h4><\/h4>\n<h4><\/h4>\n<h4><\/h4>\n<hr \/>\n<p><img loading=\"lazy\" decoding=\"async\" class=\"size-full wp-image-55806 alignleft\" src=\"https:\/\/wildlifepreservation.ca\/wp-content\/uploads\/2026\/08\/JennaKissel.png\" alt=\"\" width=\"400\" height=\"400\" srcset=\"https:\/\/wildlifepreservation.ca\/wp-content\/uploads\/2026\/08\/JennaKissel.png 400w, https:\/\/wildlifepreservation.ca\/wp-content\/uploads\/2026\/08\/JennaKissel-300x300.png 300w, https:\/\/wildlifepreservation.ca\/wp-content\/uploads\/2026\/08\/JennaKissel-80x80.png 80w, https:\/\/wildlifepreservation.ca\/wp-content\/uploads\/2026\/08\/JennaKissel-12x12.png 12w, https:\/\/wildlifepreservation.ca\/wp-content\/uploads\/2026\/08\/JennaKissel-36x36.png 36w, https:\/\/wildlifepreservation.ca\/wp-content\/uploads\/2026\/08\/JennaKissel-180x180.png 180w\" sizes=\"auto, (max-width: 400px) 100vw, 400px\" \/><\/p>\n<h4><strong>Jenna Kissel, 35e No\u00e9 du Canada<\/strong><\/h4>\n<p><span style=\"font-weight: 400;\">Jenna est une sp\u00e9cialiste des oiseaux qui a pass\u00e9 six ans avec le Programme d'\u00e9levage de la chouette tachet\u00e9e du Nord en Colombie-Britannique, le seul effort d'\u00e9levage de conservation au monde pour les chouettes tachet\u00e9e du Nord. En 2025, elle a rejoint Conservation de la faune au Canada comme assistante \u00e0 la conservation avec l'\u00e9quipe des projets de C.-B., travaillant avec des reptiles, des amphibiens et des invert\u00e9br\u00e9s pour la premi\u00e8re fois. Son travail l\u00e0-bas a attir\u00e9 l'attention du programme du Prochain No\u00e9 du Canada, et elle est ravie d'avoir \u00e9t\u00e9 s\u00e9lectionn\u00e9e comme le 35e No\u00e9 du Canada pour 2026, impatiente d'apprendre des techniques de conservation avanc\u00e9es aupr\u00e8s d'experts \u00e0 la Durrell Conservation Academy et \u00e0 l'\u00eele Maurice. Jenna vient de Peterborough, en Ontario, et est maintenant \u00e0 l'\u00eele Maurice pour compl\u00e9ter l'exp\u00e9rience pratique du programme No\u00e9 du Canada.<\/span><\/p>\n<p style=\"text-align: right;\"><em>D\u00e9couvrez son <a href=\"https:\/\/wildlifepreservation.ca\/wp-content\/uploads\/2026\/08\/J-Kissel-2026-DESMAN-Project.pdf\">projet DESMAN<\/a><\/em><\/p>\n<\/div><\/div><\/section>\n<section class='av_tab_section av_tab_section av-msz084ss-d5ed2f7d34f28ecafd8920ee03ef16b3'  itemscope=\"itemscope\" itemtype=\"https:\/\/schema.org\/CreativeWork\" ><div id='tab-id-2-tab' class='tab' role='tab' aria-selected=\"false\" tabindex=\"0\" data-fake-id='#tab-id-2' aria-controls='tab-id-2-content'  itemprop=\"headline\" >2025<\/div><div id='tab-id-2-content' class='tab_content' role='tabpanel' aria-labelledby='tab-id-2-tab' aria-hidden=\"true\"><div class='tab_inner_content invers-color'  itemprop=\"text\" ><h4><img loading=\"lazy\" decoding=\"async\" class=\"size-full wp-image-55807 alignleft\" src=\"https:\/\/wildlifepreservation.ca\/wp-content\/uploads\/2026\/08\/MarielTerebiznik.png\" alt=\"\" width=\"400\" height=\"400\" srcset=\"https:\/\/wildlifepreservation.ca\/wp-content\/uploads\/2026\/08\/MarielTerebiznik.png 400w, https:\/\/wildlifepreservation.ca\/wp-content\/uploads\/2026\/08\/MarielTerebiznik-300x300.png 300w, https:\/\/wildlifepreservation.ca\/wp-content\/uploads\/2026\/08\/MarielTerebiznik-80x80.png 80w, https:\/\/wildlifepreservation.ca\/wp-content\/uploads\/2026\/08\/MarielTerebiznik-12x12.png 12w, https:\/\/wildlifepreservation.ca\/wp-content\/uploads\/2026\/08\/MarielTerebiznik-36x36.png 36w, https:\/\/wildlifepreservation.ca\/wp-content\/uploads\/2026\/08\/MarielTerebiznik-180x180.png 180w\" sizes=\"auto, (max-width: 400px) 100vw, 400px\" \/><strong>Mariel Terebiznik<\/strong><strong>, 34e No\u00e9 du Canada<\/strong><\/h4>\n<p><span style=\"font-weight: 400;\">Avec une ma\u00eetrise en herp\u00e9tologie et des ann\u00e9es de surveillance des tortues et des salamandres au parc provincial Algonquin en Ontario, Mariel a utilis\u00e9 son ann\u00e9e de Prochain No\u00e9 pour aller au-del\u00e0 des reptiles et apprendre la planification de la conservation, la gestion des esp\u00e8ces et les comp\u00e9tences de facilitation aupr\u00e8s d'experts \u00e0 la Durrell Conservation Academy et dans les stations de terrain \u00e0 l'\u00eele Maurice. Mariel est cofondatrice et codirectrice de FREED (Field Research in Ecology and Evolution Diversified), un organisme de base qui promeut l'\u00e9quit\u00e9, la diversit\u00e9, l'inclusion et l'accessibilit\u00e9 en organisant des cours exp\u00e9rientiels immersifs gratuits pour les \u00e9tudiants universitaires autochtones, noirs et\/ou racialis\u00e9s (BIPOC). Mariel vient de l'Ontario, a r\u00e9cemment compl\u00e9t\u00e9 des relev\u00e9s pour les bourdons menac\u00e9s avec CFC, et explore maintenant les prochaines \u00e9tapes de sa carri\u00e8re en conservation.<\/span><\/p>\n<p><em>D\u00e9couvrez son <a href=\"https:\/\/wildlifepreservation.ca\/wp-content\/uploads\/2026\/08\/Terebiznik-2025-DESMAN-Project.pdf\">projet DESMAN<\/a><\/em><\/p>\n<\/div><\/div><\/section>\n<section class='av_tab_section av_tab_section av-msz08dep-7dc64361e33f650eaf11e172c7943603'  itemscope=\"itemscope\" itemtype=\"https:\/\/schema.org\/CreativeWork\" ><div id='tab-id-3-tab' class='tab' role='tab' aria-selected=\"false\" tabindex=\"0\" data-fake-id='#tab-id-3' aria-controls='tab-id-3-content'  itemprop=\"headline\" >2024<\/div><div id='tab-id-3-content' class='tab_content' role='tabpanel' aria-labelledby='tab-id-3-tab' aria-hidden=\"true\"><div class='tab_inner_content invers-color'  itemprop=\"text\" ><p><img loading=\"lazy\" decoding=\"async\" class=\"size-full wp-image-55808 alignleft\" src=\"https:\/\/wildlifepreservation.ca\/wp-content\/uploads\/2026\/08\/RosieHeffernan.png\" alt=\"\" width=\"400\" height=\"400\" srcset=\"https:\/\/wildlifepreservation.ca\/wp-content\/uploads\/2026\/08\/RosieHeffernan.png 400w, https:\/\/wildlifepreservation.ca\/wp-content\/uploads\/2026\/08\/RosieHeffernan-300x300.png 300w, https:\/\/wildlifepreservation.ca\/wp-content\/uploads\/2026\/08\/RosieHeffernan-80x80.png 80w, https:\/\/wildlifepreservation.ca\/wp-content\/uploads\/2026\/08\/RosieHeffernan-12x12.png 12w, https:\/\/wildlifepreservation.ca\/wp-content\/uploads\/2026\/08\/RosieHeffernan-36x36.png 36w, https:\/\/wildlifepreservation.ca\/wp-content\/uploads\/2026\/08\/RosieHeffernan-180x180.png 180w\" sizes=\"auto, (max-width: 400px) 100vw, 400px\" \/><\/p>\n<h4><strong>Rosie Heffernan, 33e No\u00e9 du Canada<\/strong><\/h4>\n<p><span style=\"font-weight: 400;\">Rosie a apport\u00e9 cinq ans de travail pratique avec les tortues indig\u00e8nes de l'Ontario et une expansion r\u00e9ussie de la conservation des tortues financ\u00e9e par des subventions \u00e0 son placement de Prochain No\u00e9, o\u00f9 elle a surveill\u00e9 des l\u00e9zards et des oiseaux de mer menac\u00e9s \u00e0 l'\u00eele Maurice tout en d\u00e9veloppant des comp\u00e9tences pour renforcer les efforts de r\u00e9tablissement de la faune au Canada. Son travail sur l'\u00eele Ronde a contribu\u00e9 \u00e0 l'une des histoires de conservation les plus r\u00e9ussies au monde. Rosie vient de Bayfield, en Ontario, et a r\u00e9cemment commenc\u00e9 \u00e0 \u00e9tudier l'efficacit\u00e9 de la protection des nids pour les tortues mouchet\u00e9es et d'autres tortues en p\u00e9ril au parc provincial Pinery !<\/span><\/p>\n<p><em>D\u00e9couvrez son <a href=\"https:\/\/wildlifepreservation.ca\/wp-content\/uploads\/2026\/08\/Heffernan-2024-DESMAN-Project.pdf\">projet DESMAN<\/a><\/em><\/p>\n<\/div><\/div><\/section>\n<section class='av_tab_section av_tab_section av-msz17b52-ff6a5402e7e0924e98c692df5d92099d'  itemscope=\"itemscope\" itemtype=\"https:\/\/schema.org\/CreativeWork\" ><div id='tab-id-4-tab' class='tab' role='tab' aria-selected=\"false\" tabindex=\"0\" data-fake-id='#tab-id-4' aria-controls='tab-id-4-content'  itemprop=\"headline\" >2023<\/div><div id='tab-id-4-content' class='tab_content' role='tabpanel' aria-labelledby='tab-id-4-tab' aria-hidden=\"true\"><div class='tab_inner_content invers-color'  itemprop=\"text\" ><p><img loading=\"lazy\" decoding=\"async\" class=\"size-full wp-image-55809 alignleft\" src=\"https:\/\/wildlifepreservation.ca\/wp-content\/uploads\/2026\/08\/SarahFalcone.png\" alt=\"\" width=\"400\" height=\"400\" srcset=\"https:\/\/wildlifepreservation.ca\/wp-content\/uploads\/2026\/08\/SarahFalcone.png 400w, https:\/\/wildlifepreservation.ca\/wp-content\/uploads\/2026\/08\/SarahFalcone-300x300.png 300w, https:\/\/wildlifepreservation.ca\/wp-content\/uploads\/2026\/08\/SarahFalcone-80x80.png 80w, https:\/\/wildlifepreservation.ca\/wp-content\/uploads\/2026\/08\/SarahFalcone-12x12.png 12w, https:\/\/wildlifepreservation.ca\/wp-content\/uploads\/2026\/08\/SarahFalcone-36x36.png 36w, https:\/\/wildlifepreservation.ca\/wp-content\/uploads\/2026\/08\/SarahFalcone-180x180.png 180w\" sizes=\"auto, (max-width: 400px) 100vw, 400px\" \/><\/p>\n<h4><strong>Sarah Falconer, 32e No\u00e9 du Canada<\/strong><\/h4>\n<p><span style=\"font-weight: 400;\">Sarah a grandi \u00e0 explorer la nature autour du lac Ontario et a \u00e9tudi\u00e9 la zoologie \u00e0 l'Universit\u00e9 de la Colombie-Britannique Okanagan, puis a compl\u00e9t\u00e9 une ma\u00eetrise ax\u00e9e sur la marmotte de l'\u00eele Vancouver (le mammif\u00e8re le plus en danger du Canada) dans le cadre du programme \u00ab ReNew Zoo \u00bb. Avant de devenir le Prochain No\u00e9 du Canada, elle a travaill\u00e9 comme technicienne en conservation au Assiniboine Park Conservancy \u00e0 Winnipeg, g\u00e9rant un programme de surveillance des b\u00e9lugas et travaillant sur des efforts de conservation pour les papillons des prairies, les chev\u00eaches des terriers et les ours polaires. Apr\u00e8s avoir compl\u00e9t\u00e9 le programme du Prochain No\u00e9 du Canada, Sarah a rejoint le Wilder Institute, o\u00f9 elle continue \u00e0 travailler sur le Plan d'action Wilder !<\/span><\/p>\n<p><em>D\u00e9couvrez son <a href=\"https:\/\/wildlifepreservation.ca\/wp-content\/uploads\/2026\/08\/Falconer-2023-DESMAN-Project.pdf\">projet DESMAN<\/a><\/em><\/p>\n<\/div><\/div><\/section>\n<section class='av_tab_section av_tab_section av-msz180ce-4675f27437a79e2798814f7a3d24170e'  itemscope=\"itemscope\" itemtype=\"https:\/\/schema.org\/CreativeWork\" ><div id='tab-id-5-tab' class='tab' role='tab' aria-selected=\"false\" tabindex=\"0\" data-fake-id='#tab-id-5' aria-controls='tab-id-5-content'  itemprop=\"headline\" >2022<\/div><div id='tab-id-5-content' class='tab_content' role='tabpanel' aria-labelledby='tab-id-5-tab' aria-hidden=\"true\"><div class='tab_inner_content invers-color'  itemprop=\"text\" ><p><img loading=\"lazy\" decoding=\"async\" class=\"size-full wp-image-55810 alignleft\" src=\"https:\/\/wildlifepreservation.ca\/wp-content\/uploads\/2026\/08\/StephanieWinton.png\" alt=\"\" width=\"400\" height=\"400\" srcset=\"https:\/\/wildlifepreservation.ca\/wp-content\/uploads\/2026\/08\/StephanieWinton.png 400w, https:\/\/wildlifepreservation.ca\/wp-content\/uploads\/2026\/08\/StephanieWinton-300x300.png 300w, https:\/\/wildlifepreservation.ca\/wp-content\/uploads\/2026\/08\/StephanieWinton-80x80.png 80w, https:\/\/wildlifepreservation.ca\/wp-content\/uploads\/2026\/08\/StephanieWinton-12x12.png 12w, https:\/\/wildlifepreservation.ca\/wp-content\/uploads\/2026\/08\/StephanieWinton-36x36.png 36w, https:\/\/wildlifepreservation.ca\/wp-content\/uploads\/2026\/08\/StephanieWinton-180x180.png 180w\" sizes=\"auto, (max-width: 400px) 100vw, 400px\" \/><\/p>\n<h4><strong>Stephanie Winton, 31e No\u00e9 du Canada<\/strong><\/h4>\n<p><span style=\"font-weight: 400;\">Stephanie est une \u00e9cologiste de la conservation de Calgary, en Alberta, avec plus d'une d\u00e9cennie d'exp\u00e9rience sur le terrain. Elle a re\u00e7u la M\u00e9daille acad\u00e9mique d'or du gouverneur g\u00e9n\u00e9ral pour ses recherches de ma\u00eetrise sur la fa\u00e7on dont la mortalit\u00e9 routi\u00e8re affecte les crotales de l'Ouest en Colombie-Britannique. Depuis lors, elle a travaill\u00e9 avec des esp\u00e8ces menac\u00e9es \u00e0 travers le Canada et \u00e0 l'\u00e9chelle mondiale. Apr\u00e8s le programme du Prochain No\u00e9 du Canada, elle est retourn\u00e9e \u00e0 CFC, o\u00f9 elle renforce maintenant les capacit\u00e9s de planification de la conservation et aide \u00e0 d\u00e9velopper des strat\u00e9gies de r\u00e9tablissement pour les esp\u00e8ces en p\u00e9ril. Elle valorise le travail aux c\u00f4t\u00e9s d'autres femmes passionn\u00e9es par la science et croit que la conservation n\u00e9cessite un engagement, de la flexibilit\u00e9 et un large \u00e9ventail de comp\u00e9tences.<\/span><\/p>\n<p><em>D\u00e9couvrez son <a href=\"https:\/\/wildlifepreservation.ca\/wp-content\/uploads\/2026\/08\/Winton-2022-DESMAN-Project.pdf\">projet DESMAN<\/a><\/em><\/p>\n<\/div><\/div><\/section>\n<section class='av_tab_section av_tab_section av-msz2nb64-1fc2db4151a741063e4df8373f28b549'  itemscope=\"itemscope\" itemtype=\"https:\/\/schema.org\/CreativeWork\" ><div id='tab-id-6-tab' class='tab' role='tab' aria-selected=\"false\" tabindex=\"0\" data-fake-id='#tab-id-6' aria-controls='tab-id-6-content'  itemprop=\"headline\" >2019<\/div><div id='tab-id-6-content' class='tab_content' role='tabpanel' aria-labelledby='tab-id-6-tab' aria-hidden=\"true\"><div class='tab_inner_content invers-color'  itemprop=\"text\" ><h4><img loading=\"lazy\" decoding=\"async\" class=\"size-full wp-image-55813 alignleft\" src=\"https:\/\/wildlifepreservation.ca\/wp-content\/uploads\/2026\/08\/EricJolin.png\" alt=\"\" width=\"400\" height=\"400\" srcset=\"https:\/\/wildlifepreservation.ca\/wp-content\/uploads\/2026\/08\/EricJolin.png 400w, https:\/\/wildlifepreservation.ca\/wp-content\/uploads\/2026\/08\/EricJolin-300x300.png 300w, https:\/\/wildlifepreservation.ca\/wp-content\/uploads\/2026\/08\/EricJolin-80x80.png 80w, https:\/\/wildlifepreservation.ca\/wp-content\/uploads\/2026\/08\/EricJolin-12x12.png 12w, https:\/\/wildlifepreservation.ca\/wp-content\/uploads\/2026\/08\/EricJolin-36x36.png 36w, https:\/\/wildlifepreservation.ca\/wp-content\/uploads\/2026\/08\/EricJolin-180x180.png 180w\" sizes=\"auto, (max-width: 400px) 100vw, 400px\" \/><strong>Eric Jolin, 30e No\u00e9 du Canada<\/strong><\/h4>\n<p><span style=\"font-weight: 400;\">Eric a grandi sur les rives du lac \u00c9ri\u00e9 et a consacr\u00e9 sa carri\u00e8re aux reptiles, notamment aux massasaugas de l'Est. Eric a utilis\u00e9 son exp\u00e9rience de nouveau No\u00e9 pour apprendre comment les techniques d'\u00e9levage de conservation et de r\u00e9introduction pourraient \u00eatre appliqu\u00e9es aux esp\u00e8ces les plus mal comprises du Canada \u00e0 son retour. Il a travaill\u00e9 sur la recherche en mortalit\u00e9 routi\u00e8re des reptiles \u00e0 Killbear, pass\u00e9 du temps en Am\u00e9rique centrale, puis est revenu comme biologiste de terrain avec le programme de r\u00e9tablissement des reptiles de la prairie Ojibway de CFC. Il a \u00e9galement \u00e9t\u00e9 le biologiste de projet pour l'\u00e9tude de fid\u00e9lit\u00e9 au site et de translocation du massasauga de CFC. Il <\/span><span style=\"font-weight: 400;\">travaille maintenant avec Omnia Ecological Services comme Caribou Survey Fixed Wing Crew Lead !<\/span><\/p>\n<\/div><\/div><\/section>\n<section class='av_tab_section av_tab_section av-msz2npby-405855a515e75c18b6430ed205a1b5ab'  itemscope=\"itemscope\" itemtype=\"https:\/\/schema.org\/CreativeWork\" ><div id='tab-id-7-tab' class='tab' role='tab' aria-selected=\"false\" tabindex=\"0\" data-fake-id='#tab-id-7' aria-controls='tab-id-7-content'  itemprop=\"headline\" >2018<\/div><div id='tab-id-7-content' class='tab_content' role='tabpanel' aria-labelledby='tab-id-7-tab' aria-hidden=\"true\"><div class='tab_inner_content invers-color'  itemprop=\"text\" ><h4><img loading=\"lazy\" decoding=\"async\" class=\"size-full wp-image-55812 alignleft\" src=\"https:\/\/wildlifepreservation.ca\/wp-content\/uploads\/2026\/08\/AmelieRobertoCharron.png\" alt=\"\" width=\"400\" height=\"400\" srcset=\"https:\/\/wildlifepreservation.ca\/wp-content\/uploads\/2026\/08\/AmelieRobertoCharron.png 400w, https:\/\/wildlifepreservation.ca\/wp-content\/uploads\/2026\/08\/AmelieRobertoCharron-300x300.png 300w, https:\/\/wildlifepreservation.ca\/wp-content\/uploads\/2026\/08\/AmelieRobertoCharron-80x80.png 80w, https:\/\/wildlifepreservation.ca\/wp-content\/uploads\/2026\/08\/AmelieRobertoCharron-12x12.png 12w, https:\/\/wildlifepreservation.ca\/wp-content\/uploads\/2026\/08\/AmelieRobertoCharron-36x36.png 36w, https:\/\/wildlifepreservation.ca\/wp-content\/uploads\/2026\/08\/AmelieRobertoCharron-180x180.png 180w\" sizes=\"auto, (max-width: 400px) 100vw, 400px\" \/><strong>Am\u00e9lie Roberto-Charron, 29e No\u00e9 du Canada<\/strong><\/h4>\n<p><span style=\"font-weight: 400;\">Am\u00e9lie est une ornithologiste d'Edmonton qui r\u00e9sistait initialement \u00e0 suivre un cours d'ornithologie \u00e0 l'universit\u00e9. Elle a \u00e9t\u00e9 convaincue que ce n'\u00e9tait pas pour elle jusqu'\u00e0 ce qu'une pr\u00e9sentation sur le suivi de la migration des oiseaux change d'avis. Apr\u00e8s des ann\u00e9es de recherche sur les oiseaux chanteurs migrateurs et de coordination de programmes d'observatoires d'oiseaux, le placement de No\u00e9 d'Am\u00e9lie a approfondi sa passion pour la compr\u00e9hension de la migration des oiseaux et des programmes d'\u00e9levage de conservation pour les esp\u00e8ces menac\u00e9es dans plusieurs pays. <\/span><span style=\"font-weight: 400;\">Elle travaille maintenant pour le gouvernement du Yukon comme biologiste r\u00e9gionale dans la division de la durabilit\u00e9 environnementale, branche de la faune !<\/span><\/p>\n<\/div><\/div><\/section>\n<section class='av_tab_section av_tab_section av-msz2nunl-abd5e5dbfd8a5c8e1c4f275e3b1cb396'  itemscope=\"itemscope\" itemtype=\"https:\/\/schema.org\/CreativeWork\" ><div id='tab-id-8-tab' class='tab' role='tab' aria-selected=\"false\" tabindex=\"0\" data-fake-id='#tab-id-8' aria-controls='tab-id-8-content'  itemprop=\"headline\" >2017<\/div><div id='tab-id-8-content' class='tab_content' role='tabpanel' aria-labelledby='tab-id-8-tab' aria-hidden=\"true\"><div class='tab_inner_content invers-color'  itemprop=\"text\" ><h4><img loading=\"lazy\" decoding=\"async\" class=\"size-full wp-image-55817 alignleft\" src=\"https:\/\/wildlifepreservation.ca\/wp-content\/uploads\/2026\/08\/RachaelDerbyshire.png\" alt=\"\" width=\"400\" height=\"400\" srcset=\"https:\/\/wildlifepreservation.ca\/wp-content\/uploads\/2026\/08\/RachaelDerbyshire.png 400w, https:\/\/wildlifepreservation.ca\/wp-content\/uploads\/2026\/08\/RachaelDerbyshire-300x300.png 300w, https:\/\/wildlifepreservation.ca\/wp-content\/uploads\/2026\/08\/RachaelDerbyshire-80x80.png 80w, https:\/\/wildlifepreservation.ca\/wp-content\/uploads\/2026\/08\/RachaelDerbyshire-12x12.png 12w, https:\/\/wildlifepreservation.ca\/wp-content\/uploads\/2026\/08\/RachaelDerbyshire-36x36.png 36w, https:\/\/wildlifepreservation.ca\/wp-content\/uploads\/2026\/08\/RachaelDerbyshire-180x180.png 180w\" sizes=\"auto, (max-width: 400px) 100vw, 400px\" \/><strong>Rachael Derbyshire, 28e No\u00e9 du Canada<\/strong><\/h4>\n<p><span style=\"font-weight: 400;\">Rachael a grandi \u00e0 Brantford, en Ontario, lisant des livres sur la conservation et passant du temps \u00e0 l'ext\u00e9rieur. Elle a \u00e9tudi\u00e9 la biologie de la faune \u00e0 l'Universit\u00e9 de Guelph et y a compl\u00e9t\u00e9 une ma\u00eetrise en \u00e9cologie, \u00e9tudiant le d\u00e9clin du m\u00e9sangeai du Canada dans le parc provincial Algonquin, en Ontario. Cette recherche signifiait des mois sur le terrain \u00e0 vivre dans une cabane sans eau courante ni service cellulaire \u2014 et elle a ador\u00e9 \u00e7a. Elle apporte de l'exp\u00e9rience avec le baguage des oiseaux, le filet \u00e0 brume, le suivi par t\u00e9l\u00e9m\u00e9trie et la recherche \u00e9cologique de terrain \u00e0 long terme. Elle s'engage \u00e0 faire en sorte que la recherche en conservation s'applique r\u00e9ellement aux probl\u00e8mes de gestion du monde r\u00e9el.<\/span><\/p>\n<\/div><\/div><\/section>\n<section class='av_tab_section av_tab_section av-msz2o0la-b551ef3b3e4caf1253342408d793ccc9'  itemscope=\"itemscope\" itemtype=\"https:\/\/schema.org\/CreativeWork\" ><div id='tab-id-9-tab' class='tab' role='tab' aria-selected=\"false\" tabindex=\"0\" data-fake-id='#tab-id-9' aria-controls='tab-id-9-content'  itemprop=\"headline\" >2016<\/div><div id='tab-id-9-content' class='tab_content' role='tabpanel' aria-labelledby='tab-id-9-tab' aria-hidden=\"true\"><div class='tab_inner_content invers-color'  itemprop=\"text\" ><h4><img loading=\"lazy\" decoding=\"async\" class=\"size-full wp-image-55814 alignleft\" src=\"https:\/\/wildlifepreservation.ca\/wp-content\/uploads\/2026\/08\/LauraKing.png\" alt=\"\" width=\"400\" height=\"400\" srcset=\"https:\/\/wildlifepreservation.ca\/wp-content\/uploads\/2026\/08\/LauraKing.png 400w, https:\/\/wildlifepreservation.ca\/wp-content\/uploads\/2026\/08\/LauraKing-300x300.png 300w, https:\/\/wildlifepreservation.ca\/wp-content\/uploads\/2026\/08\/LauraKing-80x80.png 80w, https:\/\/wildlifepreservation.ca\/wp-content\/uploads\/2026\/08\/LauraKing-12x12.png 12w, https:\/\/wildlifepreservation.ca\/wp-content\/uploads\/2026\/08\/LauraKing-36x36.png 36w, https:\/\/wildlifepreservation.ca\/wp-content\/uploads\/2026\/08\/LauraKing-180x180.png 180w\" sizes=\"auto, (max-width: 400px) 100vw, 400px\" \/><strong>Laura King, 27e No\u00e9 du Canada<\/strong><\/h4>\n<p><span style=\"font-weight: 400;\">Laura a grandi \u00e0 Ottawa en lisant sur la faune et en jouant dans les champs \u00e0 proximit\u00e9. Elle a travaill\u00e9 sur toutes sortes de projets : \u00e9tudes g\u00e9n\u00e9tiques sur des crapauds argentins, analyse de contaminants dans les cormorans, ADN de canard, \u00e9levage de jeunes tortues serpentines, relev\u00e9s de moules d'eau douce, baguage d'oiseaux de mer. Pendant son s\u00e9jour \u00e0 l'\u00eele Maurice, elle est devenue bizarrement fascin\u00e9e par le dodo. Il est partout l\u00e0-bas \u2014 elle a commenc\u00e9 \u00e0 penser \u00e0 pourquoi une esp\u00e8ce \u00e9teinte compte autant dans l'imagination des gens. <\/span><span style=\"font-weight: 400;\">Elle travaille maintenant avec Environnement et Changement climatique Canada comme coordinatrice de la coentreprise NAWMP !<\/span><\/p>\n<\/div><\/div><\/section>\n<section class='av_tab_section av_tab_section av-msz2o4lg-fd03cf7e9ec87bbd9bd3ab812c381af9'  itemscope=\"itemscope\" itemtype=\"https:\/\/schema.org\/CreativeWork\" ><div id='tab-id-10-tab' class='tab' role='tab' aria-selected=\"false\" tabindex=\"0\" data-fake-id='#tab-id-10' aria-controls='tab-id-10-content'  itemprop=\"headline\" >2015<\/div><div id='tab-id-10-content' class='tab_content' role='tabpanel' aria-labelledby='tab-id-10-tab' aria-hidden=\"true\"><div class='tab_inner_content invers-color'  itemprop=\"text\" ><p><img loading=\"lazy\" decoding=\"async\" class=\"size-full wp-image-55816 alignleft\" src=\"https:\/\/wildlifepreservation.ca\/wp-content\/uploads\/2026\/08\/PatrickMoldowan.png\" alt=\"\" width=\"400\" height=\"400\" srcset=\"https:\/\/wildlifepreservation.ca\/wp-content\/uploads\/2026\/08\/PatrickMoldowan.png 400w, https:\/\/wildlifepreservation.ca\/wp-content\/uploads\/2026\/08\/PatrickMoldowan-300x300.png 300w, https:\/\/wildlifepreservation.ca\/wp-content\/uploads\/2026\/08\/PatrickMoldowan-80x80.png 80w, https:\/\/wildlifepreservation.ca\/wp-content\/uploads\/2026\/08\/PatrickMoldowan-12x12.png 12w, https:\/\/wildlifepreservation.ca\/wp-content\/uploads\/2026\/08\/PatrickMoldowan-36x36.png 36w, https:\/\/wildlifepreservation.ca\/wp-content\/uploads\/2026\/08\/PatrickMoldowan-180x180.png 180w\" sizes=\"auto, (max-width: 400px) 100vw, 400px\" \/><\/p>\n<h4><strong>Patrick Moldowan, 26e No\u00e9 du Canada<\/strong><\/h4>\n<p><span style=\"font-weight: 400;\">Patrick<\/span><span style=\"font-weight: 400;\"> vient de St. Catharines, en Ontario<\/span><span style=\"font-weight: 400;\">; il a \u00e9tudi\u00e9 la biologie de la faune \u00e0 l'Universit\u00e9 de Guelph et pass\u00e9 ses \u00e9t\u00e9s dans le parc provincial Algonquin, en Ontario, \u00e0 travailler sur la recherche sur les salamandres et les tortues. Un s\u00e9jour de b\u00e9n\u00e9volat en Amazonie p\u00e9ruvienne l'a convaincu que la recherche sur le terrain \u00e9tait ce qu'il voulait vraiment faire. Il a compl\u00e9t\u00e9 sa ma\u00eetrise \u00e0 l'Universit\u00e9 Laurentienne en \u00e9tudiant le Algonquin Turtle Project. Il a re\u00e7u l'appel lui annon\u00e7ant qu'il avait \u00e9t\u00e9 s\u00e9lectionn\u00e9 comme 26e No\u00e9 du Canada alors qu'il visitait des mus\u00e9es dans le nord-est des \u00c9tats-Unis lors d'un voyage en voiture en hiver. Six mois \u00e0 l'\u00eele Maurice ont compl\u00e8tement chang\u00e9 sa perspective sur la conservation.<\/span><\/p>\n<p><span style=\"font-weight: 400;\">Depuis, il a compl\u00e9t\u00e9 son doctorat \u00e0 l'Universit\u00e9 de Toronto en \u00e9tudiant les salamandres \u00e0 Algonquin. Il est maintenant <\/span><span style=\"font-weight: 400;\">chercheur postdoctoral au d\u00e9partement de biologie de l'Universit\u00e9 Mount Allison !<\/span><span style=\"font-weight: 400;\">\u00a0Comme il a \u00e9crit dans sa candidature originale : \u00ab<\/span><b>Une personne ne travaille pas un seul jour de sa vie si elle aime ce qu'elle fait<\/b><span style=\"font-weight: 400;\">. \u00bb<\/span><\/p>\n<p>Lisez l'un de ses articles de l'\u00eele Maurice : <a href=\"https:\/\/www.researchgate.net\/publication\/307630791_Sticks_and_stones_notes_on_the_ecology_and_conservation_of_an_endemic_stick_insect_Apterograeffea_marshallae_and_the_restoration_of_an_island_ecosystem\">Sticks and stones: notes on the ecology and conservation of an endemic stick insect (Apterograeffea marshallae) and the restoration of an island ecosystem<\/a><\/p>\n<\/div><\/div><\/section>\n<section class='av_tab_section av_tab_section av-msz2o8rh-8d8ad794faa703f5ce136b33907a0b52'  itemscope=\"itemscope\" itemtype=\"https:\/\/schema.org\/CreativeWork\" ><div id='tab-id-11-tab' class='tab' role='tab' aria-selected=\"false\" tabindex=\"0\" data-fake-id='#tab-id-11' aria-controls='tab-id-11-content'  itemprop=\"headline\" >2014<\/div><div id='tab-id-11-content' class='tab_content' role='tabpanel' aria-labelledby='tab-id-11-tab' aria-hidden=\"true\"><div class='tab_inner_content invers-color'  itemprop=\"text\" ><p><img loading=\"lazy\" decoding=\"async\" class=\"size-full wp-image-55815 alignleft\" src=\"https:\/\/wildlifepreservation.ca\/wp-content\/uploads\/2026\/08\/MartinKastner.png\" alt=\"\" width=\"400\" height=\"400\" srcset=\"https:\/\/wildlifepreservation.ca\/wp-content\/uploads\/2026\/08\/MartinKastner.png 400w, https:\/\/wildlifepreservation.ca\/wp-content\/uploads\/2026\/08\/MartinKastner-300x300.png 300w, https:\/\/wildlifepreservation.ca\/wp-content\/uploads\/2026\/08\/MartinKastner-80x80.png 80w, https:\/\/wildlifepreservation.ca\/wp-content\/uploads\/2026\/08\/MartinKastner-12x12.png 12w, https:\/\/wildlifepreservation.ca\/wp-content\/uploads\/2026\/08\/MartinKastner-36x36.png 36w, https:\/\/wildlifepreservation.ca\/wp-content\/uploads\/2026\/08\/MartinKastner-180x180.png 180w\" sizes=\"auto, (max-width: 400px) 100vw, 400px\" \/><\/p>\n<h4><strong>Martin Kastner, 25e No\u00e9 du Canada<\/strong><\/h4>\n<p><span style=\"font-weight: 400;\">Martin a grandi \u00e0 Montr\u00e9al sans t\u00e9l\u00e9vision, alors il passait son temps \u00e0 explorer les ruelles du quartier avec sa s\u0153ur et \u00e0 lire des livres sur des animaux qu'il ne pouvait pas trouver en ville. Un projet de b\u00e9n\u00e9volat aux Gal\u00e1pagos contr\u00f4lant les esp\u00e8ces envahissantes l'a convaincu que la restauration de l'habitat serait cruciale pour les futurs travaux de conservation. \u00catre s\u00e9lectionn\u00e9 comme 25e No\u00e9 du Canada signifiait apprendre des meilleurs experts dans le domaine. Martin est devenu<\/span><span style=\"font-weight: 400;\"> \u00e9tudiant postdoctoral au d\u00e9partement de la faune et de la conservation des poissons de Virginia Tech !<\/span><\/p>\n<\/div><\/div><\/section>\n<section class='av_tab_section av_tab_section av-mt04q16c-daa88ce0630f1858520c844b66822f7b'  itemscope=\"itemscope\" itemtype=\"https:\/\/schema.org\/CreativeWork\" ><div id='tab-id-12-tab' class='tab' role='tab' aria-selected=\"false\" tabindex=\"0\" data-fake-id='#tab-id-12' aria-controls='tab-id-12-content'  itemprop=\"headline\" >2013<\/div><div id='tab-id-12-content' class='tab_content' role='tabpanel' aria-labelledby='tab-id-12-tab' aria-hidden=\"true\"><div class='tab_inner_content invers-color'  itemprop=\"text\" ><h4><img loading=\"lazy\" decoding=\"async\" class=\"size-full wp-image-55854 alignleft\" src=\"https:\/\/wildlifepreservation.ca\/wp-content\/uploads\/2026\/08\/MylesLamont.png\" alt=\"\" width=\"400\" height=\"400\" srcset=\"https:\/\/wildlifepreservation.ca\/wp-content\/uploads\/2026\/08\/MylesLamont.png 400w, https:\/\/wildlifepreservation.ca\/wp-content\/uploads\/2026\/08\/MylesLamont-300x300.png 300w, https:\/\/wildlifepreservation.ca\/wp-content\/uploads\/2026\/08\/MylesLamont-80x80.png 80w, https:\/\/wildlifepreservation.ca\/wp-content\/uploads\/2026\/08\/MylesLamont-12x12.png 12w, https:\/\/wildlifepreservation.ca\/wp-content\/uploads\/2026\/08\/MylesLamont-36x36.png 36w, https:\/\/wildlifepreservation.ca\/wp-content\/uploads\/2026\/08\/MylesLamont-180x180.png 180w\" sizes=\"auto, (max-width: 400px) 100vw, 400px\" \/><strong>Myles Lamont, 24e No\u00e9 du Canada<\/strong><\/h4>\n<p><span style=\"font-weight: 400;\">Myles a grandi dans une petite ferme de loisirs \u00e0 Langley, en C.-B., o\u00f9 son int\u00e9r\u00eat pour la faune a commenc\u00e9 avec un troupeau de canards de Barbarie \u00e0 l'\u00e2ge de cinq ans. \u00c0 la mi-adolescence, il avait constitu\u00e9 une collection de faisans exotiques et de sauvagine, dont certaines esp\u00e8ces menac\u00e9es comme les bernaches n\u00e9n\u00e9 et les oies empereurs. \u00c0 23 ans, il a pris en charge la gestion de la collection chez Hancock apr\u00e8s que son mentor a d\u00fb quitter le Canada. Apr\u00e8s avoir termin\u00e9 ses \u00e9tudes, il a cr\u00e9\u00e9 sa propre soci\u00e9t\u00e9 de conseil sp\u00e9cialis\u00e9e dans l'\u00e9levage de conservation et la gestion de la faune.<\/span><\/p>\n<p><span style=\"font-weight: 400;\">Avoir \u00e9t\u00e9 choisi comme Prochaim No\u00e9 du Canada lui a permis de d\u00e9couvrir sur le terrain les esp\u00e8ces end\u00e9miques menac\u00e9es de l\u2019\u00eele Maurice et de nouer des liens avec d\u2019autres conservationnistes. Myles <\/span><span style=\"font-weight: 400;\">est aujourd\u2019hui fondateur et biologiste en chef de TerraFauna Wildlife Consulting, Inc. !<\/span><\/p>\n<p>Lisez l'un de ses articles de l'\u00eele Maurice : <a href=\"https:\/\/boc-online.org\/bulletins\/downloads\/BBOC1362-Lamont.pdf\">Territorial and courtship displays of Mauritius Cuckooshrike Lalage typica<\/a><\/p>\n<\/div><\/div><\/section>\n<section class='av_tab_section av_tab_section av-mt04q4zp-93bba59bfe06b1c9f83fabcbf2ecb34d'  itemscope=\"itemscope\" itemtype=\"https:\/\/schema.org\/CreativeWork\" ><div id='tab-id-13-tab' class='tab' role='tab' aria-selected=\"false\" tabindex=\"0\" data-fake-id='#tab-id-13' aria-controls='tab-id-13-content'  itemprop=\"headline\" >2012<\/div><div id='tab-id-13-content' class='tab_content' role='tabpanel' aria-labelledby='tab-id-13-tab' aria-hidden=\"true\"><div class='tab_inner_content invers-color'  itemprop=\"text\" ><h4><img loading=\"lazy\" decoding=\"async\" class=\"size-full wp-image-55852 alignleft\" src=\"https:\/\/wildlifepreservation.ca\/wp-content\/uploads\/2026\/08\/JoshuaNoseworthy.png\" alt=\"\" width=\"400\" height=\"400\" srcset=\"https:\/\/wildlifepreservation.ca\/wp-content\/uploads\/2026\/08\/JoshuaNoseworthy.png 400w, https:\/\/wildlifepreservation.ca\/wp-content\/uploads\/2026\/08\/JoshuaNoseworthy-300x300.png 300w, https:\/\/wildlifepreservation.ca\/wp-content\/uploads\/2026\/08\/JoshuaNoseworthy-80x80.png 80w, https:\/\/wildlifepreservation.ca\/wp-content\/uploads\/2026\/08\/JoshuaNoseworthy-12x12.png 12w, https:\/\/wildlifepreservation.ca\/wp-content\/uploads\/2026\/08\/JoshuaNoseworthy-36x36.png 36w, https:\/\/wildlifepreservation.ca\/wp-content\/uploads\/2026\/08\/JoshuaNoseworthy-180x180.png 180w\" sizes=\"auto, (max-width: 400px) 100vw, 400px\" \/><strong>Joshua Noseworthy, 23e No\u00e9 du Canada<\/strong><\/h4>\n<p><span style=\"font-weight: 400;\">Joshua a grandi dans la banlieue du Nouveau-Brunswick, passant du temps dans les for\u00eats et les berges pr\u00e8s de la ferme riveraine de son meilleur ami. Il savait d\u00e8s le d\u00e9but qu'il voulait travailler \u00e0 l'ext\u00e9rieur. \u00c0 l'universit\u00e9, il a r\u00e9alis\u00e9 que la conservation n'\u00e9tait pas suffisamment utilis\u00e9e comme outil de gestion. Les esp\u00e8ces disparaissent rapidement, et il croit que toutes les esp\u00e8ces ont le droit inn\u00e9 \u00e0 l'existence. \u00catre s\u00e9lectionn\u00e9 comme Prochain No\u00e9 du Canada en 2012 signifiait acqu\u00e9rir une exp\u00e9rience pratique avec des strat\u00e9gies de conservation bas\u00e9es sur les esp\u00e8ces. <\/span><span style=\"font-weight: 400;\">Joshua is now the Founding Director &amp; CEO of Global Conservation Solutions!<\/span><\/p>\n<\/div><\/div><\/section>\n<section class='av_tab_section av_tab_section av-mt04q8nw-08aead5a2cd70024aa30c0a60d385334'  itemscope=\"itemscope\" itemtype=\"https:\/\/schema.org\/CreativeWork\" ><div id='tab-id-14-tab' class='tab' role='tab' aria-selected=\"false\" tabindex=\"0\" data-fake-id='#tab-id-14' aria-controls='tab-id-14-content'  itemprop=\"headline\" >2011<\/div><div id='tab-id-14-content' class='tab_content' role='tabpanel' aria-labelledby='tab-id-14-tab' aria-hidden=\"true\"><div class='tab_inner_content invers-color'  itemprop=\"text\" ><h4><img loading=\"lazy\" decoding=\"async\" class=\"size-full wp-image-55851 alignleft\" src=\"https:\/\/wildlifepreservation.ca\/wp-content\/uploads\/2026\/08\/FfionCassidy.png\" alt=\"\" width=\"400\" height=\"400\" srcset=\"https:\/\/wildlifepreservation.ca\/wp-content\/uploads\/2026\/08\/FfionCassidy.png 400w, https:\/\/wildlifepreservation.ca\/wp-content\/uploads\/2026\/08\/FfionCassidy-300x300.png 300w, https:\/\/wildlifepreservation.ca\/wp-content\/uploads\/2026\/08\/FfionCassidy-80x80.png 80w, https:\/\/wildlifepreservation.ca\/wp-content\/uploads\/2026\/08\/FfionCassidy-12x12.png 12w, https:\/\/wildlifepreservation.ca\/wp-content\/uploads\/2026\/08\/FfionCassidy-36x36.png 36w, https:\/\/wildlifepreservation.ca\/wp-content\/uploads\/2026\/08\/FfionCassidy-180x180.png 180w\" sizes=\"auto, (max-width: 400px) 100vw, 400px\" \/><strong>Ffion Cassidy, 22e No\u00e9 du Canada<\/strong><\/h4>\n<p><span style=\"font-weight: 400;\">Ffion a grandi \u00e0 Winnipeg, au Manitoba. Avec de l'exp\u00e9rience dans l'\u00e9tude de la dynamique des populations de chiens de prairie et ayant \u00e9t\u00e9 t\u00e9moin des r\u00e9introductions de furets \u00e0 pieds noirs, Ffion a utilis\u00e9 son ann\u00e9e de No\u00e9 pour combiner ses deux passions pour la biologie de la conservation et le comportement animal. Elle cherchait \u00e0 comprendre comment ces domaines pourraient am\u00e9liorer l'\u00e9levage en captivit\u00e9, la r\u00e9introduction et la gestion des esp\u00e8ces en danger. <\/span><span style=\"font-weight: 400;\">Ffion est ensuite devenue agente de gestion des ressources pour Parcs Canada !<\/span><\/p>\n<\/div><\/div><\/section>\n<section class='av_tab_section av_tab_section av-mt04qd7f-c02938698eeb5ed6f0183a36992331df'  itemscope=\"itemscope\" itemtype=\"https:\/\/schema.org\/CreativeWork\" ><div id='tab-id-15-tab' class='tab' role='tab' aria-selected=\"false\" tabindex=\"0\" data-fake-id='#tab-id-15' aria-controls='tab-id-15-content'  itemprop=\"headline\" >2010<\/div><div id='tab-id-15-content' class='tab_content' role='tabpanel' aria-labelledby='tab-id-15-tab' aria-hidden=\"true\"><div class='tab_inner_content invers-color'  itemprop=\"text\" ><h4><strong><img loading=\"lazy\" decoding=\"async\" class=\"size-full wp-image-55853 alignleft\" src=\"https:\/\/wildlifepreservation.ca\/wp-content\/uploads\/2026\/08\/KendraMcdonald.png\" alt=\"\" width=\"400\" height=\"400\" srcset=\"https:\/\/wildlifepreservation.ca\/wp-content\/uploads\/2026\/08\/KendraMcdonald.png 400w, https:\/\/wildlifepreservation.ca\/wp-content\/uploads\/2026\/08\/KendraMcdonald-300x300.png 300w, https:\/\/wildlifepreservation.ca\/wp-content\/uploads\/2026\/08\/KendraMcdonald-80x80.png 80w, https:\/\/wildlifepreservation.ca\/wp-content\/uploads\/2026\/08\/KendraMcdonald-12x12.png 12w, https:\/\/wildlifepreservation.ca\/wp-content\/uploads\/2026\/08\/KendraMcdonald-36x36.png 36w, https:\/\/wildlifepreservation.ca\/wp-content\/uploads\/2026\/08\/KendraMcdonald-180x180.png 180w\" sizes=\"auto, (max-width: 400px) 100vw, 400px\" \/><\/strong><\/h4>\n<h4><strong>Kendra Mcdonald, 21e No\u00e9 du Canada<\/strong><\/h4>\n<p><span style=\"font-weight: 400;\">Kendra est arriv\u00e9e \u00e0 l'\u00eele Maurice et a pass\u00e9 des mois sur l'\u00eele Ronde comme assistante gardienne, o\u00f9 elle a travaill\u00e9 sur la surveillance des plantes, des recherches de boas la nuit, le baguage des oiseaux, des relev\u00e9s de p\u00e9trels et les soins aux tortues. Elle a pu assister \u00e0 la lib\u00e9ration de foudis de Maurice sur l'\u00eele et a aid\u00e9 \u00e0 former d'autres gardes dans le d\u00e9ploiement de g\u00e9olocalisateurs sur les p\u00e9trels de l'\u00eele Ronde pour suivre leurs sch\u00e9mas de migration. Elle est rentr\u00e9e chez elle inspir\u00e9e \u00e0 ramener ce qu'elle avait appris au travail de conservation au Canada. <\/span><span style=\"font-weight: 400;\">Kendra vient de <\/span><span style=\"font-weight: 400;\">l'\u00cele-du-Prince-\u00c9douard et<\/span><span style=\"font-weight: 400;\"> est maintenant coordinatrice provinciale des partenariats autochtones pour le gouvernement de l'Alberta !<\/span><\/p>\n<\/div><\/div><\/section>\n<section class='av_tab_section av_tab_section av-mt04qj40-6dcffd172436e53cb43602fd2c9e424d'  itemscope=\"itemscope\" itemtype=\"https:\/\/schema.org\/CreativeWork\" ><div id='tab-id-16-tab' class='tab' role='tab' aria-selected=\"false\" tabindex=\"0\" data-fake-id='#tab-id-16' aria-controls='tab-id-16-content'  itemprop=\"headline\" >2009<\/div><div id='tab-id-16-content' class='tab_content' role='tabpanel' aria-labelledby='tab-id-16-tab' aria-hidden=\"true\"><div class='tab_inner_content invers-color'  itemprop=\"text\" ><h4><strong><img loading=\"lazy\" decoding=\"async\" class=\"size-full wp-image-55855 alignleft\" src=\"https:\/\/wildlifepreservation.ca\/wp-content\/uploads\/2026\/08\/TaraImlay.png\" alt=\"\" width=\"400\" height=\"400\" srcset=\"https:\/\/wildlifepreservation.ca\/wp-content\/uploads\/2026\/08\/TaraImlay.png 400w, https:\/\/wildlifepreservation.ca\/wp-content\/uploads\/2026\/08\/TaraImlay-300x300.png 300w, https:\/\/wildlifepreservation.ca\/wp-content\/uploads\/2026\/08\/TaraImlay-80x80.png 80w, https:\/\/wildlifepreservation.ca\/wp-content\/uploads\/2026\/08\/TaraImlay-12x12.png 12w, https:\/\/wildlifepreservation.ca\/wp-content\/uploads\/2026\/08\/TaraImlay-36x36.png 36w, https:\/\/wildlifepreservation.ca\/wp-content\/uploads\/2026\/08\/TaraImlay-180x180.png 180w\" sizes=\"auto, (max-width: 400px) 100vw, 400px\" \/><\/strong><\/h4>\n<h4><strong>Tara Imlay, 20e No\u00e9 du Canada<\/strong><\/h4>\n<p><span style=\"font-weight: 400;\">Tara a commenc\u00e9 avec CFC en 2008, \u00e9tudiant le comportement et les mouvements des pie-gri\u00e8ches migratrices de l'Est rel\u00e2ch\u00e9es par le programme d'\u00e9levage de conservation. L'ann\u00e9e suivante, elle est devenue le 20e Prochain No\u00e9 du Canada et a pass\u00e9 son temps \u00e0 l'\u00eele Maurice \u00e0 \u00e9tudier la productivit\u00e9 et le succ\u00e8s de reproduction du cr\u00e9cerelle. En 2011, elle est revenue \u00e0 CFC comme biologiste du r\u00e9tablissement des esp\u00e8ces, coordonnant le Programme de r\u00e9tablissement de la pie-gri\u00e8che migratrice de l'Est. Tara<\/span><span style=\"font-weight: 400;\"> est ensuite all\u00e9e travailler pour ECCC comme biologiste des oiseaux terrestres !<\/span><\/p>\n<p>Lisez l'un de ses articles de l'\u00eele Maurice : <a href=\"https:\/\/www.researchgate.net\/publication\/271213574_A_novel_approach_to_counting_geckos_Phelsuma_density_in_Mauritian_forests\">A novel approach to counting geckos: Phelsuma density in Mauritian forests<\/a><\/p>\n<\/div><\/div><\/section>\n<section class='av_tab_section av_tab_section av-mt04qok3-f5dd75ae84e9257614fcd8f6469e6d97'  itemscope=\"itemscope\" itemtype=\"https:\/\/schema.org\/CreativeWork\" ><div id='tab-id-17-tab' class='tab' role='tab' aria-selected=\"false\" tabindex=\"0\" data-fake-id='#tab-id-17' aria-controls='tab-id-17-content'  itemprop=\"headline\" >2008<\/div><div id='tab-id-17-content' class='tab_content' role='tabpanel' aria-labelledby='tab-id-17-tab' aria-hidden=\"true\"><div class='tab_inner_content invers-color'  itemprop=\"text\" ><h4><strong><img loading=\"lazy\" decoding=\"async\" class=\"size-full wp-image-55850 alignleft\" src=\"https:\/\/wildlifepreservation.ca\/wp-content\/uploads\/2026\/08\/EwaBednarczuk.png\" alt=\"\" width=\"400\" height=\"400\" srcset=\"https:\/\/wildlifepreservation.ca\/wp-content\/uploads\/2026\/08\/EwaBednarczuk.png 400w, https:\/\/wildlifepreservation.ca\/wp-content\/uploads\/2026\/08\/EwaBednarczuk-300x300.png 300w, https:\/\/wildlifepreservation.ca\/wp-content\/uploads\/2026\/08\/EwaBednarczuk-80x80.png 80w, https:\/\/wildlifepreservation.ca\/wp-content\/uploads\/2026\/08\/EwaBednarczuk-12x12.png 12w, https:\/\/wildlifepreservation.ca\/wp-content\/uploads\/2026\/08\/EwaBednarczuk-36x36.png 36w, https:\/\/wildlifepreservation.ca\/wp-content\/uploads\/2026\/08\/EwaBednarczuk-180x180.png 180w\" sizes=\"auto, (max-width: 400px) 100vw, 400px\" \/><\/strong><\/h4>\n<h4><strong>Ewa Bednarczuk, 19e No\u00e9 du Canada<\/strong><\/h4>\n<p><span style=\"font-weight: 400;\">Pendant son s\u00e9jour comme No\u00e9, Ewa a mis en \u0153uvre le projet d'\u00e9radication du moineau domestique envahissant sur l'\u00eele Ronde, \u00e0 l'\u00eele Maurice et dans l'oc\u00e9an Indien, pour s\u00e9curiser l'habitat pour la r\u00e9introduction du foudi de Maurice, un oiseau chanteur en danger critique.\u00a0<\/span><\/p>\n<p><span style=\"font-weight: 400;\">Ewa completed both her BSc Honours in Ecology and MSc in Zoology with a specialization in Wildlife Conservation &amp; Molecular Biology at the University of Guelph.<\/span> <span style=\"font-weight: 400;\">E<\/span><span style=\"font-weight: 400;\">lle occupe aujourd\u2019hui le poste de coordonnatrice de la biologie de la conservation au sein de CFC !<\/span><\/p>\n<p>Lisez l'un de ses articles de l'\u00eele Maurice : <a href=\"https:\/\/www.conservationevidencejournal.com\/reference\/pdf\/2320\">Attempted eradication of house sparrows Passer domesticus from Round Island (Mauritius), Indian Ocean<\/a><\/p>\n<\/div><\/div><\/section>\n<section class='av_tab_section av_tab_section av-mt0au47z-e06823b6c797db5e22b9372b7305422e'  itemscope=\"itemscope\" itemtype=\"https:\/\/schema.org\/CreativeWork\" ><div id='tab-id-18-tab' class='tab' role='tab' aria-selected=\"false\" tabindex=\"0\" data-fake-id='#tab-id-18' aria-controls='tab-id-18-content'  itemprop=\"headline\" >2007<\/div><div id='tab-id-18-content' class='tab_content' role='tabpanel' aria-labelledby='tab-id-18-tab' aria-hidden=\"true\"><div class='tab_inner_content invers-color'  itemprop=\"text\" ><h4><span style=\"font-weight: 400;\"><img loading=\"lazy\" decoding=\"async\" class=\"size-full wp-image-55859 alignleft\" src=\"https:\/\/wildlifepreservation.ca\/wp-content\/uploads\/2026\/08\/ChristinaDavy.png\" alt=\"\" width=\"400\" height=\"400\" srcset=\"https:\/\/wildlifepreservation.ca\/wp-content\/uploads\/2026\/08\/ChristinaDavy.png 400w, https:\/\/wildlifepreservation.ca\/wp-content\/uploads\/2026\/08\/ChristinaDavy-300x300.png 300w, https:\/\/wildlifepreservation.ca\/wp-content\/uploads\/2026\/08\/ChristinaDavy-80x80.png 80w, https:\/\/wildlifepreservation.ca\/wp-content\/uploads\/2026\/08\/ChristinaDavy-12x12.png 12w, https:\/\/wildlifepreservation.ca\/wp-content\/uploads\/2026\/08\/ChristinaDavy-36x36.png 36w, https:\/\/wildlifepreservation.ca\/wp-content\/uploads\/2026\/08\/ChristinaDavy-180x180.png 180w\" sizes=\"auto, (max-width: 400px) 100vw, 400px\" \/><\/span><strong>Christina Davy, 18e No\u00e9 du Canada<\/strong><\/h4>\n<p><span style=\"font-weight: 400;\">Les journ\u00e9es de Christina comme No\u00e9 commen\u00e7aient \u00e0 6 h du matin quand les oiseaux se r\u00e9veillaient. Elle \u00e9tait bas\u00e9e sur l'\u00cele aux Aigrettes o\u00f9 elle surveillait les foudis qui se nourrissaient dans la voli\u00e8re et les regardait commencer \u00e0 construire des nids de herbes complexes pour la premi\u00e8re fois. Les zost\u00e9rops de Maurice \u00e9taient minuscules mais intr\u00e9pides, chassant constamment des oiseaux bien plus grands qu'eux. Ils passaient du temps \u00e0 tisser des liens avec leurs partenaires, \u00e0 se blottir et \u00e0 se lisser mutuellement les plumes. Elle \u00e9tait enthousiaste \u00e0 l'id\u00e9e de la saison de reproduction \u00e0 venir et esp\u00e9rait voir \u00e0 la fois les foudis et les zost\u00e9rops transf\u00e9r\u00e9s nicher avec succ\u00e8s. Christina vient de l'Ontario <\/span><span style=\"font-weight: 400;\">et<\/span><span style=\"font-weight: 400;\"> est ensuite devenue chercheuse scientifique (esp\u00e8ces en p\u00e9ril) au minist\u00e8re des Richesses naturelles et des For\u00eats de l'Ontario.<\/span><\/p>\n<\/div><\/div><\/section>\n<section class='av_tab_section av_tab_section av-mt0auow1-ee8029a7425db7fd3e26b5bc639e177c'  itemscope=\"itemscope\" itemtype=\"https:\/\/schema.org\/CreativeWork\" ><div id='tab-id-19-tab' class='tab' role='tab' aria-selected=\"false\" tabindex=\"0\" data-fake-id='#tab-id-19' aria-controls='tab-id-19-content'  itemprop=\"headline\" >2006<\/div><div id='tab-id-19-content' class='tab_content' role='tabpanel' aria-labelledby='tab-id-19-tab' aria-hidden=\"true\"><div class='tab_inner_content invers-color'  itemprop=\"text\" ><h4><strong><img loading=\"lazy\" decoding=\"async\" class=\"size-full wp-image-55861 alignleft\" src=\"https:\/\/wildlifepreservation.ca\/wp-content\/uploads\/2026\/08\/NatashaLloyd.png\" alt=\"\" width=\"400\" height=\"400\" srcset=\"https:\/\/wildlifepreservation.ca\/wp-content\/uploads\/2026\/08\/NatashaLloyd.png 400w, https:\/\/wildlifepreservation.ca\/wp-content\/uploads\/2026\/08\/NatashaLloyd-300x300.png 300w, https:\/\/wildlifepreservation.ca\/wp-content\/uploads\/2026\/08\/NatashaLloyd-80x80.png 80w, https:\/\/wildlifepreservation.ca\/wp-content\/uploads\/2026\/08\/NatashaLloyd-12x12.png 12w, https:\/\/wildlifepreservation.ca\/wp-content\/uploads\/2026\/08\/NatashaLloyd-36x36.png 36w, https:\/\/wildlifepreservation.ca\/wp-content\/uploads\/2026\/08\/NatashaLloyd-180x180.png 180w\" sizes=\"auto, (max-width: 400px) 100vw, 400px\" \/>Natasha Lloyd, 17e No\u00e9 du Canada<\/strong><\/h4>\n<p><span style=\"font-weight: 400;\">Comme No\u00e9 au centre de formation du zoo de Jersey, Natasha a travaill\u00e9 avec des chauves-souris, des tamarins, des loutres et des coatis, et a pass\u00e9 beaucoup de temps \u00e0 apprendre les outils de conservation, la mod\u00e9lisation des populations et comment r\u00e9diger des propositions de financement. \u00c0 l'\u00eele Maurice, elle a travaill\u00e9 avec des foudis et des zost\u00e9rops, en surveillant les nids, en sauvant des \u0153ufs et des poussins, en \u00e9levant des oiseaux \u00e0 la main, et \u00e9tait l\u00e0 pour les premi\u00e8res lib\u00e9rations sur l'\u00cele aux Aigrettes. \u00c0 la fin de son s\u00e9jour l\u00e0-bas, 47 foudis de Maurice avaient pris leur envol et 16 zost\u00e9rops avaient \u00e9t\u00e9 rel\u00e2ch\u00e9s. <\/span><span style=\"font-weight: 400;\">Natasha<\/span><span style=\"font-weight: 400;\"> est maintenant coordinatrice de la conservation pour le Service canadien de la faune !<\/span><\/p>\n<\/div><\/div><\/section>\n<section class='av_tab_section av_tab_section av-mt0auz7e-ed284d620c8823ea768a9961d4903a47'  itemscope=\"itemscope\" itemtype=\"https:\/\/schema.org\/CreativeWork\" ><div id='tab-id-20-tab' class='tab' role='tab' aria-selected=\"false\" tabindex=\"0\" data-fake-id='#tab-id-20' aria-controls='tab-id-20-content'  itemprop=\"headline\" >2005<\/div><div id='tab-id-20-content' class='tab_content' role='tabpanel' aria-labelledby='tab-id-20-tab' aria-hidden=\"true\"><div class='tab_inner_content invers-color'  itemprop=\"text\" ><h4><strong><img loading=\"lazy\" decoding=\"async\" class=\"size-full wp-image-55860 alignleft\" src=\"https:\/\/wildlifepreservation.ca\/wp-content\/uploads\/2026\/08\/JessicaSteiner.png\" alt=\"\" width=\"400\" height=\"400\" srcset=\"https:\/\/wildlifepreservation.ca\/wp-content\/uploads\/2026\/08\/JessicaSteiner.png 400w, https:\/\/wildlifepreservation.ca\/wp-content\/uploads\/2026\/08\/JessicaSteiner-300x300.png 300w, https:\/\/wildlifepreservation.ca\/wp-content\/uploads\/2026\/08\/JessicaSteiner-80x80.png 80w, https:\/\/wildlifepreservation.ca\/wp-content\/uploads\/2026\/08\/JessicaSteiner-12x12.png 12w, https:\/\/wildlifepreservation.ca\/wp-content\/uploads\/2026\/08\/JessicaSteiner-36x36.png 36w, https:\/\/wildlifepreservation.ca\/wp-content\/uploads\/2026\/08\/JessicaSteiner-180x180.png 180w\" sizes=\"auto, (max-width: 400px) 100vw, 400px\" \/>Jessica Steiner, 16e No\u00e9 du Canada<\/strong><\/h4>\n<p><span style=\"font-weight: 400;\">Comme No\u00e9 du Canada \u00e0 l'\u00eele Maurice, Jessica a \u00e9t\u00e9 la premi\u00e8re personne \u00e0 nourrir \u00e0 la main un poussin de zost\u00e9rops de Maurice. Elle a aid\u00e9 \u00e0 sauver deux nids : l'un avec des poussins \u00e2g\u00e9s de 5 jours, l'autre avec des \u0153ufs et un poussin fra\u00eechement \u00e9clos. Les trois ont finalement pris leur envol et ont \u00e9t\u00e9 transf\u00e9r\u00e9s dans de grandes voli\u00e8res ext\u00e9rieures. C'\u00e9tait incroyable de faire partie de la premi\u00e8re \u00e9quipe \u00e0 amener cette esp\u00e8ce en captivit\u00e9. Jessica vient de l'Ontario <\/span><span style=\"font-weight: 400;\">et<\/span><span style=\"font-weight: 400;\"> est maintenant directrice principale du Plan d'action Wilder Canada pour le Wilder Institute ! Auparavant, elle \u00e9tait directrice des programmes de conservation pour CFC.\u00a0<\/span><\/p>\n<\/div><\/div><\/section>\n<section class='av_tab_section av_tab_section av-mt0avben-3a91992b6305b9db0fbca29af02741f7'  itemscope=\"itemscope\" itemtype=\"https:\/\/schema.org\/CreativeWork\" ><div id='tab-id-21-tab' class='tab' role='tab' aria-selected=\"false\" tabindex=\"0\" data-fake-id='#tab-id-21' aria-controls='tab-id-21-content'  itemprop=\"headline\" >2004<\/div><div id='tab-id-21-content' class='tab_content' role='tabpanel' aria-labelledby='tab-id-21-tab' aria-hidden=\"true\"><div class='tab_inner_content invers-color'  itemprop=\"text\" ><h4><strong><img loading=\"lazy\" decoding=\"async\" class=\"size-full wp-image-55862 alignleft\" src=\"https:\/\/wildlifepreservation.ca\/wp-content\/uploads\/2026\/08\/SarahJames.png\" alt=\"\" width=\"400\" height=\"400\" srcset=\"https:\/\/wildlifepreservation.ca\/wp-content\/uploads\/2026\/08\/SarahJames.png 400w, https:\/\/wildlifepreservation.ca\/wp-content\/uploads\/2026\/08\/SarahJames-300x300.png 300w, https:\/\/wildlifepreservation.ca\/wp-content\/uploads\/2026\/08\/SarahJames-80x80.png 80w, https:\/\/wildlifepreservation.ca\/wp-content\/uploads\/2026\/08\/SarahJames-12x12.png 12w, https:\/\/wildlifepreservation.ca\/wp-content\/uploads\/2026\/08\/SarahJames-36x36.png 36w, https:\/\/wildlifepreservation.ca\/wp-content\/uploads\/2026\/08\/SarahJames-180x180.png 180w\" sizes=\"auto, (max-width: 400px) 100vw, 400px\" \/>Sarah James, 15e No\u00e9 du Canada<\/strong><\/h4>\n<p><span style=\"font-weight: 400;\">Comme No\u00e9 au centre de formation du zoo de Jersey, elle a con\u00e7u un projet \u00e9ducatif sur la sensibilisation \u00e0 la conservation pour les \u00e9tudiants \u00e0 l'\u00eele Maurice. Elle a \u00e9galement eu la chance d'assister \u00e0 une naissance par c\u00e9sarienne d'un b\u00e9b\u00e9 orang-outan, quelque chose qu'elle n'oubliera jamais. Elle a travaill\u00e9 avec des l\u00e9muriens, des aye-ayes, des chauves-souris et des ouistitis, et a aid\u00e9 \u00e0 installer des chemins de cordes pour les tamarins. \u00c0 l'\u00eele Maurice, elle a travaill\u00e9 avec le foudi de Maurice en danger critique sur l'\u00cele aux Aigrettes, observant la population passer de 6 oiseaux sur l'\u00eele \u00e0 55, et a \u00e9t\u00e9 t\u00e9moin des premiers foudis \u00e0 \u00e9clore l\u00e0-bas en 300 ans. Vers la fin, elle a r\u00e9chauff\u00e9 un \u0153uf de foudi abandonn\u00e9 avec sa chaleur corporelle pour le garder en vie jusqu'\u00e0 ce qu'il atteigne un incubateur\u2026 et il a \u00e9clos ! <\/span><span style=\"font-weight: 400;\">Sarah<\/span><span style=\"font-weight: 400;\"> est ensuite devenue \u00e9cologiste pour Saskatchewan Environment !<\/span><\/p>\n<\/div><\/div><\/section>\n<section class='av_tab_section av_tab_section av-mt0avgcz-14ea547e7bc2dfbc6618c3e05a8e3852'  itemscope=\"itemscope\" itemtype=\"https:\/\/schema.org\/CreativeWork\" ><div id='tab-id-22-tab' class='tab' role='tab' aria-selected=\"false\" tabindex=\"0\" data-fake-id='#tab-id-22' aria-controls='tab-id-22-content'  itemprop=\"headline\" >2003<\/div><div id='tab-id-22-content' class='tab_content' role='tabpanel' aria-labelledby='tab-id-22-tab' aria-hidden=\"true\"><div class='tab_inner_content invers-color'  itemprop=\"text\" ><h4><strong><img loading=\"lazy\" decoding=\"async\" class=\"size-full wp-image-55863 alignleft\" src=\"https:\/\/wildlifepreservation.ca\/wp-content\/uploads\/2026\/08\/SergeAucoin.png\" alt=\"\" width=\"400\" height=\"400\" srcset=\"https:\/\/wildlifepreservation.ca\/wp-content\/uploads\/2026\/08\/SergeAucoin.png 400w, https:\/\/wildlifepreservation.ca\/wp-content\/uploads\/2026\/08\/SergeAucoin-300x300.png 300w, https:\/\/wildlifepreservation.ca\/wp-content\/uploads\/2026\/08\/SergeAucoin-80x80.png 80w, https:\/\/wildlifepreservation.ca\/wp-content\/uploads\/2026\/08\/SergeAucoin-12x12.png 12w, https:\/\/wildlifepreservation.ca\/wp-content\/uploads\/2026\/08\/SergeAucoin-36x36.png 36w, https:\/\/wildlifepreservation.ca\/wp-content\/uploads\/2026\/08\/SergeAucoin-180x180.png 180w\" sizes=\"auto, (max-width: 400px) 100vw, 400px\" \/>Serge Aucoin, 14e No\u00e9 du Canada<\/strong><\/h4>\n<p>Serge a travaill\u00e9 dans diff\u00e9rentes sections du zoo de Jersey au centre de formation en apprenant les soins aux animaux, puis a con\u00e7u un projet ind\u00e9pendant sur les tamarins lions noirs : un primate en danger critique du Br\u00e9sil. \u00c0 l'\u00eele Maurice, il a surveill\u00e9 les pigeons roses \u00e0 la station de terrain de Combo, passant des heures dans les arbres \u00e0 surveiller les nids. Il a ensuite d\u00e9m\u00e9nag\u00e9 sur l'\u00eele Ronde pour aider \u00e0 restaurer l'habitat indig\u00e8ne, pr\u00e9parant des p\u00e9pini\u00e8res pour des milliers de plants qui reboiseraient le paysage d\u00e9grad\u00e9 de l'\u00eele. Il est maintenant technicien en mammif\u00e8res marins pour le MPO !<\/p>\n<\/div><\/div><\/section>\n<section class='av_tab_section av_tab_section av-mt0avmec-2e1ce9e3bd9f291e628c09b1dafb88f0'  itemscope=\"itemscope\" itemtype=\"https:\/\/schema.org\/CreativeWork\" ><div id='tab-id-23-tab' class='tab' role='tab' aria-selected=\"false\" tabindex=\"0\" data-fake-id='#tab-id-23' aria-controls='tab-id-23-content'  itemprop=\"headline\" >2002<\/div><div id='tab-id-23-content' class='tab_content' role='tabpanel' aria-labelledby='tab-id-23-tab' aria-hidden=\"true\"><div class='tab_inner_content invers-color'  itemprop=\"text\" ><h4><strong><img loading=\"lazy\" decoding=\"async\" class=\"size-full wp-image-55858 alignleft\" src=\"https:\/\/wildlifepreservation.ca\/wp-content\/uploads\/2026\/08\/AzureDeeFarago.png\" alt=\"\" width=\"400\" height=\"400\" srcset=\"https:\/\/wildlifepreservation.ca\/wp-content\/uploads\/2026\/08\/AzureDeeFarago.png 400w, https:\/\/wildlifepreservation.ca\/wp-content\/uploads\/2026\/08\/AzureDeeFarago-300x300.png 300w, https:\/\/wildlifepreservation.ca\/wp-content\/uploads\/2026\/08\/AzureDeeFarago-80x80.png 80w, https:\/\/wildlifepreservation.ca\/wp-content\/uploads\/2026\/08\/AzureDeeFarago-12x12.png 12w, https:\/\/wildlifepreservation.ca\/wp-content\/uploads\/2026\/08\/AzureDeeFarago-36x36.png 36w, https:\/\/wildlifepreservation.ca\/wp-content\/uploads\/2026\/08\/AzureDeeFarago-180x180.png 180w\" sizes=\"auto, (max-width: 400px) 100vw, 400px\" \/>Azure-Dee, 13e No\u00e9 du Canada<\/strong><\/h4>\n<p><span style=\"font-weight: 400;\">Pendant son s\u00e9jour comme No\u00e9, Azure-Dee s'est entra\u00een\u00e9e dans les sections des l\u00e9muriens, des oiseaux et des reptiles de Jersey ; elle a appris l'enrichissement pour les animaux, pr\u00e9par\u00e9 des r\u00e9gimes sp\u00e9cialis\u00e9s et rep\u00e9r\u00e9 des nids de pigeons roses nich\u00e9s dans les branches. Elle s'est dirig\u00e9e vers l'\u00eele Maurice o\u00f9 elle a surveill\u00e9 les pigeons roses et travaill\u00e9 avec les perruches de Maurice. Malgr\u00e9 s'\u00eatre fendu le genou sur la roche d'atterrissage de l'\u00eele Ronde dans sa premi\u00e8re heure, elle a continu\u00e9 \u00e0 travailler, tenant des b\u00e9b\u00e9s perruches, pr\u00e9levant des \u00e9chantillons de sang et randonnant \u00e0 travers des gorges. Elle a prouv\u00e9 que la d\u00e9termination compte plus que quelques points de suture. Elle a prolong\u00e9 son s\u00e9jour \u00e0 l'\u00eele Maurice pour aider autant qu'elle le pouvait, elle redoutait l'id\u00e9e de partir mais savait qu'elle voulait ramener ce qu'elle avait appris au Canada. Azure-Dee vient de la Saskatchewan <\/span><span style=\"font-weight: 400;\">et<\/span><span style=\"font-weight: 400;\"> et elle est ensuite devenue gestionnaire de contrats\/programme au International CCS Knowledge Centre !<\/span><\/p>\n<\/div><\/div><\/section>\n<section class='av_tab_section av_tab_section av-mt1i7tqm-b4bc61946475ae958c84230afba3444d'  itemscope=\"itemscope\" itemtype=\"https:\/\/schema.org\/CreativeWork\" ><div id='tab-id-24-tab' class='tab' role='tab' aria-selected=\"false\" tabindex=\"0\" data-fake-id='#tab-id-24' aria-controls='tab-id-24-content'  itemprop=\"headline\" >2001<\/div><div id='tab-id-24-content' class='tab_content' role='tabpanel' aria-labelledby='tab-id-24-tab' aria-hidden=\"true\"><div class='tab_inner_content invers-color'  itemprop=\"text\" ><h4><strong>Merilee Temple, 12e No\u00e9 du Canada<\/strong><\/h4>\n<p><span style=\"font-weight: 400;\">Apr\u00e8s s'\u00eatre entra\u00een\u00e9e \u00e0 Jersey comme No\u00e9 du Canada, o\u00f9 elle a con\u00e7u un programme d'\u00e9levage en captivit\u00e9 pour les chev\u00eaches des terriers, Merilee a pass\u00e9 des mois \u00e0 l'\u00eele Maurice \u00e0 surveiller les pigeons roses et les perruches de Maurice. Elle a \u00e9t\u00e9 particuli\u00e8rement frapp\u00e9e par la fa\u00e7on dont la formation \u00e0 Jersey a port\u00e9 ses fruits \u00e0 l'\u00eele Maurice. Les comp\u00e9tences qu'elle a apprises ont \u00e9t\u00e9 utiles imm\u00e9diatement et ont rendu son travail plus utile. Elle a localis\u00e9 une femelle perruche de Maurice rel\u00e2ch\u00e9e \u00e0 l'\u00e9tat sauvage qui se reproduisait avec succ\u00e8s et a bagu\u00e9 des oisillons \u00e0 9 m\u00e8tres de hauteur dans des arbres minces en utilisant des solutions d'\u00e9chafaudage cr\u00e9atives. Merilee vient de la Nouvelle-\u00c9cosse !<\/span><\/p>\n<\/div><\/div><\/section>\n<section class='av_tab_section av_tab_section av-mt1i80i7-3660b0f2c629f70dc82759414cf73e04'  itemscope=\"itemscope\" itemtype=\"https:\/\/schema.org\/CreativeWork\" ><div id='tab-id-25-tab' class='tab' role='tab' aria-selected=\"false\" tabindex=\"0\" data-fake-id='#tab-id-25' aria-controls='tab-id-25-content'  itemprop=\"headline\" >2000<\/div><div id='tab-id-25-content' class='tab_content' role='tabpanel' aria-labelledby='tab-id-25-tab' aria-hidden=\"true\"><div class='tab_inner_content invers-color'  itemprop=\"text\" ><h4><strong><img loading=\"lazy\" decoding=\"async\" class=\"size-full wp-image-55887 alignleft\" src=\"https:\/\/wildlifepreservation.ca\/wp-content\/uploads\/2026\/08\/DianeLynnCasimir.png\" alt=\"\" width=\"400\" height=\"400\" srcset=\"https:\/\/wildlifepreservation.ca\/wp-content\/uploads\/2026\/08\/DianeLynnCasimir.png 400w, https:\/\/wildlifepreservation.ca\/wp-content\/uploads\/2026\/08\/DianeLynnCasimir-300x300.png 300w, https:\/\/wildlifepreservation.ca\/wp-content\/uploads\/2026\/08\/DianeLynnCasimir-80x80.png 80w, https:\/\/wildlifepreservation.ca\/wp-content\/uploads\/2026\/08\/DianeLynnCasimir-12x12.png 12w, https:\/\/wildlifepreservation.ca\/wp-content\/uploads\/2026\/08\/DianeLynnCasimir-36x36.png 36w, https:\/\/wildlifepreservation.ca\/wp-content\/uploads\/2026\/08\/DianeLynnCasimir-180x180.png 180w\" sizes=\"auto, (max-width: 400px) 100vw, 400px\" \/>Diane Lynn Casimir, 11e No\u00e9 du Canada<\/strong><\/h4>\n<p><span style=\"font-weight: 400;\">Diane a commenc\u00e9 comme stagiaire au d\u00e9partement de recherche en conservation du zoo de Calgary en 2000, \u00e9tudiant les marmottes de l'\u00eele Vancouver \u2014 l'animal le plus en danger du Canada. Comme No\u00e9 du Canada, \u00e0 l'\u00eele Maurice, elle a \u00e9lev\u00e9 \u00e0 la main et rel\u00e2ch\u00e9 des poussins de perruches de Maurice, les entra\u00eenant \u00e0 r\u00e9pondre aux appels de sifflet et aux graines de tournesol tout en surveillant leurs vols du matin jusqu'\u00e0 la journ\u00e9e. Ses rel\u00e2chers de perruches de Maurice ont am\u00e9lior\u00e9 les comp\u00e9tences de survie dans la nature et l'ind\u00e9pendance. Diane vient de la C.-B. et elle est ensuite devenue biologiste des esp\u00e8ces en p\u00e9ril avec Parcs Canada !<\/span><\/p>\n<\/div><\/div><\/section>\n<section class='av_tab_section av_tab_section av-mt1i8gda-5f06146673240384902824f7febd919e'  itemscope=\"itemscope\" itemtype=\"https:\/\/schema.org\/CreativeWork\" ><div id='tab-id-26-tab' class='tab' role='tab' aria-selected=\"false\" tabindex=\"0\" data-fake-id='#tab-id-26' aria-controls='tab-id-26-content'  itemprop=\"headline\" >1999<\/div><div id='tab-id-26-content' class='tab_content' role='tabpanel' aria-labelledby='tab-id-26-tab' aria-hidden=\"true\"><div class='tab_inner_content invers-color'  itemprop=\"text\" ><h4><strong><img loading=\"lazy\" decoding=\"async\" class=\"size-full wp-image-55891 alignleft\" src=\"https:\/\/wildlifepreservation.ca\/wp-content\/uploads\/2026\/08\/PatrickGarcia.png\" alt=\"\" width=\"400\" height=\"400\" srcset=\"https:\/\/wildlifepreservation.ca\/wp-content\/uploads\/2026\/08\/PatrickGarcia.png 400w, https:\/\/wildlifepreservation.ca\/wp-content\/uploads\/2026\/08\/PatrickGarcia-300x300.png 300w, https:\/\/wildlifepreservation.ca\/wp-content\/uploads\/2026\/08\/PatrickGarcia-80x80.png 80w, https:\/\/wildlifepreservation.ca\/wp-content\/uploads\/2026\/08\/PatrickGarcia-12x12.png 12w, https:\/\/wildlifepreservation.ca\/wp-content\/uploads\/2026\/08\/PatrickGarcia-36x36.png 36w, https:\/\/wildlifepreservation.ca\/wp-content\/uploads\/2026\/08\/PatrickGarcia-180x180.png 180w\" sizes=\"auto, (max-width: 400px) 100vw, 400px\" \/>Patrick Garcia, 10e No\u00e9 du Canada<\/strong><\/h4>\n<p><span style=\"font-weight: 400;\">Biologiste et v\u00e9t\u00e9rinaire de la faune de l'ouest canadien avec 20 ans d'exp\u00e9rience dans des r\u00e9gions sauvages \u00e9loign\u00e9es notamment Madagascar, l'Ouganda, Born\u00e9o, le Mexique et la Tanzanie, Patrick a apport\u00e9 une expertise diversifi\u00e9e avec les esp\u00e8ces en danger \u00e0 son placement de Prochain No\u00e9 \u00e0 l'\u00eele Maurice. Son travail l'a men\u00e9 de la recherche sur le terrain \u00e0 l'\u00e9ducation communautaire, donnant plus de 200 pr\u00e9sentations aux \u00e9coles et aux groupes communautaires, et il continue \u00e0 sensibiliser le public aux efforts de conservation de la faune par des organisations comme la Soci\u00e9t\u00e9 humanitaire d'Oakville. Il vient de Victoria, en C.-B., <\/span><span style=\"font-weight: 400;\">et<\/span><span style=\"font-weight: 400;\"> est maintenant v\u00e9t\u00e9rinaire au Burloak Animal Hospital !<\/span><\/p>\n<\/div><\/div><\/section>\n<section class='av_tab_section av_tab_section av-mt1iz3a9-4c6a84e26afbe0b47860f2ab37f472db'  itemscope=\"itemscope\" itemtype=\"https:\/\/schema.org\/CreativeWork\" ><div id='tab-id-27-tab' class='tab' role='tab' aria-selected=\"false\" tabindex=\"0\" data-fake-id='#tab-id-27' aria-controls='tab-id-27-content'  itemprop=\"headline\" >1998<\/div><div id='tab-id-27-content' class='tab_content' role='tabpanel' aria-labelledby='tab-id-27-tab' aria-hidden=\"true\"><div class='tab_inner_content invers-color'  itemprop=\"text\" ><h4><strong><img loading=\"lazy\" decoding=\"async\" class=\"size-full wp-image-55886 alignleft\" src=\"https:\/\/wildlifepreservation.ca\/wp-content\/uploads\/2026\/08\/DaveStepnisky.png\" alt=\"\" width=\"400\" height=\"400\" srcset=\"https:\/\/wildlifepreservation.ca\/wp-content\/uploads\/2026\/08\/DaveStepnisky.png 400w, https:\/\/wildlifepreservation.ca\/wp-content\/uploads\/2026\/08\/DaveStepnisky-300x300.png 300w, https:\/\/wildlifepreservation.ca\/wp-content\/uploads\/2026\/08\/DaveStepnisky-80x80.png 80w, https:\/\/wildlifepreservation.ca\/wp-content\/uploads\/2026\/08\/DaveStepnisky-12x12.png 12w, https:\/\/wildlifepreservation.ca\/wp-content\/uploads\/2026\/08\/DaveStepnisky-36x36.png 36w, https:\/\/wildlifepreservation.ca\/wp-content\/uploads\/2026\/08\/DaveStepnisky-180x180.png 180w\" sizes=\"auto, (max-width: 400px) 100vw, 400px\" \/>Dave Stepnisky, 9e No\u00e9 du Canada<\/strong><\/h4>\n<p><span style=\"font-weight: 400;\">Pour Dave, le programme du Prochain No\u00e9 du Canada a \u00e9t\u00e9 un point pivot dans sa carri\u00e8re, il l'a fa\u00e7onn\u00e9 non seulement comme professionnel, mais comme personne. Il d\u00e9tient un baccalaur\u00e9at en gestion foresti\u00e8re de l'Universit\u00e9 de l'Alberta et une ma\u00eetrise en biologie de la conservation de l'Universit\u00e9 du Kent. Il vient de l'Alberta <\/span><span style=\"font-weight: 400;\">et<\/span><span style=\"font-weight: 400;\"> est maintenant gestionnaire de la section d'\u00e9valuation de la faune et de l'habitat pour Environnement et Changement climatique Canada !<\/span><\/p>\n<\/div><\/div><\/section>\n<section class='av_tab_section av_tab_section av-mt1iz7li-0017610e545d29914be519f8d9b79809'  itemscope=\"itemscope\" itemtype=\"https:\/\/schema.org\/CreativeWork\" ><div id='tab-id-28-tab' class='tab' role='tab' aria-selected=\"false\" tabindex=\"0\" data-fake-id='#tab-id-28' aria-controls='tab-id-28-content'  itemprop=\"headline\" >1997<\/div><div id='tab-id-28-content' class='tab_content' role='tabpanel' aria-labelledby='tab-id-28-tab' aria-hidden=\"true\"><div class='tab_inner_content invers-color'  itemprop=\"text\" ><h4><strong><img loading=\"lazy\" decoding=\"async\" class=\"size-full wp-image-55890 alignleft\" src=\"https:\/\/wildlifepreservation.ca\/wp-content\/uploads\/2026\/08\/LanceGerardWoolaverJr.png\" alt=\"\" width=\"400\" height=\"400\" srcset=\"https:\/\/wildlifepreservation.ca\/wp-content\/uploads\/2026\/08\/LanceGerardWoolaverJr.png 400w, https:\/\/wildlifepreservation.ca\/wp-content\/uploads\/2026\/08\/LanceGerardWoolaverJr-300x300.png 300w, https:\/\/wildlifepreservation.ca\/wp-content\/uploads\/2026\/08\/LanceGerardWoolaverJr-80x80.png 80w, https:\/\/wildlifepreservation.ca\/wp-content\/uploads\/2026\/08\/LanceGerardWoolaverJr-12x12.png 12w, https:\/\/wildlifepreservation.ca\/wp-content\/uploads\/2026\/08\/LanceGerardWoolaverJr-36x36.png 36w, https:\/\/wildlifepreservation.ca\/wp-content\/uploads\/2026\/08\/LanceGerardWoolaverJr-180x180.png 180w\" sizes=\"auto, (max-width: 400px) 100vw, 400px\" \/>Lance Woolaver Jr., 8e No\u00e9 du Canada<\/strong><\/h4>\n<p><span style=\"font-weight: 400;\">Lance a aim\u00e9 les animaux depuis son jeune \u00e2ge ; il sait que la conservation fonctionne \u2014 nous avons juste besoin d'en faire beaucoup plus. Pendant son temps comme No\u00e9, il a travaill\u00e9 avec des esp\u00e8ces au bord de l'extinction, notamment le cr\u00e9cerelle de Maurice, qui n'avait plus que quatre individus sur Terre \u00e0 l'\u00e9poque. Depuis son retour au Canada en 2001, il a travaill\u00e9 avec des pie-gri\u00e8ches migratrices de l'Est, des kakapos, des condors et des oisillons de la buse de Ridgway. Il a pass\u00e9 des ann\u00e9es \u00e0 g\u00e9rer des projets de conservation pour le Durrell Wildlife Conservation Trust \u00e0 Madagascar, travaillant avec des tortues \u00e0 soc, des fuligules de Madagascar et des Hapal\u00e9mur du Lac Alaotra.<\/span><\/p>\n<p><span style=\"font-weight: 400;\">Il s\u2019est joint \u00e0 Conservation de la faune au Canada en 2017 comme directeur g\u00e9n\u00e9ral. Sa carri\u00e8re a boucl\u00e9 la boucle, en utilisant les m\u00eames techniques d'\u00e9levage de conservation et de r\u00e9introduction qu'il avait apprises \u00e0 l'\u00e9tranger pour sauver les esp\u00e8ces menac\u00e9es du Canada. Lance vient de Wolfville, en Nouvelle-\u00c9cosse, et continue d'\u00eatre le directeur g\u00e9n\u00e9ral de CFC \u00e0 ce jour !<\/span><\/p>\n<\/div><\/div><\/section>\n<section class='av_tab_section av_tab_section av-mt1izag5-297dd7fbe6198fbaad610f564c40ac98'  itemscope=\"itemscope\" itemtype=\"https:\/\/schema.org\/CreativeWork\" ><div id='tab-id-29-tab' class='tab' role='tab' aria-selected=\"false\" tabindex=\"0\" data-fake-id='#tab-id-29' aria-controls='tab-id-29-content'  itemprop=\"headline\" >1996<\/div><div id='tab-id-29-content' class='tab_content' role='tabpanel' aria-labelledby='tab-id-29-tab' aria-hidden=\"true\"><div class='tab_inner_content invers-color'  itemprop=\"text\" ><h4><strong><img loading=\"lazy\" decoding=\"async\" class=\"size-full wp-image-55889 alignleft\" src=\"https:\/\/wildlifepreservation.ca\/wp-content\/uploads\/2026\/08\/IsabelleBellavance.png\" alt=\"\" width=\"400\" height=\"400\" srcset=\"https:\/\/wildlifepreservation.ca\/wp-content\/uploads\/2026\/08\/IsabelleBellavance.png 400w, https:\/\/wildlifepreservation.ca\/wp-content\/uploads\/2026\/08\/IsabelleBellavance-300x300.png 300w, https:\/\/wildlifepreservation.ca\/wp-content\/uploads\/2026\/08\/IsabelleBellavance-80x80.png 80w, https:\/\/wildlifepreservation.ca\/wp-content\/uploads\/2026\/08\/IsabelleBellavance-12x12.png 12w, https:\/\/wildlifepreservation.ca\/wp-content\/uploads\/2026\/08\/IsabelleBellavance-36x36.png 36w, https:\/\/wildlifepreservation.ca\/wp-content\/uploads\/2026\/08\/IsabelleBellavance-180x180.png 180w\" sizes=\"auto, (max-width: 400px) 100vw, 400px\" \/>Isabelle Bellavance, 7e No\u00e9 du Canada<\/strong><\/h4>\n<p><span style=\"font-weight: 400;\">Isabelle vient de Saint-Charles-sur-Richelieu, au Qu\u00e9bec <\/span><span style=\"font-weight: 400;\">et<\/span><span style=\"font-weight: 400;\"> , et est maintenant \u00e0 la retraite ! Elle \u00e9tait auparavant technicienne en soins aux animaux au Biod\u00f4me de Montr\u00e9al.<\/span><\/p>\n<\/div><\/div><\/section>\n<section class='av_tab_section av_tab_section av-mt1izag5-6-05e58f51cd3131db490fff31c18808b3'  itemscope=\"itemscope\" itemtype=\"https:\/\/schema.org\/CreativeWork\" ><div id='tab-id-30-tab' class='tab' role='tab' aria-selected=\"false\" tabindex=\"0\" data-fake-id='#tab-id-30' aria-controls='tab-id-30-content'  itemprop=\"headline\" >1995<\/div><div id='tab-id-30-content' class='tab_content' role='tabpanel' aria-labelledby='tab-id-30-tab' aria-hidden=\"true\"><div class='tab_inner_content invers-color'  itemprop=\"text\" ><h4><strong><img loading=\"lazy\" decoding=\"async\" class=\"size-full wp-image-55888 alignleft\" src=\"https:\/\/wildlifepreservation.ca\/wp-content\/uploads\/2026\/08\/HannahC.Dickinson.png\" alt=\"\" width=\"400\" height=\"400\" srcset=\"https:\/\/wildlifepreservation.ca\/wp-content\/uploads\/2026\/08\/HannahC.Dickinson.png 400w, https:\/\/wildlifepreservation.ca\/wp-content\/uploads\/2026\/08\/HannahC.Dickinson-300x300.png 300w, https:\/\/wildlifepreservation.ca\/wp-content\/uploads\/2026\/08\/HannahC.Dickinson-80x80.png 80w, https:\/\/wildlifepreservation.ca\/wp-content\/uploads\/2026\/08\/HannahC.Dickinson-12x12.png 12w, https:\/\/wildlifepreservation.ca\/wp-content\/uploads\/2026\/08\/HannahC.Dickinson-36x36.png 36w, https:\/\/wildlifepreservation.ca\/wp-content\/uploads\/2026\/08\/HannahC.Dickinson-180x180.png 180w\" sizes=\"auto, (max-width: 400px) 100vw, 400px\" \/>Hannah C. Dickinson, 6e No\u00e9 du Canada<\/strong><\/h4>\n<p>Hannah vient de la C.-B. et elle est ensuite all\u00e9e travailler chez Medtronic !<\/p>\n<\/div><\/div><\/section>\n<section class='av_tab_section av_tab_section av-mt1izag5-5-c4ada69851d747f6ebc4edad95ec24c6'  itemscope=\"itemscope\" itemtype=\"https:\/\/schema.org\/CreativeWork\" ><div id='tab-id-31-tab' class='tab' role='tab' aria-selected=\"false\" tabindex=\"0\" data-fake-id='#tab-id-31' aria-controls='tab-id-31-content'  itemprop=\"headline\" >1994<\/div><div id='tab-id-31-content' class='tab_content' role='tabpanel' aria-labelledby='tab-id-31-tab' aria-hidden=\"true\"><div class='tab_inner_content invers-color'  itemprop=\"text\" ><h4><strong> <img loading=\"lazy\" decoding=\"async\" class=\"size-full wp-image-55895 alignleft\" src=\"https:\/\/wildlifepreservation.ca\/wp-content\/uploads\/2026\/08\/LesleyAnneHowes.png\" alt=\"\" width=\"400\" height=\"400\" srcset=\"https:\/\/wildlifepreservation.ca\/wp-content\/uploads\/2026\/08\/LesleyAnneHowes.png 400w, https:\/\/wildlifepreservation.ca\/wp-content\/uploads\/2026\/08\/LesleyAnneHowes-300x300.png 300w, https:\/\/wildlifepreservation.ca\/wp-content\/uploads\/2026\/08\/LesleyAnneHowes-80x80.png 80w, https:\/\/wildlifepreservation.ca\/wp-content\/uploads\/2026\/08\/LesleyAnneHowes-12x12.png 12w, https:\/\/wildlifepreservation.ca\/wp-content\/uploads\/2026\/08\/LesleyAnneHowes-36x36.png 36w, https:\/\/wildlifepreservation.ca\/wp-content\/uploads\/2026\/08\/LesleyAnneHowes-180x180.png 180w\" sizes=\"auto, (max-width: 400px) 100vw, 400px\" \/> Lesley-Anne Howes, 5e No\u00e9 du Canada<\/strong><\/h4>\n<p>Pendant son s\u00e9jour comme No\u00e9, Lesley-Anne a travaill\u00e9 sur la gestion des populations du pigeon rose en danger critique, notamment l'\u00e9levage de conservation, le rel\u00e2chement progressif et la surveillance. Lesley-Anne vient d'Ottawa, en Ontario, et travaille maintenant en Nouvelle-\u00c9cosse comme biologiste du baguage des oiseaux au Service canadien de la faune !<\/p>\n<\/div><\/div><\/section>\n<section class='av_tab_section av_tab_section av-mt1izag5-4-84ae586522ea1c572d157614f24ebac7'  itemscope=\"itemscope\" itemtype=\"https:\/\/schema.org\/CreativeWork\" ><div id='tab-id-32-tab' class='tab' role='tab' aria-selected=\"false\" tabindex=\"0\" data-fake-id='#tab-id-32' aria-controls='tab-id-32-content'  itemprop=\"headline\" >1993<\/div><div id='tab-id-32-content' class='tab_content' role='tabpanel' aria-labelledby='tab-id-32-tab' aria-hidden=\"true\"><div class='tab_inner_content invers-color'  itemprop=\"text\" ><h4><strong><img loading=\"lazy\" decoding=\"async\" class=\"size-full wp-image-55894 alignleft\" src=\"https:\/\/wildlifepreservation.ca\/wp-content\/uploads\/2026\/08\/ColetteWheler.png\" alt=\"\" width=\"400\" height=\"400\" srcset=\"https:\/\/wildlifepreservation.ca\/wp-content\/uploads\/2026\/08\/ColetteWheler.png 400w, https:\/\/wildlifepreservation.ca\/wp-content\/uploads\/2026\/08\/ColetteWheler-300x300.png 300w, https:\/\/wildlifepreservation.ca\/wp-content\/uploads\/2026\/08\/ColetteWheler-80x80.png 80w, https:\/\/wildlifepreservation.ca\/wp-content\/uploads\/2026\/08\/ColetteWheler-12x12.png 12w, https:\/\/wildlifepreservation.ca\/wp-content\/uploads\/2026\/08\/ColetteWheler-36x36.png 36w, https:\/\/wildlifepreservation.ca\/wp-content\/uploads\/2026\/08\/ColetteWheler-180x180.png 180w\" sizes=\"auto, (max-width: 400px) 100vw, 400px\" \/>Colette Wheler, 4e No\u00e9 du Canada<\/strong><\/h4>\n<p>Colette vient de la Saskatchewan et elle est ensuite devenue \u00e9tudiante au Western Veterinary College !<\/p>\n<p>Lisez l'un de ses articles de l'\u00eele Maurice : <a href=\"https:\/\/onlinelibrary.wiley.com\/doi\/10.1002\/zoo.1430140407\">Enclosure utilization and activity of Round Island geckos (<em>Phelsuma guentheri<\/em>)\u00a0<\/a><\/p>\n<\/div><\/div><\/section>\n<section class='av_tab_section av_tab_section av-mt1izag5-3-cd6179e6d6a6a044f8ba467392c51b1f'  itemscope=\"itemscope\" itemtype=\"https:\/\/schema.org\/CreativeWork\" ><div id='tab-id-33-tab' class='tab' role='tab' aria-selected=\"false\" tabindex=\"0\" data-fake-id='#tab-id-33' aria-controls='tab-id-33-content'  itemprop=\"headline\" >1992<\/div><div id='tab-id-33-content' class='tab_content' role='tabpanel' aria-labelledby='tab-id-33-tab' aria-hidden=\"true\"><div class='tab_inner_content invers-color'  itemprop=\"text\" ><h4><strong><img loading=\"lazy\" decoding=\"async\" class=\"size-full wp-image-55896 alignleft\" src=\"https:\/\/wildlifepreservation.ca\/wp-content\/uploads\/2026\/08\/MonicaWrobel.png\" alt=\"\" width=\"400\" height=\"400\" srcset=\"https:\/\/wildlifepreservation.ca\/wp-content\/uploads\/2026\/08\/MonicaWrobel.png 400w, https:\/\/wildlifepreservation.ca\/wp-content\/uploads\/2026\/08\/MonicaWrobel-300x300.png 300w, https:\/\/wildlifepreservation.ca\/wp-content\/uploads\/2026\/08\/MonicaWrobel-80x80.png 80w, https:\/\/wildlifepreservation.ca\/wp-content\/uploads\/2026\/08\/MonicaWrobel-12x12.png 12w, https:\/\/wildlifepreservation.ca\/wp-content\/uploads\/2026\/08\/MonicaWrobel-36x36.png 36w, https:\/\/wildlifepreservation.ca\/wp-content\/uploads\/2026\/08\/MonicaWrobel-180x180.png 180w\" sizes=\"auto, (max-width: 400px) 100vw, 400px\" \/>Monica Wrobel, 3e No\u00e9 du Canada<\/strong><\/h4>\n<p>Monica is from Ontario and is now the Strategy, Design &amp; Impact Programme Lead of Conservation and Policy, at Zoological Society of London (ZSL)!<\/p>\n<\/div><\/div><\/section>\n<section class='av_tab_section av_tab_section av-mt1izag5-2-a6fbf8d47288cb540de4d0dfd268cd08'  itemscope=\"itemscope\" itemtype=\"https:\/\/schema.org\/CreativeWork\" ><div id='tab-id-34-tab' class='tab' role='tab' aria-selected=\"false\" tabindex=\"0\" data-fake-id='#tab-id-34' aria-controls='tab-id-34-content'  itemprop=\"headline\" >1991<\/div><div id='tab-id-34-content' class='tab_content' role='tabpanel' aria-labelledby='tab-id-34-tab' aria-hidden=\"true\"><div class='tab_inner_content invers-color'  itemprop=\"text\" ><h4><strong><img loading=\"lazy\" decoding=\"async\" class=\"size-full wp-image-55897 alignleft\" src=\"https:\/\/wildlifepreservation.ca\/wp-content\/uploads\/2026\/08\/ScottGrindal.png\" alt=\"\" width=\"400\" height=\"400\" srcset=\"https:\/\/wildlifepreservation.ca\/wp-content\/uploads\/2026\/08\/ScottGrindal.png 400w, https:\/\/wildlifepreservation.ca\/wp-content\/uploads\/2026\/08\/ScottGrindal-300x300.png 300w, https:\/\/wildlifepreservation.ca\/wp-content\/uploads\/2026\/08\/ScottGrindal-80x80.png 80w, https:\/\/wildlifepreservation.ca\/wp-content\/uploads\/2026\/08\/ScottGrindal-12x12.png 12w, https:\/\/wildlifepreservation.ca\/wp-content\/uploads\/2026\/08\/ScottGrindal-36x36.png 36w, https:\/\/wildlifepreservation.ca\/wp-content\/uploads\/2026\/08\/ScottGrindal-180x180.png 180w\" sizes=\"auto, (max-width: 400px) 100vw, 400px\" \/>Scott Grindal, 2e No\u00e9 du Canada<\/strong><\/h4>\n<p>En tant que jeune biologiste de la faune en d\u00e9veloppement, Scott \u00e9tait incroyablement honor\u00e9 et enthousiaste d'apprendre et de travailler avec des conservationnistes d\u00e9vou\u00e9s \u00e0 Jersey, \u00e0 l'\u00eele Maurice et \u00e0 Madagascar. Le programme du Prochain No\u00e9 du Canada a dot\u00e9 Scott d'un enthousiasme et d'un ensemble de comp\u00e9tences \u00e0 vie pour contribuer au r\u00e9tablissement des esp\u00e8ces en danger. Apr\u00e8s \u00eatre revenu de l'exp\u00e9rience, il est all\u00e9 compl\u00e9ter une ma\u00eetrise en \u00e9cologie des chauves-souris, puis a pass\u00e9 les 20 ann\u00e9es suivantes \u00e0 appliquer ces connaissances compil\u00e9es pour comprendre comment nos activit\u00e9s humaines affectent les \u00e9cosyst\u00e8mes dans lesquels nous vivons. Il vient de Calgary, en Alberta, et est maintenant coordinateur environnemental principal chez ConocoPhillips !<\/p>\n<\/div><\/div><\/section>\n<section class='av_tab_section av_tab_section av-mt1izag5-1-cd7bf84405ba524607fb5b9ca375ed77'  itemscope=\"itemscope\" itemtype=\"https:\/\/schema.org\/CreativeWork\" ><div id='tab-id-35-tab' class='tab' role='tab' aria-selected=\"false\" tabindex=\"0\" data-fake-id='#tab-id-35' aria-controls='tab-id-35-content'  itemprop=\"headline\" >1990<\/div><div id='tab-id-35-content' class='tab_content' role='tabpanel' aria-labelledby='tab-id-35-tab' aria-hidden=\"true\"><div class='tab_inner_content invers-color'  itemprop=\"text\" ><h4><strong><img loading=\"lazy\" decoding=\"async\" class=\"size-full wp-image-55893 alignleft\" src=\"https:\/\/wildlifepreservation.ca\/wp-content\/uploads\/2026\/08\/ArtBlundell.png\" alt=\"\" width=\"400\" height=\"400\" srcset=\"https:\/\/wildlifepreservation.ca\/wp-content\/uploads\/2026\/08\/ArtBlundell.png 400w, https:\/\/wildlifepreservation.ca\/wp-content\/uploads\/2026\/08\/ArtBlundell-300x300.png 300w, https:\/\/wildlifepreservation.ca\/wp-content\/uploads\/2026\/08\/ArtBlundell-80x80.png 80w, https:\/\/wildlifepreservation.ca\/wp-content\/uploads\/2026\/08\/ArtBlundell-12x12.png 12w, https:\/\/wildlifepreservation.ca\/wp-content\/uploads\/2026\/08\/ArtBlundell-36x36.png 36w, https:\/\/wildlifepreservation.ca\/wp-content\/uploads\/2026\/08\/ArtBlundell-180x180.png 180w\" sizes=\"auto, (max-width: 400px) 100vw, 400px\" \/>Art Blundell, 1er No\u00e9 du Canada<\/strong><\/h4>\n<p><span style=\"font-weight: 400;\">Comme premier No\u00e9 du Canada, Art s'est entra\u00een\u00e9 au centre de formation international du zoo de Jersey o\u00f9 il a travaill\u00e9 avec une famille d'ours, puis a rejoint la lutte pour sauver les oiseaux au bord de l'extinction \u00e0 l'\u00eele Maurice. Au moment o\u00f9 il est rentr\u00e9 chez lui au printemps 1991, Art avait travaill\u00e9 avec plus de 100 esp\u00e8ces d'animaux en danger. Il est revenu bien form\u00e9 pour s'attaquer aux pr\u00e9occupations de conservation croissantes dans son propre jardin. Art vient de Nanaimo, en C.-B., et est maintenant directeur chez Natural Capital Advisors ! <\/span><span style=\"font-weight: 400;\">et<\/span><span style=\"font-weight: 400;\"> is now a Principal at Natural Capital Advisors!<\/span><\/p>\n<\/div><\/div><\/section>\n<\/div><\/p><\/div>\n<\/p>\n<\/div><\/div><\/div><!-- close content main div --><\/div><\/div><div id='blog-inner'  class='avia-section av-21t70-fd19d883470ffafee14c659e580e4d17 main_color avia-section-default avia-no-border-styling  avia-builder-el-29  el_after_av_section  el_before_av_section  blog-section avia-bg-style-scroll container_wrap fullsize'  ><div class='container av-section-cont-open' ><div class='template-page content  av-content-full alpha units'><div class='post-entry post-entry-type-page post-entry-24'><div class='entry-content-wrapper clearfix'>\n<div  id=\"recent-articles-project\"  class='flex_column av-1pflc-8e030ab0b05f1ac2a7b6663d50fc1c4a av_one_full  avia-builder-el-30  el_before_av_one_full  avia-builder-el-first  more-articles-section first flex_column_div'     ><section  class='av_textblock_section av-llv7lc6p-142027ed1661f93644ec6e159597de38'   itemscope=\"itemscope\" itemtype=\"https:\/\/schema.org\/CreativeWork\" ><div class='avia_textblock'  itemprop=\"text\" ><h2>D\u00e9couvrez les exp\u00e9riences v\u00e9cues par les No\u00e9 du Canada en lisant leurs blogs.<\/h2>\n<\/div><\/section><\/div>\n<style type=\"text\/css\" data-created_by=\"avia_inline_auto\" id=\"style-css-av-t5pk-464cd99d2c21a4134a367b4be6fa6825\">\n#top .flex_column.av-t5pk-464cd99d2c21a4134a367b4be6fa6825{\nmargin-top:20px;\nmargin-bottom:15px;\n}\n.responsive #top #wrap_all .flex_column.av-t5pk-464cd99d2c21a4134a367b4be6fa6825{\nmargin-top:20px;\nmargin-bottom:15px;\n}\n<\/style>\n<div  class='flex_column av-t5pk-464cd99d2c21a4134a367b4be6fa6825 av_one_full  avia-builder-el-32  el_after_av_one_full  avia-builder-el-last  first flex_column_div  column-top-margin'     ><div  class='av-alb-blogposts template-blog  blog-home'  itemscope=\"itemscope\" itemtype=\"https:\/\/schema.org\/Blog\" ><article class=\"post-entry post-entry-type-standard post-entry-52969 post-loop-1 post-parity-odd single-big with-slider post-52969 post type-post status-publish format-standard has-post-thumbnail hentry category-canadas-new-noah category-news-and-events project-canadas-new-noahs\"  itemscope=\"itemscope\" itemtype=\"https:\/\/schema.org\/BlogPosting\" ><div class=\"blog-meta\"><\/div><div class='entry-content-wrapper clearfix standard-content'><header class=\"entry-content-header\" aria-label=\"Post: Frog is possible\"><div class=\"av-heading-wrapper\"><h2 class='post-title entry-title'  itemprop=\"headline\" ><a href=\"https:\/\/wildlifepreservation.ca\/fr\/blog\/frog-is-possible\/\" rel=\"bookmark\" title=\"Permanent Link: Frog is possible\">La grenouille est possible<span class=\"post-format-icon minor-meta\"><\/span><\/a><\/h2><span class=\"blog-categories minor-meta\"><a href=\"https:\/\/wildlifepreservation.ca\/fr\/blog\/category\/scientific-community\/canadas-new-noah\/\" rel=\"tag\">Le prochain No\u00e9 du Canada<\/a>, <a href=\"https:\/\/wildlifepreservation.ca\/fr\/blog\/category\/news-and-events\/\" rel=\"tag\">Actualit\u00e9s et \u00e9v\u00e9nements<\/a> <a href=\"https:\/\/wildlifepreservation.ca\/fr\/blog\/project\/canadas-new-noahs\/\" rel=\"tag\">Les prochains No\u00e9 du Canada<\/a><\/span><\/div><\/header><span class=\"av-vertical-delimiter\"><\/span><div class=\"big-preview single-big\"  itemprop=\"image\" itemscope=\"itemscope\" itemtype=\"https:\/\/schema.org\/ImageObject\" ><a href=\"https:\/\/wildlifepreservation.ca\/fr\/blog\/frog-is-possible\/\"  title=\"Reformatage de photo de blog - FrogIsPossible_DarynandDiagram_JennaKissel\" ><img decoding=\"async\" loading=\"lazy\" width=\"400\" height=\"400\" src=\"https:\/\/wildlifepreservation.ca\/wp-content\/uploads\/2026\/05\/FrogIsPossible_DarynandDiagram_JennaKissel_Thumbnail.jpg\" class=\"wp-image-52982 avia-img-lazy-loading-52982 attachment-entry_without_sidebar size-entry_without_sidebar wp-post-image\" alt=\"\" srcset=\"https:\/\/wildlifepreservation.ca\/wp-content\/uploads\/2026\/05\/FrogIsPossible_DarynandDiagram_JennaKissel_Thumbnail.jpg 400w, https:\/\/wildlifepreservation.ca\/wp-content\/uploads\/2026\/05\/FrogIsPossible_DarynandDiagram_JennaKissel_Thumbnail-300x300.jpg 300w, https:\/\/wildlifepreservation.ca\/wp-content\/uploads\/2026\/05\/FrogIsPossible_DarynandDiagram_JennaKissel_Thumbnail-80x80.jpg 80w, https:\/\/wildlifepreservation.ca\/wp-content\/uploads\/2026\/05\/FrogIsPossible_DarynandDiagram_JennaKissel_Thumbnail-12x12.jpg 12w, https:\/\/wildlifepreservation.ca\/wp-content\/uploads\/2026\/05\/FrogIsPossible_DarynandDiagram_JennaKissel_Thumbnail-36x36.jpg 36w, https:\/\/wildlifepreservation.ca\/wp-content\/uploads\/2026\/05\/FrogIsPossible_DarynandDiagram_JennaKissel_Thumbnail-180x180.jpg 180w\" sizes=\"auto, (max-width: 400px) 100vw, 400px\" \/><\/a><\/div><div class=\"entry-content\"  itemprop=\"text\" ><div class=\"read-more-link\"><a href=\"https:\/\/wildlifepreservation.ca\/fr\/blog\/frog-is-possible\/\" class=\"more-link\">Read more<span class='more-link-arrow avia-svg-icon avia-font-svg_entypo-fontello' data-av_svg_icon='right-open-big' data-av_iconset='svg_entypo-fontello'><svg version=\"1.1\" xmlns=\"http:\/\/www.w3.org\/2000\/svg\" width=\"15\" height=\"32\" viewbox=\"0 0 15 32\" preserveaspectratio=\"xMidYMid meet\" role=\"graphics-symbol\" aria-hidden=\"true\">\n<path d=\"M0.416 27.84l11.456-11.84-11.456-11.904q-0.832-0.832 0-1.536 0.832-0.832 1.536 0l12.544 12.608q0.768 0.832 0 1.6l-12.544 12.608q-0.704 0.832-1.536 0-0.832-0.704 0-1.536z\"><\/path>\n<\/svg><\/span><\/a><\/div>\n<\/div><span class=\"post-meta-infos\"><time class=\"date-container minor-meta updated\"  itemprop=\"datePublished\" datetime=\"2026-05-12T08:54:24-05:00\" >12 mai 2026<\/time><span class=\"text-sep\">\/<\/span><span class=\"blog-author minor-meta\">par <span class=\"entry-author-link\"  itemprop=\"author\" ><span class=\"author\"><span class=\"fn\"><a href=\"https:\/\/wildlifepreservation.ca\/fr\/blog\/author\/dfarrant\/\" rel=\"author\">Daryn Farrant<\/a><\/span><\/span><\/span><\/span><\/span><footer class=\"entry-footer\"><\/footer><div class='post_delimiter'><\/div><\/div><div class=\"post_author_timeline\"><\/div><span class='hidden'>\n\t\t\t\t<span class='av-structured-data'  itemprop=\"image\" itemscope=\"itemscope\" itemtype=\"https:\/\/schema.org\/ImageObject\" >\n\t\t\t\t\t\t<span itemprop='url'>https:\/\/wildlifepreservation.ca\/wp-content\/uploads\/2026\/05\/FrogIsPossible_DarynandDiagram_JennaKissel_Thumbnail.jpg<\/span>\n\t\t\t\t\t\t<span itemprop='height'>400<\/span>\n\t\t\t\t\t\t<span itemprop='width'>400<\/span>\n\t\t\t\t<\/span>\n\t\t\t\t<span class='av-structured-data'  itemprop=\"publisher\" itemtype=\"https:\/\/schema.org\/Organization\" itemscope=\"itemscope\" >\n\t\t\t\t\t\t<span itemprop='name'>Daryn Farrant<\/span>\n\t\t\t\t\t\t<span itemprop='logo' itemscope itemtype='https:\/\/schema.org\/ImageObject'>\n\t\t\t\t\t\t\t<span itemprop='url'>https:\/\/wildlifepreservation.ca\/wp-content\/uploads\/2026\/06\/WPC_Frn-scaled.jpg<\/span>\n\t\t\t\t\t\t<\/span>\n\t\t\t\t<\/span><span class='av-structured-data'  itemprop=\"author\" itemscope=\"itemscope\" itemtype=\"https:\/\/schema.org\/Person\" ><span itemprop='name'>Daryn Farrant<\/span><\/span><span class='av-structured-data'  itemprop=\"datePublished\" datetime=\"2026-05-12T08:54:24-05:00\" >2026-05-12 08:54:24<\/span><span class='av-structured-data'  itemprop=\"dateModified\" itemtype=\"https:\/\/schema.org\/dateModified\" >2026-05-12 08:56:01<\/span><span class='av-structured-data'  itemprop=\"mainEntityOfPage\" itemtype=\"https:\/\/schema.org\/mainEntityOfPage\" ><span itemprop='name'>La grenouille est possible<\/span><\/span><\/span><\/article><article class=\"post-entry post-entry-type-standard post-entry-52948 post-loop-2 post-parity-even single-big with-slider post-52948 post type-post status-publish format-standard has-post-thumbnail hentry category-canadas-new-noah category-news-and-events project-canadas-new-noahs-next-adventures specific-species-overseas-species\"  itemscope=\"itemscope\" itemtype=\"https:\/\/schema.org\/BlogPosting\" ><div class=\"blog-meta\"><\/div><div class='entry-content-wrapper clearfix standard-content'><header class=\"entry-content-header\" aria-label=\"Post: New spider species discovered\"><div class=\"av-heading-wrapper\"><h2 class='post-title entry-title'  itemprop=\"headline\" ><a href=\"https:\/\/wildlifepreservation.ca\/fr\/blog\/new-spider-species-discovered\/\" rel=\"bookmark\" title=\"Permanent Link: New spider species discovered\">D\u00e9couverte d'une nouvelle esp\u00e8ce d'araign\u00e9e<span class=\"post-format-icon minor-meta\"><\/span><\/a><\/h2><span class=\"blog-categories minor-meta\"><a href=\"https:\/\/wildlifepreservation.ca\/fr\/blog\/category\/scientific-community\/canadas-new-noah\/\" rel=\"tag\">Le prochain No\u00e9 du Canada<\/a>, <a href=\"https:\/\/wildlifepreservation.ca\/fr\/blog\/category\/news-and-events\/\" rel=\"tag\">Actualit\u00e9s et \u00e9v\u00e9nements<\/a> <a href=\"https:\/\/wildlifepreservation.ca\/fr\/blog\/project\/canadas-new-noahs-next-adventures\/\" rel=\"tag\">Les prochaines aventures des No\u00e9 du Canada<\/a> <a href=\"https:\/\/wildlifepreservation.ca\/fr\/species\/overseas-species\/\" rel=\"tag\">Esp\u00e8ces exotiques<\/a><\/span><\/div><\/header><span class=\"av-vertical-delimiter\"><\/span><div class=\"big-preview single-big\"  itemprop=\"image\" itemscope=\"itemscope\" itemtype=\"https:\/\/schema.org\/ImageObject\" ><a href=\"https:\/\/wildlifepreservation.ca\/fr\/blog\/new-spider-species-discovered\/\"  title=\"Reformater le blog photo - NouvelleEsp\u00e8ceAraign\u00e9e_Araign\u00e9eR\u00e9v\u00e9l\u00e9e_SarahFalconer\" ><img decoding=\"async\" loading=\"lazy\" width=\"400\" height=\"400\" src=\"https:\/\/wildlifepreservation.ca\/wp-content\/uploads\/2026\/05\/NewSpiderSpecies_SpiderRevealed_SarahFalconer_Thumbnail.jpg\" class=\"wp-image-52964 avia-img-lazy-loading-52964 attachment-entry_without_sidebar size-entry_without_sidebar wp-post-image\" alt=\"\" srcset=\"https:\/\/wildlifepreservation.ca\/wp-content\/uploads\/2026\/05\/NewSpiderSpecies_SpiderRevealed_SarahFalconer_Thumbnail.jpg 400w, https:\/\/wildlifepreservation.ca\/wp-content\/uploads\/2026\/05\/NewSpiderSpecies_SpiderRevealed_SarahFalconer_Thumbnail-300x300.jpg 300w, https:\/\/wildlifepreservation.ca\/wp-content\/uploads\/2026\/05\/NewSpiderSpecies_SpiderRevealed_SarahFalconer_Thumbnail-80x80.jpg 80w, https:\/\/wildlifepreservation.ca\/wp-content\/uploads\/2026\/05\/NewSpiderSpecies_SpiderRevealed_SarahFalconer_Thumbnail-12x12.jpg 12w, https:\/\/wildlifepreservation.ca\/wp-content\/uploads\/2026\/05\/NewSpiderSpecies_SpiderRevealed_SarahFalconer_Thumbnail-36x36.jpg 36w, https:\/\/wildlifepreservation.ca\/wp-content\/uploads\/2026\/05\/NewSpiderSpecies_SpiderRevealed_SarahFalconer_Thumbnail-180x180.jpg 180w\" sizes=\"auto, (max-width: 400px) 100vw, 400px\" \/><\/a><\/div><div class=\"entry-content\"  itemprop=\"text\" ><div class=\"read-more-link\"><a href=\"https:\/\/wildlifepreservation.ca\/fr\/blog\/new-spider-species-discovered\/\" class=\"more-link\">Read more<span class='more-link-arrow avia-svg-icon avia-font-svg_entypo-fontello' data-av_svg_icon='right-open-big' data-av_iconset='svg_entypo-fontello'><svg version=\"1.1\" xmlns=\"http:\/\/www.w3.org\/2000\/svg\" width=\"15\" height=\"32\" viewbox=\"0 0 15 32\" preserveaspectratio=\"xMidYMid meet\" role=\"graphics-symbol\" aria-hidden=\"true\">\n<path d=\"M0.416 27.84l11.456-11.84-11.456-11.904q-0.832-0.832 0-1.536 0.832-0.832 1.536 0l12.544 12.608q0.768 0.832 0 1.6l-12.544 12.608q-0.704 0.832-1.536 0-0.832-0.704 0-1.536z\"><\/path>\n<\/svg><\/span><\/a><\/div>\n<\/div><span class=\"post-meta-infos\"><time class=\"date-container minor-meta updated\"  itemprop=\"datePublished\" datetime=\"2026-05-11T12:42:50-05:00\" >11 mai 2026<\/time><span class=\"text-sep\">\/<\/span><span class=\"blog-author minor-meta\">par <span class=\"entry-author-link\"  itemprop=\"author\" ><span class=\"author\"><span class=\"fn\"><a href=\"https:\/\/wildlifepreservation.ca\/fr\/blog\/author\/sarah-falconer\/\" rel=\"author\">Sarah Falconer<\/a><\/span><\/span><\/span><\/span><\/span><footer class=\"entry-footer\"><\/footer><div class='post_delimiter'><\/div><\/div><div class=\"post_author_timeline\"><\/div><span class='hidden'>\n\t\t\t\t<span class='av-structured-data'  itemprop=\"image\" itemscope=\"itemscope\" itemtype=\"https:\/\/schema.org\/ImageObject\" >\n\t\t\t\t\t\t<span itemprop='url'>https:\/\/wildlifepreservation.ca\/wp-content\/uploads\/2026\/05\/NewSpiderSpecies_SpiderRevealed_SarahFalconer_Thumbnail.jpg<\/span>\n\t\t\t\t\t\t<span itemprop='height'>400<\/span>\n\t\t\t\t\t\t<span itemprop='width'>400<\/span>\n\t\t\t\t<\/span>\n\t\t\t\t<span class='av-structured-data'  itemprop=\"publisher\" itemtype=\"https:\/\/schema.org\/Organization\" itemscope=\"itemscope\" >\n\t\t\t\t\t\t<span itemprop='name'>Sarah Falconer<\/span>\n\t\t\t\t\t\t<span itemprop='logo' itemscope itemtype='https:\/\/schema.org\/ImageObject'>\n\t\t\t\t\t\t\t<span itemprop='url'>https:\/\/wildlifepreservation.ca\/wp-content\/uploads\/2026\/06\/WPC_Frn-scaled.jpg<\/span>\n\t\t\t\t\t\t<\/span>\n\t\t\t\t<\/span><span class='av-structured-data'  itemprop=\"author\" itemscope=\"itemscope\" itemtype=\"https:\/\/schema.org\/Person\" ><span itemprop='name'>Sarah Falconer<\/span><\/span><span class='av-structured-data'  itemprop=\"datePublished\" datetime=\"2026-05-11T12:42:50-05:00\" >2026-05-11 12:42:50<\/span><span class='av-structured-data'  itemprop=\"dateModified\" itemtype=\"https:\/\/schema.org\/dateModified\" >2026-05-11 12:44:04<\/span><span class='av-structured-data'  itemprop=\"mainEntityOfPage\" itemtype=\"https:\/\/schema.org\/mainEntityOfPage\" ><span itemprop='name'>D\u00e9couverte d'une nouvelle esp\u00e8ce d'araign\u00e9e<\/span><\/span><\/span><\/article><article class=\"post-entry post-entry-type-standard post-entry-52776 post-loop-3 post-parity-odd post-entry-last single-big with-slider post-52776 post type-post status-publish format-standard has-post-thumbnail hentry category-canadas-new-noah category-news-and-events project-canadas-new-noahs specific-species-overseas-species\"  itemscope=\"itemscope\" itemtype=\"https:\/\/schema.org\/BlogPosting\" ><div class=\"blog-meta\"><\/div><div class='entry-content-wrapper clearfix standard-content'><header class=\"entry-content-header\" aria-label=\"Post: Chattering of choughs\"><div class=\"av-heading-wrapper\"><h2 class='post-title entry-title'  itemprop=\"headline\" ><a href=\"https:\/\/wildlifepreservation.ca\/fr\/blog\/chattering-of-choughs\/\" rel=\"bookmark\" title=\"Permanent Link: Chattering of choughs\">Bavardage de craves<span class=\"post-format-icon minor-meta\"><\/span><\/a><\/h2><span class=\"blog-categories minor-meta\"><a href=\"https:\/\/wildlifepreservation.ca\/fr\/blog\/category\/scientific-community\/canadas-new-noah\/\" rel=\"tag\">Le prochain No\u00e9 du Canada<\/a>, <a href=\"https:\/\/wildlifepreservation.ca\/fr\/blog\/category\/news-and-events\/\" rel=\"tag\">Actualit\u00e9s et \u00e9v\u00e9nements<\/a> <a href=\"https:\/\/wildlifepreservation.ca\/fr\/blog\/project\/canadas-new-noahs\/\" rel=\"tag\">Les prochains No\u00e9 du Canada<\/a> <a href=\"https:\/\/wildlifepreservation.ca\/fr\/species\/overseas-species\/\" rel=\"tag\">Esp\u00e8ces exotiques<\/a><\/span><\/div><\/header><span class=\"av-vertical-delimiter\"><\/span><div class=\"big-preview single-big\"  itemprop=\"image\" itemscope=\"itemscope\" itemtype=\"https:\/\/schema.org\/ImageObject\" ><a href=\"https:\/\/wildlifepreservation.ca\/fr\/blog\/chattering-of-choughs\/\"  title=\"Reformatage de photos de blog - ChatteringofChoughsBlog_ThreeChoughsAtopAviary_DFarrant\" ><img decoding=\"async\" loading=\"lazy\" width=\"400\" height=\"400\" src=\"https:\/\/wildlifepreservation.ca\/wp-content\/uploads\/2026\/04\/ChatteringofChoughsBlog_ThreeChoughsAtopAviary_DFarrant_Thumbnail.jpg\" class=\"wp-image-52784 avia-img-lazy-loading-52784 attachment-entry_without_sidebar size-entry_without_sidebar wp-post-image\" alt=\"\" srcset=\"https:\/\/wildlifepreservation.ca\/wp-content\/uploads\/2026\/04\/ChatteringofChoughsBlog_ThreeChoughsAtopAviary_DFarrant_Thumbnail.jpg 400w, https:\/\/wildlifepreservation.ca\/wp-content\/uploads\/2026\/04\/ChatteringofChoughsBlog_ThreeChoughsAtopAviary_DFarrant_Thumbnail-300x300.jpg 300w, https:\/\/wildlifepreservation.ca\/wp-content\/uploads\/2026\/04\/ChatteringofChoughsBlog_ThreeChoughsAtopAviary_DFarrant_Thumbnail-80x80.jpg 80w, https:\/\/wildlifepreservation.ca\/wp-content\/uploads\/2026\/04\/ChatteringofChoughsBlog_ThreeChoughsAtopAviary_DFarrant_Thumbnail-12x12.jpg 12w, https:\/\/wildlifepreservation.ca\/wp-content\/uploads\/2026\/04\/ChatteringofChoughsBlog_ThreeChoughsAtopAviary_DFarrant_Thumbnail-36x36.jpg 36w, https:\/\/wildlifepreservation.ca\/wp-content\/uploads\/2026\/04\/ChatteringofChoughsBlog_ThreeChoughsAtopAviary_DFarrant_Thumbnail-180x180.jpg 180w\" sizes=\"auto, (max-width: 400px) 100vw, 400px\" \/><\/a><\/div><div class=\"entry-content\"  itemprop=\"text\" ><div class=\"read-more-link\"><a href=\"https:\/\/wildlifepreservation.ca\/fr\/blog\/chattering-of-choughs\/\" class=\"more-link\">Read more<span class='more-link-arrow avia-svg-icon avia-font-svg_entypo-fontello' data-av_svg_icon='right-open-big' data-av_iconset='svg_entypo-fontello'><svg version=\"1.1\" xmlns=\"http:\/\/www.w3.org\/2000\/svg\" width=\"15\" height=\"32\" viewbox=\"0 0 15 32\" preserveaspectratio=\"xMidYMid meet\" role=\"graphics-symbol\" aria-hidden=\"true\">\n<path d=\"M0.416 27.84l11.456-11.84-11.456-11.904q-0.832-0.832 0-1.536 0.832-0.832 1.536 0l12.544 12.608q0.768 0.832 0 1.6l-12.544 12.608q-0.704 0.832-1.536 0-0.832-0.704 0-1.536z\"><\/path>\n<\/svg><\/span><\/a><\/div>\n<\/div><span class=\"post-meta-infos\"><time class=\"date-container minor-meta updated\"  itemprop=\"datePublished\" datetime=\"2026-04-24T09:38:04-05:00\" >24 avril 2026<\/time><span class=\"text-sep\">\/<\/span><span class=\"blog-author minor-meta\">par <span class=\"entry-author-link\"  itemprop=\"author\" ><span class=\"author\"><span class=\"fn\"><a href=\"https:\/\/wildlifepreservation.ca\/fr\/blog\/author\/jenna-kissel\/\" rel=\"author\">Jenna Kissel<\/a><\/span><\/span><\/span><\/span><\/span><footer class=\"entry-footer\"><\/footer><div class='post_delimiter'><\/div><\/div><div class=\"post_author_timeline\"><\/div><span class='hidden'>\n\t\t\t\t<span class='av-structured-data'  itemprop=\"image\" itemscope=\"itemscope\" itemtype=\"https:\/\/schema.org\/ImageObject\" >\n\t\t\t\t\t\t<span itemprop='url'>https:\/\/wildlifepreservation.ca\/wp-content\/uploads\/2026\/04\/ChatteringofChoughsBlog_ThreeChoughsAtopAviary_DFarrant_Thumbnail.jpg<\/span>\n\t\t\t\t\t\t<span itemprop='height'>400<\/span>\n\t\t\t\t\t\t<span itemprop='width'>400<\/span>\n\t\t\t\t<\/span>\n\t\t\t\t<span class='av-structured-data'  itemprop=\"publisher\" itemtype=\"https:\/\/schema.org\/Organization\" itemscope=\"itemscope\" >\n\t\t\t\t\t\t<span itemprop='name'>Jenna Kissel<\/span>\n\t\t\t\t\t\t<span itemprop='logo' itemscope itemtype='https:\/\/schema.org\/ImageObject'>\n\t\t\t\t\t\t\t<span itemprop='url'>https:\/\/wildlifepreservation.ca\/wp-content\/uploads\/2026\/06\/WPC_Frn-scaled.jpg<\/span>\n\t\t\t\t\t\t<\/span>\n\t\t\t\t<\/span><span class='av-structured-data'  itemprop=\"author\" itemscope=\"itemscope\" itemtype=\"https:\/\/schema.org\/Person\" ><span itemprop='name'>Jenna Kissel<\/span><\/span><span class='av-structured-data'  itemprop=\"datePublished\" datetime=\"2026-04-24T09:38:04-05:00\" >2026-04-24 09:38:04<\/span><span class='av-structured-data'  itemprop=\"dateModified\" itemtype=\"https:\/\/schema.org\/dateModified\" >2026-05-11 12:14:44<\/span><span class='av-structured-data'  itemprop=\"mainEntityOfPage\" itemtype=\"https:\/\/schema.org\/mainEntityOfPage\" ><span itemprop='name'>Bavardage de craves<\/span><\/span><\/span><\/article><\/div><\/div>\n\n\n<style type=\"text\/css\" data-created_by=\"avia_inline_auto\" id=\"style-css-av-2c9l0-909d60423f74994890cf2244f11b4651\">\n.avia-section.av-2c9l0-909d60423f74994890cf2244f11b4651{\nbackground-color:#f8fbf4;\nbackground-image:unset;\n}\n<\/style>\n<div id='research-wrapper-noah'  class='avia-section av-2c9l0-909d60423f74994890cf2244f11b4651 main_color avia-section-default avia-no-border-styling  avia-builder-el-0  el_before_av_section  avia-builder-el-first  species-inner-content-intro-wrapper avia-bg-style-scroll container_wrap fullsize'  ><div class='container av-section-cont-open' ><main  role=\"main\" itemprop=\"mainContentOfPage\"  class='template-page content  av-content-full alpha units'><div class='post-entry post-entry-type-page post-entry-24'><div class='entry-content-wrapper clearfix'>\n<div  class='flex_column av-1lj08-9028ead6eab5b8da39072c1c605b3f5c av_one_full first flex_column_div'     ><section  class='av_textblock_section av-xnik-3527b548d0b20786e78e4e5041749a1a'   itemscope=\"itemscope\" itemtype=\"https:\/\/schema.org\/BlogPosting\" itemprop=\"blogPost\" ><div class='avia_textblock'  itemprop=\"text\" ><h3><strong>Recherche<\/strong><\/h3>\n<p>Wheler, C.L., and Fa, J.E.\u00a0 1995.\u00a0 Enclosure utilization and activity of Round Island geckos (<em>Phelsuma guentheri<\/em>).\u00a0 <em>Zoo Biology<\/em> 14: 361-369.<\/p>\n<p>Williams, E.R. 1995.\u00a0 Wildlife Preservation Trust Canada:\u00a0 establishment, conservation programmes and Canada\u2019s New Noah programme.\u00a0 <em>Dodo, J. Wildl. Preserv. Trusts<\/em> 31: 13-19.<\/p>\n<p>Bednarczuk, E., C. J. Feare, S. Lovibond, V. Tatayah, and C. Jones.\u00a0 2010.\u00a0 Attempted eradication of house sparrows <em>Passer domesticus<\/em> from Round Island (Mauritius), Indian Ocean.\u00a0 <em>Conservation Evidence<\/em> 7: 75-86.<\/p>\n<p>Imlay, T., R. Dale, S. Buckland, C. Jones, and N. Cole.\u00a0 2012.\u00a0 A novel approach to counting geckos:\u00a0 <em>Phelsuma<\/em> density in Mauritius forests.\u00a0 <em>Herpetological Review <\/em>43 (3): 391-396.<\/p>\n<p>Lamont, M. M.\u00a0 2016.\u00a0 Territorial and courtship displays of Mauritius Cuckooshrike <em>Lalage typical<\/em>.\u00a0 <em>Bulletin of the British Ornithologists\u2019 Club<\/em> 136 (2): 147-149.<\/p>\n<p>Moldowan, P. D., J. A. Copsey, N. Zu\u00ebl, V. Tatayah, and N. Cole.\u00a0 2016.\u00a0 Sticks and stones:\u00a0 notes on the ecology and conservation of an endemic stick insect (<em>Apterograeffea marshallae<\/em>) and the restoration of an island ecosystem.\u00a0 <em>Phelsuma<\/em> 24: 72-79.<\/p>\n<\/div><\/section><\/div>","protected":false},"excerpt":{"rendered":"","protected":false},"author":1,"featured_media":3731,"parent":0,"menu_order":5,"comment_status":"closed","ping_status":"closed","template":"","meta":{"inline_featured_image":false,"_mc_calendar":[],"footnotes":""},"class_list":["post-24","page","type-page","status-publish","has-post-thumbnail","hentry"],"yoast_head":"<!-- This site is optimized with the Yoast SEO plugin v28.4 - https:\/\/yoast.com\/product\/yoast-seo-wordpress\/ -->\n<title>Canada&#039;s New Noah - Wildlife Preservation Canada<\/title>\n<meta name=\"description\" content=\"Wildlife Preservation Canada\u2019s mission is to save animal species at risk from extinction in Canada by providing direct, hands-on care.\" \/>\n<meta name=\"robots\" content=\"index, follow, max-snippet:-1, max-image-preview:large, max-video-preview:-1\" \/>\n<link rel=\"canonical\" href=\"https:\/\/wildlifepreservation.ca\/fr\/canadasnewnoahs\/\" \/>\n<meta property=\"og:locale\" content=\"fr_CA\" \/>\n<meta property=\"og:type\" content=\"article\" \/>\n<meta property=\"og:title\" content=\"Canada&#039;s New Noah - Wildlife Preservation Canada\" \/>\n<meta property=\"og:description\" content=\"Wildlife Preservation Canada\u2019s mission is to save animal species at risk from extinction in Canada by providing direct, hands-on care.\" \/>\n<meta property=\"og:url\" content=\"https:\/\/wildlifepreservation.ca\/fr\/canadasnewnoahs\/\" \/>\n<meta property=\"og:site_name\" content=\"Wildlife Preservation Canada\" \/>\n<meta property=\"article:modified_time\" content=\"2026-08-21T14:05:34+00:00\" \/>\n<meta name=\"twitter:card\" content=\"summary_large_image\" \/>\n<script type=\"application\/ld+json\" class=\"yoast-schema-graph\">{\"@context\":\"https:\\\/\\\/schema.org\",\"@graph\":[{\"@type\":\"WebPage\",\"@id\":\"https:\\\/\\\/wildlifepreservation.ca\\\/canadasnewnoahs\\\/\",\"url\":\"https:\\\/\\\/wildlifepreservation.ca\\\/canadasnewnoahs\\\/\",\"name\":\"Canada's New Noah - Wildlife Preservation Canada\",\"isPartOf\":{\"@id\":\"https:\\\/\\\/wildlifepreservation.ca\\\/#website\"},\"primaryImageOfPage\":{\"@id\":\"https:\\\/\\\/wildlifepreservation.ca\\\/canadasnewnoahs\\\/#primaryimage\"},\"image\":{\"@id\":\"https:\\\/\\\/wildlifepreservation.ca\\\/canadasnewnoahs\\\/#primaryimage\"},\"thumbnailUrl\":\"\",\"datePublished\":\"2011-07-19T21:32:33+00:00\",\"dateModified\":\"2026-08-21T14:05:34+00:00\",\"description\":\"Wildlife Preservation Canada\u2019s mission is to save animal species at risk from extinction in Canada by providing direct, hands-on care.\",\"breadcrumb\":{\"@id\":\"https:\\\/\\\/wildlifepreservation.ca\\\/canadasnewnoahs\\\/#breadcrumb\"},\"inLanguage\":\"fr-CA\",\"potentialAction\":[{\"@type\":\"ReadAction\",\"target\":[\"https:\\\/\\\/wildlifepreservation.ca\\\/canadasnewnoahs\\\/\"]}]},{\"@type\":\"ImageObject\",\"inLanguage\":\"fr-CA\",\"@id\":\"https:\\\/\\\/wildlifepreservation.ca\\\/canadasnewnoahs\\\/#primaryimage\",\"url\":\"\",\"contentUrl\":\"\"},{\"@type\":\"BreadcrumbList\",\"@id\":\"https:\\\/\\\/wildlifepreservation.ca\\\/canadasnewnoahs\\\/#breadcrumb\",\"itemListElement\":[{\"@type\":\"ListItem\",\"position\":1,\"name\":\"Home\",\"item\":\"https:\\\/\\\/wildlifepreservation.ca\\\/home\\\/\"},{\"@type\":\"ListItem\",\"position\":2,\"name\":\"Canada&#8217;s New Noah\"}]},{\"@type\":\"WebSite\",\"@id\":\"https:\\\/\\\/wildlifepreservation.ca\\\/#website\",\"url\":\"https:\\\/\\\/wildlifepreservation.ca\\\/\",\"name\":\"Wildlife Preservation Canada\",\"description\":\"Canada&#039;s last defence for endangered species.\",\"potentialAction\":[{\"@type\":\"SearchAction\",\"target\":{\"@type\":\"EntryPoint\",\"urlTemplate\":\"https:\\\/\\\/wildlifepreservation.ca\\\/?s={search_term_string}\"},\"query-input\":{\"@type\":\"PropertyValueSpecification\",\"valueRequired\":true,\"valueName\":\"search_term_string\"}}],\"inLanguage\":\"fr-CA\"}]}<\/script>\n<!-- \/ Yoast SEO plugin. -->","yoast_head_json":{"title":"Canada's New Noah - Wildlife Preservation Canada","description":"La mission de Conservation de la faune au Canada est de sauver les esp\u00e8ces en voie de disparition au Canada en leur prodiguant les soins n\u00e9cessaires lorsque requis.","robots":{"index":"index","follow":"follow","max-snippet":"max-snippet:-1","max-image-preview":"max-image-preview:large","max-video-preview":"max-video-preview:-1"},"canonical":"https:\/\/wildlifepreservation.ca\/fr\/canadasnewnoahs\/","og_locale":"fr_CA","og_type":"article","og_title":"Canada's New Noah - Wildlife Preservation Canada","og_description":"Wildlife Preservation Canada\u2019s mission is to save animal species at risk from extinction in Canada by providing direct, hands-on care.","og_url":"https:\/\/wildlifepreservation.ca\/fr\/canadasnewnoahs\/","og_site_name":"Wildlife Preservation Canada","article_modified_time":"2026-08-21T14:05:34+00:00","twitter_card":"summary_large_image","schema":{"@context":"https:\/\/schema.org","@graph":[{"@type":"WebPage","@id":"https:\/\/wildlifepreservation.ca\/canadasnewnoahs\/","url":"https:\/\/wildlifepreservation.ca\/canadasnewnoahs\/","name":"Canada's New Noah - Wildlife Preservation Canada","isPartOf":{"@id":"https:\/\/wildlifepreservation.ca\/#website"},"primaryImageOfPage":{"@id":"https:\/\/wildlifepreservation.ca\/canadasnewnoahs\/#primaryimage"},"image":{"@id":"https:\/\/wildlifepreservation.ca\/canadasnewnoahs\/#primaryimage"},"thumbnailUrl":"","datePublished":"2011-07-19T21:32:33+00:00","dateModified":"2026-08-21T14:05:34+00:00","description":"La mission de Conservation de la faune au Canada est de sauver les esp\u00e8ces en voie de disparition au Canada en leur prodiguant les soins n\u00e9cessaires lorsque requis.","breadcrumb":{"@id":"https:\/\/wildlifepreservation.ca\/canadasnewnoahs\/#breadcrumb"},"inLanguage":"fr-CA","potentialAction":[{"@type":"ReadAction","target":["https:\/\/wildlifepreservation.ca\/canadasnewnoahs\/"]}]},{"@type":"ImageObject","inLanguage":"fr-CA","@id":"https:\/\/wildlifepreservation.ca\/canadasnewnoahs\/#primaryimage","url":"","contentUrl":""},{"@type":"BreadcrumbList","@id":"https:\/\/wildlifepreservation.ca\/canadasnewnoahs\/#breadcrumb","itemListElement":[{"@type":"ListItem","position":1,"name":"Home","item":"https:\/\/wildlifepreservation.ca\/home\/"},{"@type":"ListItem","position":2,"name":"Canada&#8217;s New Noah"}]},{"@type":"WebSite","@id":"https:\/\/wildlifepreservation.ca\/#website","url":"https:\/\/wildlifepreservation.ca\/","name":"Conservation de la faune au Canada","description":"Canada&#039;s last defence for endangered species.","potentialAction":[{"@type":"SearchAction","target":{"@type":"EntryPoint","urlTemplate":"https:\/\/wildlifepreservation.ca\/?s={search_term_string}"},"query-input":{"@type":"PropertyValueSpecification","valueRequired":true,"valueName":"search_term_string"}}],"inLanguage":"fr-CA"}]}},"_links":{"self":[{"href":"https:\/\/wildlifepreservation.ca\/fr\/wp-json\/wp\/v2\/pages\/24","targetHints":{"allow":["GET"]}}],"collection":[{"href":"https:\/\/wildlifepreservation.ca\/fr\/wp-json\/wp\/v2\/pages"}],"about":[{"href":"https:\/\/wildlifepreservation.ca\/fr\/wp-json\/wp\/v2\/types\/page"}],"author":[{"embeddable":true,"href":"https:\/\/wildlifepreservation.ca\/fr\/wp-json\/wp\/v2\/users\/1"}],"replies":[{"embeddable":true,"href":"https:\/\/wildlifepreservation.ca\/fr\/wp-json\/wp\/v2\/comments?post=24"}],"version-history":[{"count":8,"href":"https:\/\/wildlifepreservation.ca\/fr\/wp-json\/wp\/v2\/pages\/24\/revisions"}],"predecessor-version":[{"id":55802,"href":"https:\/\/wildlifepreservation.ca\/fr\/wp-json\/wp\/v2\/pages\/24\/revisions\/55802"}],"wp:attachment":[{"href":"https:\/\/wildlifepreservation.ca\/fr\/wp-json\/wp\/v2\/media?parent=24"}],"curies":[{"name":"wp","href":"https:\/\/api.w.org\/{rel}","templated":true}]}}