{"id":7635,"date":"2016-08-17T09:29:24","date_gmt":"2016-08-17T14:29:24","guid":{"rendered":"https:\/\/2016.wildlifepreservation.ca\/?page_id=7635"},"modified":"2016-12-07T11:30:31","modified_gmt":"2016-12-07T16:30:31","slug":"plan-daction-en-matiere-de-conservation","status":"publish","type":"page","link":"https:\/\/wildlifepreservation.ca\/fr\/plan-daction-en-matiere-de-conservation\/","title":{"rendered":"Plan d\u2019action en mati\u00e8re de conservation"},"content":{"rendered":"<p>[et_pb_section admin_label=\u00a0\u00bbsection\u00a0\u00bb][et_pb_row admin_label=\u00a0\u00bbRow\u00a0\u00bb][et_pb_column type=\u00a0\u00bb1_4&Prime;][et_pb_sidebar admin_label=\u00a0\u00bbSidebar\u00a0\u00bb orientation=\u00a0\u00bbleft\u00a0\u00bb area=\u00a0\u00bbet_pb_widget_area_5&Prime; background_layout=\u00a0\u00bblight\u00a0\u00bb remove_border=\u00a0\u00bboff\u00a0\u00bb disabled=\u00a0\u00bboff\u00a0\u00bb disabled_on=\u00a0\u00bbon||\u00a0\u00bb] [\/et_pb_sidebar][\/et_pb_column][et_pb_column type=\u00a0\u00bb3_4&Prime;][et_pb_text admin_label=\u00a0\u00bbText\u00a0\u00bb background_layout=\u00a0\u00bblight\u00a0\u00bb text_orientation=\u00a0\u00bbleft\u00a0\u00bb use_border_color=\u00a0\u00bboff\u00a0\u00bb border_color=\u00a0\u00bb#ffffff\u00a0\u00bb border_style=\u00a0\u00bbsolid\u00a0\u00bb]<\/p>\n<h1>Plan d\u2019action en mati\u00e8re de conservation<\/h1>\n<div class=\"entry-content\">\n<p>Notre plan d\u2019action en mati\u00e8re de conservation est fond\u00e9 sur une \u00e9tude annuelle des bases de donn\u00e9es canadiennes du f\u00e9d\u00e9ral et des provinces portant sur les esp\u00e8ces en p\u00e9ril. Nous \u00e9valuons tous les plans publi\u00e9s pour le r\u00e9tablissement des esp\u00e8ces terrestres (amphibiens, oiseaux, insectes, mammif\u00e8res et reptiles) sur la liste des esp\u00e8ces disparues, en voie de disparition au pays, menac\u00e9es ou pr\u00e9occupantes, et nous recensons celles qui n\u00e9cessitent une forme d\u2019intervention humaine directe exc\u00e9dant la protection d\u2019habitats. Les esp\u00e8ces faisant l\u2019objet de programmes d\u2019intervention matures et pertinents men\u00e9s par d\u2019autres organisations (comme le faucon p\u00e8lerin, la marmotte de l\u2019\u00eele de Vancouver et la grue blanche) sont retir\u00e9es de la liste.<\/p>\n<p>L\u2019inscription \u00e0 la liste \u00e9tant un long processus, nous collaborons avec des experts et nous \u00e9tudions la situation des esp\u00e8ces qui ne sont pas encore officiellement sur la liste mais dont la population en d\u00e9clin est un fait connu, dans le but de d\u00e9terminer si nous devons prendre des mesures imm\u00e9diates.<\/p>\n<\/div>\n<p>[\/et_pb_text][\/et_pb_column][\/et_pb_row][et_pb_row admin_label=\u00a0\u00bbRow\u00a0\u00bb make_fullwidth=\u00a0\u00bboff\u00a0\u00bb use_custom_width=\u00a0\u00bboff\u00a0\u00bb width_unit=\u00a0\u00bbon\u00a0\u00bb use_custom_gutter=\u00a0\u00bboff\u00a0\u00bb padding_mobile=\u00a0\u00bboff\u00a0\u00bb custom_margin=\u00a0\u00bb-20px|||\u00a0\u00bb allow_player_pause=\u00a0\u00bboff\u00a0\u00bb parallax=\u00a0\u00bboff\u00a0\u00bb parallax_method=\u00a0\u00bboff\u00a0\u00bb make_equal=\u00a0\u00bboff\u00a0\u00bb parallax_1=\u00a0\u00bboff\u00a0\u00bb parallax_method_1=\u00a0\u00bboff\u00a0\u00bb parallax_2=\u00a0\u00bboff\u00a0\u00bb parallax_method_2=\u00a0\u00bboff\u00a0\u00bb parallax_3=\u00a0\u00bboff\u00a0\u00bb parallax_method_3=\u00a0\u00bboff\u00a0\u00bb column_padding_mobile=\u00a0\u00bbon\u00a0\u00bb][et_pb_column type=\u00a0\u00bb1_3&Prime;][\/et_pb_column][et_pb_column type=\u00a0\u00bb1_3&Prime;][et_pb_text admin_label=\u00a0\u00bbText\u00a0\u00bb background_layout=\u00a0\u00bblight\u00a0\u00bb text_orientation=\u00a0\u00bbleft\u00a0\u00bb use_border_color=\u00a0\u00bboff\u00a0\u00bb border_color=\u00a0\u00bb#ffffff\u00a0\u00bb border_style=\u00a0\u00bbsolid\u00a0\u00bb]<\/p>\n<p><em>INSECTES<\/em><\/p>\n<p><a href=\"https:\/\/wildlifepreservation.ca\/fr\/le-bourdon-a-tache-rousse\/\">Bourdon \u00e0 tache rousse<\/a><br \/>\n<a href=\"https:\/\/wildlifepreservation.ca\/fr\/le-bourdon-terricole\/\">Bourdon terricole<\/a><br \/>\nCicind\u00e8le verte des pin\u00e8des<br \/>\n<a href=\"https:\/\/wildlifepreservation.ca\/fr\/le-damier-de-taylor\/\">Damier de Taylor<\/a><br \/>\nEsp\u00e9rie Persius de l\u2019Est<br \/>\nHaliplide de Hungerford<br \/>\nH\u00e9mileucin m\u00e9nyanthe<br \/>\nHesp\u00e9rie de Poweshiek<br \/>\nHesp\u00e9rie du Dakota<br \/>\nHesp\u00e9rie otto\u00e9<br \/>\nHesp\u00e9rie tachet\u00e9e (population des plaines des Grands Lacs)<br \/>\nLutin givr\u00e9<br \/>\nM\u00e9lissa bleu<br \/>\nMormon (population des montagnes du Sud)<br \/>\nNoctuelle de l\u2019abronie<br \/>\nPapillon marbr\u00e9 insulaire<br \/>\nSatyre fauve<br \/>\nTeigne de Yucca<\/p>\n<p>[\/et_pb_text][et_pb_text admin_label=\u00a0\u00bbText\u00a0\u00bb background_layout=\u00a0\u00bblight\u00a0\u00bb text_orientation=\u00a0\u00bbleft\u00a0\u00bb use_border_color=\u00a0\u00bboff\u00a0\u00bb border_color=\u00a0\u00bb#ffffff\u00a0\u00bb border_style=\u00a0\u00bbsolid\u00a0\u00bb]<\/p>\n<p><em>MAMMIF\u00c8RES<\/em><\/p>\n<p>Blaireau d\u2019Am\u00e9rique, sous-esp\u00e8ce jeffersonii<br \/>\nMartre d\u2019Am\u00e9rique (population de Terre-Neuve)<br \/>\nPutois d\u2019Am\u00e9rique<br \/>\nHermine, sous-esp\u00e8ce haidarum<br \/>\nRat kangourou d\u2019Ord<br \/>\nMusaraigne de Bendire<br \/>\n<a href=\"https:\/\/wildlifepreservation.ca\/fr\/le-renard-veloce\/\">Renard v\u00e9loce<\/a><\/p>\n<p>[\/et_pb_text][\/et_pb_column][et_pb_column type=\u00a0\u00bb1_3&Prime;][et_pb_text admin_label=\u00a0\u00bbText\u00a0\u00bb background_layout=\u00a0\u00bblight\u00a0\u00bb text_orientation=\u00a0\u00bbleft\u00a0\u00bb use_border_color=\u00a0\u00bboff\u00a0\u00bb border_color=\u00a0\u00bb#ffffff\u00a0\u00bb border_style=\u00a0\u00bbsolid\u00a0\u00bb]<\/p>\n<p><em>OISEAUX<\/em><\/p>\n<p>Alouette hausse-col, sous-esp\u00e8ce strigata<br \/>\nBruant vesp\u00e9ral, sous-esp\u00e8ces affinis<br \/>\nBuse rouilleuse<br \/>\n<a href=\"https:\/\/wildlifepreservation.ca\/fr\/la-cheveche-des-terriers\/\">Chev\u00eache des terriers<\/a><br \/>\nChouette tachet\u00e9e, sous-esp\u00e8ce caurina<br \/>\nHirondelles des Maritimes<br \/>\n<a href=\"https:\/\/wildlifepreservation.ca\/fr\/la-pie-grieche-migratrice-de-lest\/\">Pie-gri\u00e8che migratrice, sous-esp\u00e8ce de l\u2019Est<\/a><br \/>\nPluvier siffleur, sous-esp\u00e8ce circumcinctus<br \/>\nSterne de Dougall<br \/>\nT\u00e9tras des armoises, sous-esp\u00e8ce des plaines<\/p>\n<p>[\/et_pb_text][et_pb_text admin_label=\u00a0\u00bbText\u00a0\u00bb background_layout=\u00a0\u00bblight\u00a0\u00bb text_orientation=\u00a0\u00bbleft\u00a0\u00bb use_border_color=\u00a0\u00bboff\u00a0\u00bb border_color=\u00a0\u00bb#ffffff\u00a0\u00bb border_style=\u00a0\u00bbsolid\u00a0\u00bb]<\/p>\n<p><em>REPTILES ET AMPHIBIENS<\/em><\/p>\n<p>Ch\u00e9lydre serpentine<br \/>\nCouleuvre agile bleue<br \/>\nCouleuvre fauve de l\u2019Est<br \/>\nCouleuvre royale<br \/>\nCrapaud de Fowler<br \/>\nCrapaud du Grand Bassin<br \/>\nGrenouille l\u00e9opard (population des Rocheuses)<br \/>\nGrenouille macul\u00e9e de l\u2019Oregon<br \/>\n<a href=\"https:\/\/wildlifepreservation.ca\/fr\/le-massasauga\/\">Massasauga<\/a><br \/>\nRainette grillon de Blanchard<br \/>\nSalamandre sombre des montagnes (population carolinienne)<br \/>\nSalamandre sombre du nord (population des Grands Lacs et de la r\u00e9gion du Saint-Laurent)<br \/>\nSalamandre tigr\u00e9e (population des Grands Lacs)<br \/>\nTortue de l\u2019Ouest<br \/>\nTortue des bois<br \/>\nTortue mouchet\u00e9e<br \/>\nTortue musqu\u00e9e<br \/>\nTortue peinte de l\u2019ouest (population de la c\u00f4te du Pacifique)<br \/>\nTortue ponctu\u00e9e<br \/>\n<a href=\"https:\/\/wildlifepreservation.ca\/fr\/la-tortue-molle-a-epines\/\">Tortue-molle \u00e0 \u00e9pines<\/a><\/p>\n<p>[\/et_pb_text][\/et_pb_column][\/et_pb_row][\/et_pb_section]<\/p>\n","protected":false},"excerpt":{"rendered":"<p>[et_pb_section admin_label=\u00a0\u00bbsection\u00a0\u00bb][et_pb_row admin_label=\u00a0\u00bbRow\u00a0\u00bb][et_pb_column type=\u00a0\u00bb1_4&Prime;][et_pb_sidebar admin_label=\u00a0\u00bbSidebar\u00a0\u00bb orientation=\u00a0\u00bbleft\u00a0\u00bb area=\u00a0\u00bbet_pb_widget_area_5&Prime; background_layout=\u00a0\u00bblight\u00a0\u00bb remove_border=\u00a0\u00bboff\u00a0\u00bb disabled=\u00a0\u00bboff\u00a0\u00bb disabled_on=\u00a0\u00bbon||\u00a0\u00bb] [\/et_pb_sidebar][\/et_pb_column][et_pb_column type=\u00a0\u00bb3_4&Prime;][et_pb_text admin_label=\u00a0\u00bbText\u00a0\u00bb background_layout=\u00a0\u00bblight\u00a0\u00bb text_orientation=\u00a0\u00bbleft\u00a0\u00bb use_border_color=\u00a0\u00bboff\u00a0\u00bb border_color=\u00a0\u00bb#ffffff\u00a0\u00bb border_style=\u00a0\u00bbsolid\u00a0\u00bb] Plan d\u2019action en mati\u00e8re de conservation Notre plan d\u2019action en mati\u00e8re de conservation est fond\u00e9 sur une \u00e9tude annuelle des bases de donn\u00e9es canadiennes du f\u00e9d\u00e9ral et des provinces portant sur les esp\u00e8ces en p\u00e9ril. Nous [&hellip;]<\/p>\n","protected":false},"author":2,"featured_media":0,"parent":0,"menu_order":0,"comment_status":"closed","ping_status":"closed","template":"","meta":{"inline_featured_image":false,"_mc_calendar":[],"footnotes":""},"class_list":["post-7635","page","type-page","status-publish","hentry"],"yoast_head":"<!-- This site is optimized with the Yoast SEO plugin v26.1.1 - https:\/\/yoast.com\/wordpress\/plugins\/seo\/ -->\n<title>Plan d\u2019action en mati\u00e8re de conservation - Conservation de la Faune au Canada<\/title>\n<meta name=\"robots\" content=\"index, follow, max-snippet:-1, max-image-preview:large, max-video-preview:-1\" \/>\n<link rel=\"canonical\" href=\"https:\/\/wildlifepreservation.ca\/fr\/plan-daction-en-matiere-de-conservation\/\" \/>\n<meta property=\"og:locale\" content=\"fr_CA\" \/>\n<meta property=\"og:type\" content=\"article\" \/>\n<meta property=\"og:title\" content=\"Plan d\u2019action en mati\u00e8re de conservation - Conservation de la Faune au Canada\" \/>\n<meta property=\"og:description\" content=\"[et_pb_section admin_label=\u00a0\u00bbsection\u00a0\u00bb][et_pb_row admin_label=\u00a0\u00bbRow\u00a0\u00bb][et_pb_column type=\u00a0\u00bb1_4&Prime;][et_pb_sidebar admin_label=\u00a0\u00bbSidebar\u00a0\u00bb orientation=\u00a0\u00bbleft\u00a0\u00bb area=\u00a0\u00bbet_pb_widget_area_5&Prime; background_layout=\u00a0\u00bblight\u00a0\u00bb remove_border=\u00a0\u00bboff\u00a0\u00bb disabled=\u00a0\u00bboff\u00a0\u00bb disabled_on=\u00a0\u00bbon||\u00a0\u00bb] [\/et_pb_sidebar][\/et_pb_column][et_pb_column type=\u00a0\u00bb3_4&Prime;][et_pb_text admin_label=\u00a0\u00bbText\u00a0\u00bb background_layout=\u00a0\u00bblight\u00a0\u00bb text_orientation=\u00a0\u00bbleft\u00a0\u00bb use_border_color=\u00a0\u00bboff\u00a0\u00bb border_color=\u00a0\u00bb#ffffff\u00a0\u00bb border_style=\u00a0\u00bbsolid\u00a0\u00bb] Plan d\u2019action en mati\u00e8re de conservation Notre plan d\u2019action en mati\u00e8re de conservation est fond\u00e9 sur une \u00e9tude annuelle des bases de donn\u00e9es canadiennes du f\u00e9d\u00e9ral et des provinces portant sur les esp\u00e8ces en p\u00e9ril. Nous [&hellip;]\" \/>\n<meta property=\"og:url\" content=\"https:\/\/wildlifepreservation.ca\/fr\/plan-daction-en-matiere-de-conservation\/\" \/>\n<meta property=\"og:site_name\" content=\"Conservation de la Faune au Canada\" \/>\n<meta property=\"article:modified_time\" content=\"2016-12-07T16:30:31+00:00\" \/>\n<meta name=\"twitter:card\" content=\"summary_large_image\" \/>\n<meta name=\"twitter:label1\" content=\"Estimation du temps de lecture\" \/>\n\t<meta name=\"twitter:data1\" content=\"4 minutes\" \/>\n<script type=\"application\/ld+json\" class=\"yoast-schema-graph\">{\"@context\":\"https:\/\/schema.org\",\"@graph\":[{\"@type\":\"WebPage\",\"@id\":\"https:\/\/wildlifepreservation.ca\/fr\/plan-daction-en-matiere-de-conservation\/\",\"url\":\"https:\/\/wildlifepreservation.ca\/fr\/plan-daction-en-matiere-de-conservation\/\",\"name\":\"Plan d\u2019action en mati\u00e8re de conservation - Conservation de la Faune au Canada\",\"isPartOf\":{\"@id\":\"https:\/\/wildlifepreservation.ca\/fr\/#website\"},\"datePublished\":\"2016-08-17T14:29:24+00:00\",\"dateModified\":\"2016-12-07T16:30:31+00:00\",\"inLanguage\":\"fr-CA\",\"potentialAction\":[{\"@type\":\"ReadAction\",\"target\":[\"https:\/\/wildlifepreservation.ca\/fr\/plan-daction-en-matiere-de-conservation\/\"]}]},{\"@type\":\"WebSite\",\"@id\":\"https:\/\/wildlifepreservation.ca\/fr\/#website\",\"url\":\"https:\/\/wildlifepreservation.ca\/fr\/\",\"name\":\"Conservation de la Faune au Canada\",\"description\":\"Le programme canadien de soins intensifs pour les esp\u00e8ces en p\u00e9ril, depuis 1985\",\"potentialAction\":[{\"@type\":\"SearchAction\",\"target\":{\"@type\":\"EntryPoint\",\"urlTemplate\":\"https:\/\/wildlifepreservation.ca\/fr\/?s={search_term_string}\"},\"query-input\":{\"@type\":\"PropertyValueSpecification\",\"valueRequired\":true,\"valueName\":\"search_term_string\"}}],\"inLanguage\":\"fr-CA\"}]}<\/script>\n<!-- \/ Yoast SEO plugin. -->","yoast_head_json":{"title":"Plan d\u2019action en mati\u00e8re de conservation - Conservation de la Faune au Canada","robots":{"index":"index","follow":"follow","max-snippet":"max-snippet:-1","max-image-preview":"max-image-preview:large","max-video-preview":"max-video-preview:-1"},"canonical":"https:\/\/wildlifepreservation.ca\/fr\/plan-daction-en-matiere-de-conservation\/","og_locale":"fr_CA","og_type":"article","og_title":"Plan d\u2019action en mati\u00e8re de conservation - Conservation de la Faune au Canada","og_description":"[et_pb_section admin_label=\u00a0\u00bbsection\u00a0\u00bb][et_pb_row admin_label=\u00a0\u00bbRow\u00a0\u00bb][et_pb_column type=\u00a0\u00bb1_4&Prime;][et_pb_sidebar admin_label=\u00a0\u00bbSidebar\u00a0\u00bb orientation=\u00a0\u00bbleft\u00a0\u00bb area=\u00a0\u00bbet_pb_widget_area_5&Prime; background_layout=\u00a0\u00bblight\u00a0\u00bb remove_border=\u00a0\u00bboff\u00a0\u00bb disabled=\u00a0\u00bboff\u00a0\u00bb disabled_on=\u00a0\u00bbon||\u00a0\u00bb] [\/et_pb_sidebar][\/et_pb_column][et_pb_column type=\u00a0\u00bb3_4&Prime;][et_pb_text admin_label=\u00a0\u00bbText\u00a0\u00bb background_layout=\u00a0\u00bblight\u00a0\u00bb text_orientation=\u00a0\u00bbleft\u00a0\u00bb use_border_color=\u00a0\u00bboff\u00a0\u00bb border_color=\u00a0\u00bb#ffffff\u00a0\u00bb border_style=\u00a0\u00bbsolid\u00a0\u00bb] Plan d\u2019action en mati\u00e8re de conservation Notre plan d\u2019action en mati\u00e8re de conservation est fond\u00e9 sur une \u00e9tude annuelle des bases de donn\u00e9es canadiennes du f\u00e9d\u00e9ral et des provinces portant sur les esp\u00e8ces en p\u00e9ril. Nous [&hellip;]","og_url":"https:\/\/wildlifepreservation.ca\/fr\/plan-daction-en-matiere-de-conservation\/","og_site_name":"Conservation de la Faune au Canada","article_modified_time":"2016-12-07T16:30:31+00:00","twitter_card":"summary_large_image","twitter_misc":{"Estimation du temps de lecture":"4 minutes"},"schema":{"@context":"https:\/\/schema.org","@graph":[{"@type":"WebPage","@id":"https:\/\/wildlifepreservation.ca\/fr\/plan-daction-en-matiere-de-conservation\/","url":"https:\/\/wildlifepreservation.ca\/fr\/plan-daction-en-matiere-de-conservation\/","name":"Plan d\u2019action en mati\u00e8re de conservation - Conservation de la Faune au Canada","isPartOf":{"@id":"https:\/\/wildlifepreservation.ca\/fr\/#website"},"datePublished":"2016-08-17T14:29:24+00:00","dateModified":"2016-12-07T16:30:31+00:00","inLanguage":"fr-CA","potentialAction":[{"@type":"ReadAction","target":["https:\/\/wildlifepreservation.ca\/fr\/plan-daction-en-matiere-de-conservation\/"]}]},{"@type":"WebSite","@id":"https:\/\/wildlifepreservation.ca\/fr\/#website","url":"https:\/\/wildlifepreservation.ca\/fr\/","name":"Conservation de la Faune au Canada","description":"Le programme canadien de soins intensifs pour les esp\u00e8ces en p\u00e9ril, depuis 1985","potentialAction":[{"@type":"SearchAction","target":{"@type":"EntryPoint","urlTemplate":"https:\/\/wildlifepreservation.ca\/fr\/?s={search_term_string}"},"query-input":{"@type":"PropertyValueSpecification","valueRequired":true,"valueName":"search_term_string"}}],"inLanguage":"fr-CA"}]}},"_links":{"self":[{"href":"https:\/\/wildlifepreservation.ca\/fr\/wp-json\/wp\/v2\/pages\/7635","targetHints":{"allow":["GET"]}}],"collection":[{"href":"https:\/\/wildlifepreservation.ca\/fr\/wp-json\/wp\/v2\/pages"}],"about":[{"href":"https:\/\/wildlifepreservation.ca\/fr\/wp-json\/wp\/v2\/types\/page"}],"author":[{"embeddable":true,"href":"https:\/\/wildlifepreservation.ca\/fr\/wp-json\/wp\/v2\/users\/2"}],"replies":[{"embeddable":true,"href":"https:\/\/wildlifepreservation.ca\/fr\/wp-json\/wp\/v2\/comments?post=7635"}],"version-history":[{"count":0,"href":"https:\/\/wildlifepreservation.ca\/fr\/wp-json\/wp\/v2\/pages\/7635\/revisions"}],"wp:attachment":[{"href":"https:\/\/wildlifepreservation.ca\/fr\/wp-json\/wp\/v2\/media?parent=7635"}],"curies":[{"name":"wp","href":"https:\/\/api.w.org\/{rel}","templated":true}]}}