{"id":7681,"date":"2016-08-17T14:03:21","date_gmt":"2016-08-17T19:03:21","guid":{"rendered":"https:\/\/2016.wildlifepreservation.ca\/?page_id=7681"},"modified":"2016-11-30T14:15:25","modified_gmt":"2016-11-30T19:15:25","slug":"retablissement-du-papillon-damier-de-taylor","status":"publish","type":"page","link":"https:\/\/wildlifepreservation.ca\/fr\/retablissement-du-papillon-damier-de-taylor\/","title":{"rendered":"R\u00e9tablissement du papillon damier de Taylor"},"content":{"rendered":"<p>[et_pb_section admin_label=\u00a0\u00bbsection\u00a0\u00bb][et_pb_row admin_label=\u00a0\u00bbRow\u00a0\u00bb][et_pb_column type=\u00a0\u00bb1_4&Prime;][et_pb_sidebar admin_label=\u00a0\u00bbSidebar\u00a0\u00bb orientation=\u00a0\u00bbleft\u00a0\u00bb area=\u00a0\u00bbet_pb_widget_area_10&Prime; background_layout=\u00a0\u00bblight\u00a0\u00bb remove_border=\u00a0\u00bboff\u00a0\u00bb disabled=\u00a0\u00bboff\u00a0\u00bb disabled_on=\u00a0\u00bbon||\u00a0\u00bb] [\/et_pb_sidebar][\/et_pb_column][et_pb_column type=\u00a0\u00bb3_4&Prime;][et_pb_image admin_label=\u00a0\u00bbImage\u00a0\u00bb src=\u00a0\u00bbhttps:\/\/wildlifepreservation.ca\/fr\/wp-content\/uploads\/2016\/08\/TAYLORScheckerspot.jpg\u00a0\u00bb show_in_lightbox=\u00a0\u00bboff\u00a0\u00bb url_new_window=\u00a0\u00bboff\u00a0\u00bb use_overlay=\u00a0\u00bboff\u00a0\u00bb animation=\u00a0\u00bbleft\u00a0\u00bb sticky=\u00a0\u00bboff\u00a0\u00bb align=\u00a0\u00bbleft\u00a0\u00bb force_fullwidth=\u00a0\u00bboff\u00a0\u00bb always_center_on_mobile=\u00a0\u00bbon\u00a0\u00bb use_border_color=\u00a0\u00bboff\u00a0\u00bb border_color=\u00a0\u00bb#ffffff\u00a0\u00bb border_style=\u00a0\u00bbsolid\u00a0\u00bb] [\/et_pb_image][\/et_pb_column][\/et_pb_row][et_pb_row admin_label=\u00a0\u00bbRow\u00a0\u00bb make_fullwidth=\u00a0\u00bboff\u00a0\u00bb use_custom_width=\u00a0\u00bboff\u00a0\u00bb width_unit=\u00a0\u00bbon\u00a0\u00bb use_custom_gutter=\u00a0\u00bboff\u00a0\u00bb padding_mobile=\u00a0\u00bboff\u00a0\u00bb custom_margin=\u00a0\u00bb-25px|||\u00a0\u00bb allow_player_pause=\u00a0\u00bboff\u00a0\u00bb parallax=\u00a0\u00bboff\u00a0\u00bb parallax_method=\u00a0\u00bboff\u00a0\u00bb make_equal=\u00a0\u00bboff\u00a0\u00bb parallax_1=\u00a0\u00bboff\u00a0\u00bb parallax_method_1=\u00a0\u00bboff\u00a0\u00bb parallax_2=\u00a0\u00bboff\u00a0\u00bb parallax_method_2=\u00a0\u00bboff\u00a0\u00bb parallax_3=\u00a0\u00bboff\u00a0\u00bb parallax_method_3=\u00a0\u00bboff\u00a0\u00bb column_padding_mobile=\u00a0\u00bbon\u00a0\u00bb][et_pb_column type=\u00a0\u00bb1_4&Prime;][et_pb_sidebar admin_label=\u00a0\u00bbSidebar\u00a0\u00bb orientation=\u00a0\u00bbleft\u00a0\u00bb area=\u00a0\u00bbet_pb_widget_area_8&Prime; background_layout=\u00a0\u00bblight\u00a0\u00bb disabled=\u00a0\u00bboff\u00a0\u00bb disabled_on=\u00a0\u00bbon||\u00a0\u00bb remove_border=\u00a0\u00bboff\u00a0\u00bb] [\/et_pb_sidebar][\/et_pb_column][et_pb_column type=\u00a0\u00bb1_2&Prime;][et_pb_text admin_label=\u00a0\u00bbText\u00a0\u00bb background_layout=\u00a0\u00bblight\u00a0\u00bb text_orientation=\u00a0\u00bbleft\u00a0\u00bb use_border_color=\u00a0\u00bboff\u00a0\u00bb border_color=\u00a0\u00bb#ffffff\u00a0\u00bb border_style=\u00a0\u00bbsolid\u00a0\u00bb custom_margin=\u00a0\u00bb0px|||\u00a0\u00bb custom_margin_phone=\u00a0\u00bb-75px|||\u00a0\u00bb custom_margin_last_edited=\u00a0\u00bbon|phone\u00a0\u00bb]<\/p>\n<h2>R\u00e9tablissement du papillon damier de Taylor<\/h2>\n<h3><strong>L\u2019esp\u00e8ce<\/strong><\/h3>\n<p>Selon les scientifiques, ce papillon avait disparu au Canada. Or, en 2005, il a \u00e9t\u00e9 observ\u00e9 sur l\u2019\u00eele de Denman, au large des c\u00f4tes de la Colombie-Britannique. Obtenez plus de d\u00e9tails concernant <a href=\"https:\/\/wildlifepreservation.ca\/fr\/le-damier-de-taylor\/\">cette esp\u00e8ce.<\/a><\/p>\n<h3><strong>Le projet<\/strong><\/h3>\n<p>En 2013, dans le cadre de nos efforts pour sauvegarder l\u2019esp\u00e8ce, nous avons transform\u00e9 une ancienne voli\u00e8re sur l\u2019\u00eele de Denman en installation d\u2019\u00e9levage de papillons. Aux \u00c9tats-Unis, le Zoo d\u2019Oregon g\u00e8re depuis 2003 un programme d\u2019\u00e9levage et de r\u00e9introduction du damier de Taylor, avec succ\u00e8s. Nous avions pour objectif d\u2019adapter leurs techniques et de les appliquer \u00e0 la population canadienne situ\u00e9e sur la fronti\u00e8re nord de l\u2019aire de r\u00e9partition de l\u2019esp\u00e8ce.<\/p>\n<p>Nous avons pr\u00e9lev\u00e9 dix-huit \u0153ufs des milieux sauvages, lesquels ont g\u00e9n\u00e9r\u00e9 plus d\u2019une douzaine de chenilles en bonne sant\u00e9.<\/p>\n<p>En 2016, nous avons d\u00e9plac\u00e9 le projet au Zoo du Grand Vancouver. Ce partenariat a grandement bonifi\u00e9 notre capacit\u00e9 d\u2019\u00e9largir et de maintenir le programme et de visibiliser ces efforts aupr\u00e8s du public.<\/p>\n<p>Cette initiative d\u2019\u00e9levage est un compl\u00e9ment aux efforts d\u00e9ploy\u00e9s par nos partenaires pour r\u00e9tablir le damier sauvage, maintenir des habitats de qualit\u00e9 et cr\u00e9er de nouveaux sites de l\u00e2cher en vue de futures r\u00e9introductions.<\/p>\n<h3><strong>R\u00e9sultats<\/strong><\/h3>\n<p>Nous avons maintenant une population reproductrice pouvant g\u00e9n\u00e9rer plus de 1\u00a0000 chenilles par ann\u00e9e. Cela suffit pour augmenter la population sauvage existante et pour r\u00e9introduire l\u2019esp\u00e8ce dans des sites suppl\u00e9mentaires situ\u00e9s dans l\u2019aire de r\u00e9partition historique. En 2015, nous avons commenc\u00e9 \u00e0 r\u00e9introduire des damiers de Taylor dans des habitats r\u00e9tablis, accroissant ainsi la population existante.<\/p>\n<h3><strong>Impact<\/strong><\/h3>\n<p>Nos activit\u00e9s d\u2019\u00e9levage et de r\u00e9introduction de chenilles ont pour but d\u2019augmenter la population sauvage et de favoriser l\u2019atteinte de taux sains. Historiquement, le sud de la C.-B. constitue la fronti\u00e8re nord de l\u2019aire de r\u00e9partition du damier de Taylor. Il importe donc d\u2019assurer la survie de l\u2019esp\u00e8ce dans cette r\u00e9gion puisque les changements climatiques pourraient \u00e9ventuellement \u00e9radiquer les populations des r\u00e9gions plus m\u00e9ridionales.<\/p>\n<p><strong><em>Pour les derni\u00e8res nouvelles concernant ce projet, consultez notre <a href=\"https:\/\/wildlifepreservation.ca\/blog\/category\/pollinators\/\" target=\"_blank\">blogue de terrain.<\/a>\u00a0(en anglais)<\/em><\/strong><\/p>\n<p><strong><em>Soutenez le r\u00e9tablissement du damier de Taylor! <a href=\"https:\/\/wildlifepreservation.ca\/fr\/pour-faire-un-don\/pour-faire-un-don\/faites-un-don\/\">Faites un don \u00e0 Conservation de la faune au Canada d\u00e8s aujourd\u2019hui.<\/a> <\/em><\/strong><\/p>\n<p><strong><em>Vous voulez plus d\u2019information? Informez-vous de <a href=\"https:\/\/wildlifepreservation.ca\/fr\/initiative-de-retablissement-des-pollinisateurs-indigenes\/#cequevouspouvezfairepollinisateurs\">ce que vous pouvez faire<\/a><\/em><i><span style=\"margin: 0px; color: #666666; line-height: 107%; font-family: 'Open Sans',sans-serif; font-size: 10.5pt;\">\u00a0<\/span><\/i><em>pour les pollinisateurs en p\u00e9ril.<\/em><\/strong><\/p>\n<p>&nbsp;<\/p>\n<p>[\/et_pb_text][et_pb_team_member admin_label=\u00a0\u00bbPerson\u00a0\u00bb animation=\u00a0\u00bboff\u00a0\u00bb background_layout=\u00a0\u00bblight\u00a0\u00bb background_color=\u00a0\u00bbrgba(136,183,119,0.47)\u00a0\u00bb use_border_color=\u00a0\u00bboff\u00a0\u00bb border_color=\u00a0\u00bb#ffffff\u00a0\u00bb border_style=\u00a0\u00bbsolid\u00a0\u00bb custom_padding=\u00a0\u00bb8px|8px|8px|8px\u00a0\u00bb]<\/p>\n<h3><strong>Les gens<br \/>\n<\/strong><\/h3>\n<p><a href=\"https:\/\/wildlifepreservation.ca\/fr\/wp-content\/uploads\/2016\/08\/Andrea-Gielens.jpg\"><img loading=\"lazy\" decoding=\"async\" class=\"alignleft size-medium wp-image-8802\" src=\"https:\/\/wildlifepreservation.ca\/fr\/wp-content\/uploads\/2016\/08\/Andrea-Gielens-300x225.jpg\" alt=\"andrea-gielens\" width=\"300\" height=\"225\" srcset=\"https:\/\/wildlifepreservation.ca\/fr\/wp-content\/uploads\/sites\/2\/2016\/08\/Andrea-Gielens-300x225.jpg 300w, https:\/\/wildlifepreservation.ca\/fr\/wp-content\/uploads\/sites\/2\/2016\/08\/Andrea-Gielens.jpg 400w\" sizes=\"auto, (max-width: 300px) 100vw, 300px\" \/><\/a><strong>Andrea Gielens<\/strong><br \/>\n<strong>Biologiste principale<\/strong><\/p>\n<p>Andrea fait du b\u00e9n\u00e9volat pour aider la faune depuis l\u2019\u00e2ge de 13 ans. Elle a fait ses d\u00e9buts dans un organisme local qui venait en aide \u00e0 la faune orpheline, en donnant le biberon \u00e0 de jeunes cerfs, ratons laveurs et \u00e9cureuils. Aujourd\u2019hui, elle d\u00e9tient une ma\u00eetrise en \u00e9cologie de l\u2019Universit\u00e9 Royal Roads, ainsi qu\u2019un baccalaur\u00e9at en biologie, avec une sp\u00e9cialisation en zoologie et comportement animal. Elle a travaill\u00e9 dans des zoos au Canada et au R.-U., d\u2019abord avec les primates et les petits f\u00e9lins, et par la suite avec la grenouille macul\u00e9e de l\u2019Oregon. Elle a \u00e9galement \u00e9tudi\u00e9 les dynamiques de meutes et les comportements sociaux chez les chiens sauvages d\u2019Afrique.<\/p>\n<p>En 2011, Andrea a travaill\u00e9 pendant un an \u00e0 la section des amphibiens et reptiles \u00e0 la Durrell Wildlife Conservation Trust [fiducie Durrell pour la conservation de la faune], l\u2019organisation s\u0153ur de Conservation de la faune au Canada au R.-U, \u00e0 Jersey. Entre autres, elle y a appris comment traiter les colonies de conservation atteintes du champignon chytride mortel, lequel d\u00e9cime des populations d\u2019amphibiens partout dans le monde. Andrea coordonne notre projet Wetlands Wildlife en C.-B., ainsi que notre travail de r\u00e9tablissement du papillon damier de Taylor.<\/p>\n<p>Le programme d\u2019\u00e9levage du damier de Taylor a \u00e9t\u00e9 initi\u00e9 sur l\u2019\u00eele de Denman par Peter Karsten, ancien directeur du Zoo de Calgary et ancien pr\u00e9sident de l\u2019Association des zoos et des aquariums, section canadienne et section \u00e9tats-unienne. Reconnu pour son travail avec le l\u00e9iothrix jaune, Peter poss\u00e8de une longue exp\u00e9rience couronn\u00e9e de succ\u00e8s dans le domaine de la reproduction d\u2019esp\u00e8ces.<\/p>\n<p>Les b\u00e9n\u00e9voles du Groupe de travail de la communaut\u00e9 du damier de Taylor participent grandement aux mises en libert\u00e9 et \u00e0 la surveillance des papillons, ainsi qu\u2019au r\u00e9tablissement des habitats.<\/p>\n<p>&nbsp;<\/p>\n<p>[\/et_pb_team_member][\/et_pb_column][et_pb_column type=\u00a0\u00bb1_4&Prime;][et_pb_video admin_label=\u00a0\u00bbVideo\u00a0\u00bb src=\u00a0\u00bbhttps:\/\/www.youtube.com\/watch?v=57WzJpAYIx4&Prime; image_src=\u00a0\u00bb\/\/i.ytimg.com\/vi\/57WzJpAYIx4\/hqdefault.jpg\u00a0\u00bb] [\/et_pb_video][et_pb_text admin_label=\u00a0\u00bbText\u00a0\u00bb background_layout=\u00a0\u00bblight\u00a0\u00bb text_orientation=\u00a0\u00bbleft\u00a0\u00bb use_border_color=\u00a0\u00bboff\u00a0\u00bb border_color=\u00a0\u00bb#ffffff\u00a0\u00bb border_style=\u00a0\u00bbsolid\u00a0\u00bb]<\/p>\n<p><strong>Soutenu par<\/strong><\/p>\n<ul>\n<li>La Fondation Barraclough<\/li>\n<li>La Fondation Rogers<\/li>\n<\/ul>\n<p><strong>Partenaires du programme<\/strong><\/p>\n<ul>\n<li><a href=\"https:\/\/www2.gov.bc.ca\/gov\/content\/governments\/organizational-structure\/ministries-organizations\/ministries\/environment\">B.C. Ministry of the Environment<\/a> (en anglais)<\/li>\n<li><a href=\"https:\/\/www.gov.bc.ca\/for\/\">B.C. Ministry of\u00a0Forest, Lands and Natural Resource Operations<\/a> (en anglais)<\/li>\n<li><a href=\"https:\/\/www.env.gov.bc.ca\/bcparks\/\">B.C. Parks<\/a> (en anglais)<\/li>\n<li><a href=\"https:\/\/www.denmanconservancy.org\/\">Denman Conservancy Association<\/a> (en anglais)<\/li>\n<li><a href=\"https:\/\/www.goert.ca\/activities\/taylors-checkerspot\/\">Garry Oak Ecosystem Recovery Team (GOERT)<\/a> (en anglais)<\/li>\n<li><a href=\"https:\/\/gvzoo.com\/\">Greater Vancouver Zoo<\/a> (en anglais)<\/li>\n<li>Taylor&rsquo;s Checkerspot Community Working Group<\/li>\n<li><a href=\"https:\/\/profiles.forestry.ubc.ca\/person\/suzie-lavallee\/\">University of British Columbia<\/a> (en anglais)<\/li>\n<\/ul>\n<p><strong>Ressources<\/strong><\/p>\n<ul>\n<li><a href=\"https:\/\/www.denman-conservancy.org\/wp-content\/uploads\/2014\/05\/Draft-DCA-Checkerspot-Stew-Guide-HSP-2014.pdf\">Guide to the Stewardship of Taylor\u2019s Checkerspot on Denman Island<\/a> (en anglais)<\/li>\n<li><a href=\"https:\/\/www.goert.ca\/gardeners_restoration\/index.php\">Information on Establishing, Restoring and Caring for Garry Oak Habitat<\/a> (en anglais)<\/li>\n<li><a href=\"https:\/\/www.goert.ca\/documents\/Butterfly_ID_sheet.pdf\">Butterflies of Southern Vancouver Island and Gulf Islands ID Sheet<\/a> (en anglais)<\/li>\n<\/ul>\n<p>[\/et_pb_text][\/et_pb_column][\/et_pb_row][\/et_pb_section]<\/p>\n","protected":false},"excerpt":{"rendered":"<p>[et_pb_section admin_label=\u00a0\u00bbsection\u00a0\u00bb][et_pb_row admin_label=\u00a0\u00bbRow\u00a0\u00bb][et_pb_column type=\u00a0\u00bb1_4&Prime;][et_pb_sidebar admin_label=\u00a0\u00bbSidebar\u00a0\u00bb orientation=\u00a0\u00bbleft\u00a0\u00bb area=\u00a0\u00bbet_pb_widget_area_10&Prime; background_layout=\u00a0\u00bblight\u00a0\u00bb remove_border=\u00a0\u00bboff\u00a0\u00bb disabled=\u00a0\u00bboff\u00a0\u00bb disabled_on=\u00a0\u00bbon||\u00a0\u00bb] [\/et_pb_sidebar][\/et_pb_column][et_pb_column type=\u00a0\u00bb3_4&Prime;][et_pb_image admin_label=\u00a0\u00bbImage\u00a0\u00bb src=\u00a0\u00bbhttps:\/\/wildlifepreservation.ca\/fr\/wp-content\/uploads\/2016\/08\/TAYLORScheckerspot.jpg\u00a0\u00bb show_in_lightbox=\u00a0\u00bboff\u00a0\u00bb url_new_window=\u00a0\u00bboff\u00a0\u00bb use_overlay=\u00a0\u00bboff\u00a0\u00bb animation=\u00a0\u00bbleft\u00a0\u00bb sticky=\u00a0\u00bboff\u00a0\u00bb align=\u00a0\u00bbleft\u00a0\u00bb force_fullwidth=\u00a0\u00bboff\u00a0\u00bb always_center_on_mobile=\u00a0\u00bbon\u00a0\u00bb use_border_color=\u00a0\u00bboff\u00a0\u00bb border_color=\u00a0\u00bb#ffffff\u00a0\u00bb border_style=\u00a0\u00bbsolid\u00a0\u00bb] [\/et_pb_image][\/et_pb_column][\/et_pb_row][et_pb_row admin_label=\u00a0\u00bbRow\u00a0\u00bb make_fullwidth=\u00a0\u00bboff\u00a0\u00bb use_custom_width=\u00a0\u00bboff\u00a0\u00bb width_unit=\u00a0\u00bbon\u00a0\u00bb use_custom_gutter=\u00a0\u00bboff\u00a0\u00bb padding_mobile=\u00a0\u00bboff\u00a0\u00bb custom_margin=\u00a0\u00bb-25px|||\u00a0\u00bb allow_player_pause=\u00a0\u00bboff\u00a0\u00bb parallax=\u00a0\u00bboff\u00a0\u00bb parallax_method=\u00a0\u00bboff\u00a0\u00bb make_equal=\u00a0\u00bboff\u00a0\u00bb parallax_1=\u00a0\u00bboff\u00a0\u00bb parallax_method_1=\u00a0\u00bboff\u00a0\u00bb parallax_2=\u00a0\u00bboff\u00a0\u00bb parallax_method_2=\u00a0\u00bboff\u00a0\u00bb parallax_3=\u00a0\u00bboff\u00a0\u00bb parallax_method_3=\u00a0\u00bboff\u00a0\u00bb column_padding_mobile=\u00a0\u00bbon\u00a0\u00bb][et_pb_column type=\u00a0\u00bb1_4&Prime;][et_pb_sidebar admin_label=\u00a0\u00bbSidebar\u00a0\u00bb orientation=\u00a0\u00bbleft\u00a0\u00bb area=\u00a0\u00bbet_pb_widget_area_8&Prime; background_layout=\u00a0\u00bblight\u00a0\u00bb disabled=\u00a0\u00bboff\u00a0\u00bb disabled_on=\u00a0\u00bbon||\u00a0\u00bb remove_border=\u00a0\u00bboff\u00a0\u00bb] [\/et_pb_sidebar][\/et_pb_column][et_pb_column type=\u00a0\u00bb1_2&Prime;][et_pb_text [&hellip;]<\/p>\n","protected":false},"author":2,"featured_media":0,"parent":0,"menu_order":0,"comment_status":"closed","ping_status":"closed","template":"","meta":{"inline_featured_image":false,"_mc_calendar":[],"footnotes":""},"class_list":["post-7681","page","type-page","status-publish","hentry"],"yoast_head":"<!-- This site is optimized with the Yoast SEO plugin v26.1.1 - https:\/\/yoast.com\/wordpress\/plugins\/seo\/ -->\n<title>R\u00e9tablissement du papillon damier de Taylor - Conservation de la Faune au Canada<\/title>\n<meta name=\"robots\" content=\"index, follow, max-snippet:-1, max-image-preview:large, max-video-preview:-1\" \/>\n<link rel=\"canonical\" href=\"https:\/\/wildlifepreservation.ca\/fr\/retablissement-du-papillon-damier-de-taylor\/\" \/>\n<meta property=\"og:locale\" content=\"fr_CA\" \/>\n<meta property=\"og:type\" content=\"article\" \/>\n<meta property=\"og:title\" content=\"R\u00e9tablissement du papillon damier de Taylor - Conservation de la Faune au Canada\" \/>\n<meta property=\"og:description\" content=\"[et_pb_section admin_label=\u00a0\u00bbsection\u00a0\u00bb][et_pb_row admin_label=\u00a0\u00bbRow\u00a0\u00bb][et_pb_column type=\u00a0\u00bb1_4&Prime;][et_pb_sidebar admin_label=\u00a0\u00bbSidebar\u00a0\u00bb orientation=\u00a0\u00bbleft\u00a0\u00bb area=\u00a0\u00bbet_pb_widget_area_10&Prime; background_layout=\u00a0\u00bblight\u00a0\u00bb remove_border=\u00a0\u00bboff\u00a0\u00bb disabled=\u00a0\u00bboff\u00a0\u00bb disabled_on=\u00a0\u00bbon||\u00a0\u00bb] [\/et_pb_sidebar][\/et_pb_column][et_pb_column type=\u00a0\u00bb3_4&Prime;][et_pb_image admin_label=\u00a0\u00bbImage\u00a0\u00bb src=\u00a0\u00bbhttps:\/\/wildlifepreservation.ca\/fr\/wp-content\/uploads\/2016\/08\/TAYLORScheckerspot.jpg\u00a0\u00bb show_in_lightbox=\u00a0\u00bboff\u00a0\u00bb url_new_window=\u00a0\u00bboff\u00a0\u00bb use_overlay=\u00a0\u00bboff\u00a0\u00bb animation=\u00a0\u00bbleft\u00a0\u00bb sticky=\u00a0\u00bboff\u00a0\u00bb align=\u00a0\u00bbleft\u00a0\u00bb force_fullwidth=\u00a0\u00bboff\u00a0\u00bb always_center_on_mobile=\u00a0\u00bbon\u00a0\u00bb use_border_color=\u00a0\u00bboff\u00a0\u00bb border_color=\u00a0\u00bb#ffffff\u00a0\u00bb border_style=\u00a0\u00bbsolid\u00a0\u00bb] [\/et_pb_image][\/et_pb_column][\/et_pb_row][et_pb_row admin_label=\u00a0\u00bbRow\u00a0\u00bb make_fullwidth=\u00a0\u00bboff\u00a0\u00bb use_custom_width=\u00a0\u00bboff\u00a0\u00bb width_unit=\u00a0\u00bbon\u00a0\u00bb use_custom_gutter=\u00a0\u00bboff\u00a0\u00bb padding_mobile=\u00a0\u00bboff\u00a0\u00bb custom_margin=\u00a0\u00bb-25px|||\u00a0\u00bb allow_player_pause=\u00a0\u00bboff\u00a0\u00bb parallax=\u00a0\u00bboff\u00a0\u00bb parallax_method=\u00a0\u00bboff\u00a0\u00bb make_equal=\u00a0\u00bboff\u00a0\u00bb parallax_1=\u00a0\u00bboff\u00a0\u00bb parallax_method_1=\u00a0\u00bboff\u00a0\u00bb parallax_2=\u00a0\u00bboff\u00a0\u00bb parallax_method_2=\u00a0\u00bboff\u00a0\u00bb parallax_3=\u00a0\u00bboff\u00a0\u00bb parallax_method_3=\u00a0\u00bboff\u00a0\u00bb column_padding_mobile=\u00a0\u00bbon\u00a0\u00bb][et_pb_column type=\u00a0\u00bb1_4&Prime;][et_pb_sidebar admin_label=\u00a0\u00bbSidebar\u00a0\u00bb orientation=\u00a0\u00bbleft\u00a0\u00bb area=\u00a0\u00bbet_pb_widget_area_8&Prime; background_layout=\u00a0\u00bblight\u00a0\u00bb disabled=\u00a0\u00bboff\u00a0\u00bb disabled_on=\u00a0\u00bbon||\u00a0\u00bb remove_border=\u00a0\u00bboff\u00a0\u00bb] [\/et_pb_sidebar][\/et_pb_column][et_pb_column type=\u00a0\u00bb1_2&Prime;][et_pb_text [&hellip;]\" \/>\n<meta property=\"og:url\" content=\"https:\/\/wildlifepreservation.ca\/fr\/retablissement-du-papillon-damier-de-taylor\/\" \/>\n<meta property=\"og:site_name\" content=\"Conservation de la Faune au Canada\" \/>\n<meta property=\"article:modified_time\" content=\"2016-11-30T19:15:25+00:00\" \/>\n<meta property=\"og:image\" content=\"https:\/\/wildlifepreservation.ca\/fr\/wp-content\/uploads\/2016\/08\/Andrea-Gielens-300x225.jpg\" \/>\n<meta name=\"twitter:card\" content=\"summary_large_image\" \/>\n<meta name=\"twitter:label1\" content=\"Estimation du temps de lecture\" \/>\n\t<meta name=\"twitter:data1\" content=\"6 minutes\" \/>\n<script type=\"application\/ld+json\" class=\"yoast-schema-graph\">{\"@context\":\"https:\/\/schema.org\",\"@graph\":[{\"@type\":\"WebPage\",\"@id\":\"https:\/\/wildlifepreservation.ca\/fr\/retablissement-du-papillon-damier-de-taylor\/\",\"url\":\"https:\/\/wildlifepreservation.ca\/fr\/retablissement-du-papillon-damier-de-taylor\/\",\"name\":\"R\u00e9tablissement du papillon damier de Taylor - Conservation de la Faune au Canada\",\"isPartOf\":{\"@id\":\"https:\/\/wildlifepreservation.ca\/fr\/#website\"},\"primaryImageOfPage\":{\"@id\":\"https:\/\/wildlifepreservation.ca\/fr\/retablissement-du-papillon-damier-de-taylor\/#primaryimage\"},\"image\":{\"@id\":\"https:\/\/wildlifepreservation.ca\/fr\/retablissement-du-papillon-damier-de-taylor\/#primaryimage\"},\"thumbnailUrl\":\"https:\/\/wildlifepreservation.ca\/fr\/wp-content\/uploads\/2016\/08\/Andrea-Gielens-300x225.jpg\",\"datePublished\":\"2016-08-17T19:03:21+00:00\",\"dateModified\":\"2016-11-30T19:15:25+00:00\",\"inLanguage\":\"fr-CA\",\"potentialAction\":[{\"@type\":\"ReadAction\",\"target\":[\"https:\/\/wildlifepreservation.ca\/fr\/retablissement-du-papillon-damier-de-taylor\/\"]}]},{\"@type\":\"ImageObject\",\"inLanguage\":\"fr-CA\",\"@id\":\"https:\/\/wildlifepreservation.ca\/fr\/retablissement-du-papillon-damier-de-taylor\/#primaryimage\",\"url\":\"https:\/\/wildlifepreservation.ca\/fr\/wp-content\/uploads\/2016\/08\/Andrea-Gielens-300x225.jpg\",\"contentUrl\":\"https:\/\/wildlifepreservation.ca\/fr\/wp-content\/uploads\/2016\/08\/Andrea-Gielens-300x225.jpg\"},{\"@type\":\"WebSite\",\"@id\":\"https:\/\/wildlifepreservation.ca\/fr\/#website\",\"url\":\"https:\/\/wildlifepreservation.ca\/fr\/\",\"name\":\"Conservation de la Faune au Canada\",\"description\":\"Le programme canadien de soins intensifs pour les esp\u00e8ces en p\u00e9ril, depuis 1985\",\"potentialAction\":[{\"@type\":\"SearchAction\",\"target\":{\"@type\":\"EntryPoint\",\"urlTemplate\":\"https:\/\/wildlifepreservation.ca\/fr\/?s={search_term_string}\"},\"query-input\":{\"@type\":\"PropertyValueSpecification\",\"valueRequired\":true,\"valueName\":\"search_term_string\"}}],\"inLanguage\":\"fr-CA\"}]}<\/script>\n<!-- \/ Yoast SEO plugin. -->","yoast_head_json":{"title":"R\u00e9tablissement du papillon damier de Taylor - Conservation de la Faune au Canada","robots":{"index":"index","follow":"follow","max-snippet":"max-snippet:-1","max-image-preview":"max-image-preview:large","max-video-preview":"max-video-preview:-1"},"canonical":"https:\/\/wildlifepreservation.ca\/fr\/retablissement-du-papillon-damier-de-taylor\/","og_locale":"fr_CA","og_type":"article","og_title":"R\u00e9tablissement du papillon damier de Taylor - Conservation de la Faune au Canada","og_description":"[et_pb_section admin_label=\u00a0\u00bbsection\u00a0\u00bb][et_pb_row admin_label=\u00a0\u00bbRow\u00a0\u00bb][et_pb_column type=\u00a0\u00bb1_4&Prime;][et_pb_sidebar admin_label=\u00a0\u00bbSidebar\u00a0\u00bb orientation=\u00a0\u00bbleft\u00a0\u00bb area=\u00a0\u00bbet_pb_widget_area_10&Prime; background_layout=\u00a0\u00bblight\u00a0\u00bb remove_border=\u00a0\u00bboff\u00a0\u00bb disabled=\u00a0\u00bboff\u00a0\u00bb disabled_on=\u00a0\u00bbon||\u00a0\u00bb] [\/et_pb_sidebar][\/et_pb_column][et_pb_column type=\u00a0\u00bb3_4&Prime;][et_pb_image admin_label=\u00a0\u00bbImage\u00a0\u00bb src=\u00a0\u00bbhttps:\/\/wildlifepreservation.ca\/fr\/wp-content\/uploads\/2016\/08\/TAYLORScheckerspot.jpg\u00a0\u00bb show_in_lightbox=\u00a0\u00bboff\u00a0\u00bb url_new_window=\u00a0\u00bboff\u00a0\u00bb use_overlay=\u00a0\u00bboff\u00a0\u00bb animation=\u00a0\u00bbleft\u00a0\u00bb sticky=\u00a0\u00bboff\u00a0\u00bb align=\u00a0\u00bbleft\u00a0\u00bb force_fullwidth=\u00a0\u00bboff\u00a0\u00bb always_center_on_mobile=\u00a0\u00bbon\u00a0\u00bb use_border_color=\u00a0\u00bboff\u00a0\u00bb border_color=\u00a0\u00bb#ffffff\u00a0\u00bb border_style=\u00a0\u00bbsolid\u00a0\u00bb] [\/et_pb_image][\/et_pb_column][\/et_pb_row][et_pb_row admin_label=\u00a0\u00bbRow\u00a0\u00bb make_fullwidth=\u00a0\u00bboff\u00a0\u00bb use_custom_width=\u00a0\u00bboff\u00a0\u00bb width_unit=\u00a0\u00bbon\u00a0\u00bb use_custom_gutter=\u00a0\u00bboff\u00a0\u00bb padding_mobile=\u00a0\u00bboff\u00a0\u00bb custom_margin=\u00a0\u00bb-25px|||\u00a0\u00bb allow_player_pause=\u00a0\u00bboff\u00a0\u00bb parallax=\u00a0\u00bboff\u00a0\u00bb parallax_method=\u00a0\u00bboff\u00a0\u00bb make_equal=\u00a0\u00bboff\u00a0\u00bb parallax_1=\u00a0\u00bboff\u00a0\u00bb parallax_method_1=\u00a0\u00bboff\u00a0\u00bb parallax_2=\u00a0\u00bboff\u00a0\u00bb parallax_method_2=\u00a0\u00bboff\u00a0\u00bb parallax_3=\u00a0\u00bboff\u00a0\u00bb parallax_method_3=\u00a0\u00bboff\u00a0\u00bb column_padding_mobile=\u00a0\u00bbon\u00a0\u00bb][et_pb_column type=\u00a0\u00bb1_4&Prime;][et_pb_sidebar admin_label=\u00a0\u00bbSidebar\u00a0\u00bb orientation=\u00a0\u00bbleft\u00a0\u00bb area=\u00a0\u00bbet_pb_widget_area_8&Prime; background_layout=\u00a0\u00bblight\u00a0\u00bb disabled=\u00a0\u00bboff\u00a0\u00bb disabled_on=\u00a0\u00bbon||\u00a0\u00bb remove_border=\u00a0\u00bboff\u00a0\u00bb] [\/et_pb_sidebar][\/et_pb_column][et_pb_column type=\u00a0\u00bb1_2&Prime;][et_pb_text [&hellip;]","og_url":"https:\/\/wildlifepreservation.ca\/fr\/retablissement-du-papillon-damier-de-taylor\/","og_site_name":"Conservation de la Faune au Canada","article_modified_time":"2016-11-30T19:15:25+00:00","og_image":[{"url":"https:\/\/wildlifepreservation.ca\/fr\/wp-content\/uploads\/2016\/08\/Andrea-Gielens-300x225.jpg","type":"","width":"","height":""}],"twitter_card":"summary_large_image","twitter_misc":{"Estimation du temps de lecture":"6 minutes"},"schema":{"@context":"https:\/\/schema.org","@graph":[{"@type":"WebPage","@id":"https:\/\/wildlifepreservation.ca\/fr\/retablissement-du-papillon-damier-de-taylor\/","url":"https:\/\/wildlifepreservation.ca\/fr\/retablissement-du-papillon-damier-de-taylor\/","name":"R\u00e9tablissement du papillon damier de Taylor - Conservation de la Faune au Canada","isPartOf":{"@id":"https:\/\/wildlifepreservation.ca\/fr\/#website"},"primaryImageOfPage":{"@id":"https:\/\/wildlifepreservation.ca\/fr\/retablissement-du-papillon-damier-de-taylor\/#primaryimage"},"image":{"@id":"https:\/\/wildlifepreservation.ca\/fr\/retablissement-du-papillon-damier-de-taylor\/#primaryimage"},"thumbnailUrl":"https:\/\/wildlifepreservation.ca\/fr\/wp-content\/uploads\/2016\/08\/Andrea-Gielens-300x225.jpg","datePublished":"2016-08-17T19:03:21+00:00","dateModified":"2016-11-30T19:15:25+00:00","inLanguage":"fr-CA","potentialAction":[{"@type":"ReadAction","target":["https:\/\/wildlifepreservation.ca\/fr\/retablissement-du-papillon-damier-de-taylor\/"]}]},{"@type":"ImageObject","inLanguage":"fr-CA","@id":"https:\/\/wildlifepreservation.ca\/fr\/retablissement-du-papillon-damier-de-taylor\/#primaryimage","url":"https:\/\/wildlifepreservation.ca\/fr\/wp-content\/uploads\/2016\/08\/Andrea-Gielens-300x225.jpg","contentUrl":"https:\/\/wildlifepreservation.ca\/fr\/wp-content\/uploads\/2016\/08\/Andrea-Gielens-300x225.jpg"},{"@type":"WebSite","@id":"https:\/\/wildlifepreservation.ca\/fr\/#website","url":"https:\/\/wildlifepreservation.ca\/fr\/","name":"Conservation de la Faune au Canada","description":"Le programme canadien de soins intensifs pour les esp\u00e8ces en p\u00e9ril, depuis 1985","potentialAction":[{"@type":"SearchAction","target":{"@type":"EntryPoint","urlTemplate":"https:\/\/wildlifepreservation.ca\/fr\/?s={search_term_string}"},"query-input":{"@type":"PropertyValueSpecification","valueRequired":true,"valueName":"search_term_string"}}],"inLanguage":"fr-CA"}]}},"_links":{"self":[{"href":"https:\/\/wildlifepreservation.ca\/fr\/wp-json\/wp\/v2\/pages\/7681","targetHints":{"allow":["GET"]}}],"collection":[{"href":"https:\/\/wildlifepreservation.ca\/fr\/wp-json\/wp\/v2\/pages"}],"about":[{"href":"https:\/\/wildlifepreservation.ca\/fr\/wp-json\/wp\/v2\/types\/page"}],"author":[{"embeddable":true,"href":"https:\/\/wildlifepreservation.ca\/fr\/wp-json\/wp\/v2\/users\/2"}],"replies":[{"embeddable":true,"href":"https:\/\/wildlifepreservation.ca\/fr\/wp-json\/wp\/v2\/comments?post=7681"}],"version-history":[{"count":0,"href":"https:\/\/wildlifepreservation.ca\/fr\/wp-json\/wp\/v2\/pages\/7681\/revisions"}],"wp:attachment":[{"href":"https:\/\/wildlifepreservation.ca\/fr\/wp-json\/wp\/v2\/media?parent=7681"}],"curies":[{"name":"wp","href":"https:\/\/api.w.org\/{rel}","templated":true}]}}