{"id":8202,"date":"2016-09-12T12:05:40","date_gmt":"2016-09-12T17:05:40","guid":{"rendered":"https:\/\/2016.wildlifepreservation.ca\/?page_id=8202"},"modified":"2016-11-30T14:16:35","modified_gmt":"2016-11-30T19:16:35","slug":"reintroduction-du-renard-veloce","status":"publish","type":"page","link":"https:\/\/wildlifepreservation.ca\/fr\/reintroduction-du-renard-veloce\/","title":{"rendered":"R\u00e9introduction du renard v\u00e9loce"},"content":{"rendered":"<p>[et_pb_section admin_label=\u00a0\u00bbsection\u00a0\u00bb][et_pb_row admin_label=\u00a0\u00bbRow\u00a0\u00bb][et_pb_column type=\u00a0\u00bb1_4&Prime;][et_pb_sidebar admin_label=\u00a0\u00bbSidebar\u00a0\u00bb orientation=\u00a0\u00bbleft\u00a0\u00bb area=\u00a0\u00bbet_pb_widget_area_13&Prime; background_layout=\u00a0\u00bblight\u00a0\u00bb remove_border=\u00a0\u00bboff\u00a0\u00bb disabled=\u00a0\u00bboff\u00a0\u00bb disabled_on=\u00a0\u00bbon||\u00a0\u00bb] [\/et_pb_sidebar][\/et_pb_column][et_pb_column type=\u00a0\u00bb3_4&Prime;][et_pb_image admin_label=\u00a0\u00bbImage\u00a0\u00bb src=\u00a0\u00bbhttps:\/\/wildlifepreservation.ca\/fr\/wp-content\/uploads\/2016\/09\/SwiftfoxGordonCourt.jpg\u00a0\u00bb show_in_lightbox=\u00a0\u00bboff\u00a0\u00bb url_new_window=\u00a0\u00bboff\u00a0\u00bb use_overlay=\u00a0\u00bboff\u00a0\u00bb animation=\u00a0\u00bbleft\u00a0\u00bb sticky=\u00a0\u00bbon\u00a0\u00bb align=\u00a0\u00bbleft\u00a0\u00bb force_fullwidth=\u00a0\u00bboff\u00a0\u00bb always_center_on_mobile=\u00a0\u00bbon\u00a0\u00bb use_border_color=\u00a0\u00bboff\u00a0\u00bb border_color=\u00a0\u00bb#ffffff\u00a0\u00bb border_style=\u00a0\u00bbsolid\u00a0\u00bb] [\/et_pb_image][\/et_pb_column][\/et_pb_row][et_pb_row admin_label=\u00a0\u00bbRow\u00a0\u00bb make_fullwidth=\u00a0\u00bboff\u00a0\u00bb use_custom_width=\u00a0\u00bboff\u00a0\u00bb width_unit=\u00a0\u00bbon\u00a0\u00bb use_custom_gutter=\u00a0\u00bboff\u00a0\u00bb padding_mobile=\u00a0\u00bboff\u00a0\u00bb allow_player_pause=\u00a0\u00bboff\u00a0\u00bb parallax=\u00a0\u00bboff\u00a0\u00bb parallax_method=\u00a0\u00bboff\u00a0\u00bb make_equal=\u00a0\u00bboff\u00a0\u00bb parallax_1=\u00a0\u00bboff\u00a0\u00bb parallax_method_1=\u00a0\u00bboff\u00a0\u00bb parallax_2=\u00a0\u00bboff\u00a0\u00bb parallax_method_2=\u00a0\u00bboff\u00a0\u00bb parallax_3=\u00a0\u00bboff\u00a0\u00bb parallax_method_3=\u00a0\u00bboff\u00a0\u00bb column_padding_mobile=\u00a0\u00bbon\u00a0\u00bb custom_margin=\u00a0\u00bb-50px|||\u00a0\u00bb custom_margin_last_edited=\u00a0\u00bbon|desktop\u00a0\u00bb][et_pb_column type=\u00a0\u00bb1_4&Prime;][et_pb_sidebar admin_label=\u00a0\u00bbSidebar\u00a0\u00bb orientation=\u00a0\u00bbleft\u00a0\u00bb area=\u00a0\u00bbet_pb_widget_area_8&Prime; background_layout=\u00a0\u00bblight\u00a0\u00bb remove_border=\u00a0\u00bboff\u00a0\u00bb disabled=\u00a0\u00bboff\u00a0\u00bb disabled_on=\u00a0\u00bbon||\u00a0\u00bb] [\/et_pb_sidebar][\/et_pb_column][et_pb_column type=\u00a0\u00bb1_2&Prime;][et_pb_text admin_label=\u00a0\u00bbText\u00a0\u00bb background_layout=\u00a0\u00bblight\u00a0\u00bb text_orientation=\u00a0\u00bbleft\u00a0\u00bb use_border_color=\u00a0\u00bboff\u00a0\u00bb border_color=\u00a0\u00bb#ffffff\u00a0\u00bb border_style=\u00a0\u00bbsolid\u00a0\u00bb custom_margin=\u00a0\u00bb0px|||\u00a0\u00bb custom_margin_phone=\u00a0\u00bb-50px|||\u00a0\u00bb custom_margin_last_edited=\u00a0\u00bbon|phone\u00a0\u00bb]<\/p>\n<h1>R\u00e9introduction du renard v\u00e9loce<\/h1>\n<h3><b>L\u2019esp\u00e8ce<\/b><\/h3>\n<p>Autrefois r\u00e9pandu au Manitoba, en Saskatchewan et en Alberta, le renard v\u00e9loce a disparu des prairies canadiennes dans les ann\u00e9es 1930. Obtenez plus de d\u00e9tails sur <a href=\"https:\/\/wildlifepreservation.ca\/fr\/le-renard-veloce\/\">cette esp\u00e8ce<\/a>.<\/p>\n<h3><b>Le projet<\/b><\/h3>\n<p>Conservation de la faune au Canada se pr\u00e9occupe activement de la situation du renard v\u00e9loce depuis le milieu des ann\u00e9es 1990. Nous avons alors soutenu le programme de reproduction \u00e0 des fins de conservation mis en \u0153uvre dans la r\u00e9serve faunique de Cochrane, en Alberta. Cette initiative faisait partie d\u2019un programme de r\u00e9int\u00e9gration comportant en outre le d\u00e9placement de renards sauvages provenant des \u00c9tats-Unis.<\/p>\n<p>Depuis lors, nous avons soutenu la r\u00e9alisation p\u00e9riodique de relev\u00e9s afin de suivre l\u2019\u00e9volution de la situation des populations sauvages au Canada. Les relev\u00e9s, qui comprenaient \u00e0 la fois la surveillance au moyen de pi\u00e8ges photographiques et la capture d\u2019animaux vivants, ont \u00e9t\u00e9 effectu\u00e9s sur de vastes territoires en Alberta, en Saskatchewan et dans le Montana.<\/p>\n<h3><strong>R\u00e9sultats<\/strong><\/h3>\n<p>Le programme de r\u00e9introduction a permis d\u2019\u00e9tablir des populations peu nombreuses mais apparemment autosuffisantes dans le sud de l\u2019Alberta et de la Saskatchewan. Un recensement effectu\u00e9 en 2000-2001 a r\u00e9v\u00e9l\u00e9 un nombre de renards v\u00e9loces trois fois sup\u00e9rieur au nombre observ\u00e9 quatre ans auparavant. Fait stup\u00e9fiant, 98,6 % des jeunes \u00e9taient n\u00e9s en milieu naturel, ce qui place ce programme de d\u00e9placement d\u2019une esp\u00e8ce en voie de disparition parmi les plus grandes r\u00e9ussites \u00e0 l\u2019\u00e9chelle mondiale.<\/p>\n<p>Les relev\u00e9s sur le terrain r\u00e9alis\u00e9s en 2014-2015 indiquent que les renards ont conserv\u00e9 une aire de r\u00e9partition semblable \u00e0 celle qui avait \u00e9t\u00e9 relev\u00e9e lors des recensements pr\u00e9c\u00e9dents, bien que l\u2019on puisse compter moins de zones d\u2019occupation.<\/p>\n<h3><strong>Impact<\/strong><\/h3>\n<p>Gr\u00e2ce \u00e0 cette initiative de r\u00e9introduction, le statut de conservation national de l\u2019esp\u00e8ce est pass\u00e9 de la cat\u00e9gorie \u00ab disparue du pays \u00bb \u00e0 \u00ab en voie de disparition \u00bb en 1999, puis \u00e0 \u00ab menac\u00e9e \u00bb en 2012.<\/p>\n<p><em><strong>Pour les derni\u00e8res nouvelles concernant ce projet, consultez notre <a href=\"https:\/\/wildlifepreservation.ca\/blog\/category\/swift-fox\/\">blogue de terrain<\/a>\u00a0(en anglais).<\/strong><\/em><\/p>\n<p><em><strong>Contribuez \u00e0 d\u2019autres exp\u00e9riences r\u00e9ussies, comme pour le renard v\u00e9loce! Faites un don \u00e0 Conservation de la faune au Canada d\u00e8s aujourd\u2019hui. <\/strong><\/em><\/p>\n<p><em><strong>Vous voulez passer \u00e0 l\u2019action? Informez-vous de ce que vous pouvez faire pour<a href=\"https:\/\/wildlifepreservation.ca\/fr\/projets-de-retablissement-de-mammiferes\/#cequevouspouvezfairem\"> les mamif\u00e8res <\/a>en p\u00e9ril.<\/strong><\/em><\/p>\n<p>[\/et_pb_text][et_pb_team_member admin_label=\u00a0\u00bbPerson\u00a0\u00bb animation=\u00a0\u00bboff\u00a0\u00bb background_layout=\u00a0\u00bblight\u00a0\u00bb background_color=\u00a0\u00bbrgba(136,183,119,0.47)\u00a0\u00bb use_border_color=\u00a0\u00bboff\u00a0\u00bb border_color=\u00a0\u00bb#ffffff\u00a0\u00bb border_style=\u00a0\u00bbsolid\u00a0\u00bb custom_padding=\u00a0\u00bb8px|8px|8px|8px\u00a0\u00bb]<\/p>\n<h3><strong>Les gens<br \/>\n<\/strong><\/h3>\n<p>Le programme de reproduction \u00e0 des fins de conservation men\u00e9 dans la r\u00e9serve faunique de Cochrane \u00e9tait dirig\u00e9 par <strong>Clio Smeeton<\/strong>, membre fondatrice de l\u2019Alberta Wildlife Rehabilitation Association et ancienne conservatrice de la section destin\u00e9e aux enfants du zoo de Calgary. Des \u00e9tudes de suivi des taux de survie \u00e0 long terme, des besoins en mati\u00e8re d\u2019habitat, ainsi que du nombre et de la r\u00e9partition des renards rel\u00e2ch\u00e9s et de leurs descendants ont \u00e9t\u00e9 men\u00e9es par le <strong>Dr Axel Moehrenschlager<\/strong>, maintenant directeur du Centre de conservation et de recherche du zoo de Calgary, et <strong>Cynthia Moehrenschlager<\/strong>, qui coordonne les efforts de r\u00e9tablissement depuis 1995.<\/p>\n<p>[\/et_pb_team_member][et_pb_text admin_label=\u00a0\u00bbText\u00a0\u00bb background_layout=\u00a0\u00bblight\u00a0\u00bb text_orientation=\u00a0\u00bbleft\u00a0\u00bb use_border_color=\u00a0\u00bboff\u00a0\u00bb border_color=\u00a0\u00bb#ffffff\u00a0\u00bb border_style=\u00a0\u00bbsolid\u00a0\u00bb]<\/p>\n<h3><strong>R<\/strong><strong>echerches<\/strong><\/h3>\n<p>Moehrenschlager, A. and C. Moehrenschlager.\u00a0 2006.\u00a0 Population census of reintroduced swift foxes (<em>Vulpes velox<\/em>) in Canada and northern Montana 2005\/2006.\u00a0 Centre for Conservation Research Report No. 1, Calgary Zoo.\u00a0 Calgary, Alberta, Canada. 32 pp.<\/p>\n<p>Moehrenschlager, A. and C. Moehrenschlager.\u00a0 2001. Census of Swift Fox (Vulpes velox) in Canada and Northern Montana: 2000-2001. Alberta Sustainable Resource Development, Fish and Wildlife Division, Alberta Species at Risk Report No. 24. Edmonton, Alberta. 21 pp.<\/p>\n<p>[\/et_pb_text][\/et_pb_column][et_pb_column type=\u00a0\u00bb1_4&Prime;][et_pb_text admin_label=\u00a0\u00bbText\u00a0\u00bb background_layout=\u00a0\u00bblight\u00a0\u00bb text_orientation=\u00a0\u00bbleft\u00a0\u00bb use_border_color=\u00a0\u00bboff\u00a0\u00bb border_color=\u00a0\u00bb#ffffff\u00a0\u00bb border_style=\u00a0\u00bbsolid\u00a0\u00bb]<\/p>\n<p><strong>Partenaires du programme<\/strong><\/p>\n<ul>\n<li><a href=\"https:\/\/www.calgaryzoo.com\">Calgary Zoo<\/a>\u00a0(en anglais)<\/li>\n<li><a href=\"https:\/\/www.ceinst.org\">Cochrane Wildlife Reserve<\/a>\u00a0(en anglais)<\/li>\n<\/ul>\n<p>&nbsp;<\/p>\n<p><strong>\u00a0<\/strong><\/p>\n<p>&nbsp;<\/p>\n<p>[\/et_pb_text][\/et_pb_column][\/et_pb_row][\/et_pb_section]<\/p>\n","protected":false},"excerpt":{"rendered":"<p>[et_pb_section admin_label=\u00a0\u00bbsection\u00a0\u00bb][et_pb_row admin_label=\u00a0\u00bbRow\u00a0\u00bb][et_pb_column type=\u00a0\u00bb1_4&Prime;][et_pb_sidebar admin_label=\u00a0\u00bbSidebar\u00a0\u00bb orientation=\u00a0\u00bbleft\u00a0\u00bb area=\u00a0\u00bbet_pb_widget_area_13&Prime; background_layout=\u00a0\u00bblight\u00a0\u00bb remove_border=\u00a0\u00bboff\u00a0\u00bb disabled=\u00a0\u00bboff\u00a0\u00bb disabled_on=\u00a0\u00bbon||\u00a0\u00bb] [\/et_pb_sidebar][\/et_pb_column][et_pb_column type=\u00a0\u00bb3_4&Prime;][et_pb_image admin_label=\u00a0\u00bbImage\u00a0\u00bb src=\u00a0\u00bbhttps:\/\/wildlifepreservation.ca\/fr\/wp-content\/uploads\/2016\/09\/SwiftfoxGordonCourt.jpg\u00a0\u00bb show_in_lightbox=\u00a0\u00bboff\u00a0\u00bb url_new_window=\u00a0\u00bboff\u00a0\u00bb use_overlay=\u00a0\u00bboff\u00a0\u00bb animation=\u00a0\u00bbleft\u00a0\u00bb sticky=\u00a0\u00bbon\u00a0\u00bb align=\u00a0\u00bbleft\u00a0\u00bb force_fullwidth=\u00a0\u00bboff\u00a0\u00bb always_center_on_mobile=\u00a0\u00bbon\u00a0\u00bb use_border_color=\u00a0\u00bboff\u00a0\u00bb border_color=\u00a0\u00bb#ffffff\u00a0\u00bb border_style=\u00a0\u00bbsolid\u00a0\u00bb] [\/et_pb_image][\/et_pb_column][\/et_pb_row][et_pb_row admin_label=\u00a0\u00bbRow\u00a0\u00bb make_fullwidth=\u00a0\u00bboff\u00a0\u00bb use_custom_width=\u00a0\u00bboff\u00a0\u00bb width_unit=\u00a0\u00bbon\u00a0\u00bb use_custom_gutter=\u00a0\u00bboff\u00a0\u00bb padding_mobile=\u00a0\u00bboff\u00a0\u00bb allow_player_pause=\u00a0\u00bboff\u00a0\u00bb parallax=\u00a0\u00bboff\u00a0\u00bb parallax_method=\u00a0\u00bboff\u00a0\u00bb make_equal=\u00a0\u00bboff\u00a0\u00bb parallax_1=\u00a0\u00bboff\u00a0\u00bb parallax_method_1=\u00a0\u00bboff\u00a0\u00bb parallax_2=\u00a0\u00bboff\u00a0\u00bb parallax_method_2=\u00a0\u00bboff\u00a0\u00bb parallax_3=\u00a0\u00bboff\u00a0\u00bb parallax_method_3=\u00a0\u00bboff\u00a0\u00bb column_padding_mobile=\u00a0\u00bbon\u00a0\u00bb custom_margin=\u00a0\u00bb-50px|||\u00a0\u00bb custom_margin_last_edited=\u00a0\u00bbon|desktop\u00a0\u00bb][et_pb_column type=\u00a0\u00bb1_4&Prime;][et_pb_sidebar admin_label=\u00a0\u00bbSidebar\u00a0\u00bb orientation=\u00a0\u00bbleft\u00a0\u00bb area=\u00a0\u00bbet_pb_widget_area_8&Prime; background_layout=\u00a0\u00bblight\u00a0\u00bb remove_border=\u00a0\u00bboff\u00a0\u00bb disabled=\u00a0\u00bboff\u00a0\u00bb disabled_on=\u00a0\u00bbon||\u00a0\u00bb] [\/et_pb_sidebar][\/et_pb_column][et_pb_column [&hellip;]<\/p>\n","protected":false},"author":2,"featured_media":0,"parent":0,"menu_order":0,"comment_status":"closed","ping_status":"closed","template":"","meta":{"inline_featured_image":false,"_mc_calendar":[],"footnotes":""},"class_list":["post-8202","page","type-page","status-publish","hentry"],"yoast_head":"<!-- This site is optimized with the Yoast SEO plugin v26.1.1 - https:\/\/yoast.com\/wordpress\/plugins\/seo\/ -->\n<title>R\u00e9introduction du renard v\u00e9loce - Conservation de la Faune au Canada<\/title>\n<meta name=\"robots\" content=\"index, follow, max-snippet:-1, max-image-preview:large, max-video-preview:-1\" \/>\n<link rel=\"canonical\" href=\"https:\/\/wildlifepreservation.ca\/fr\/reintroduction-du-renard-veloce\/\" \/>\n<meta property=\"og:locale\" content=\"fr_CA\" \/>\n<meta property=\"og:type\" content=\"article\" \/>\n<meta property=\"og:title\" content=\"R\u00e9introduction du renard v\u00e9loce - Conservation de la Faune au Canada\" \/>\n<meta property=\"og:description\" content=\"[et_pb_section admin_label=\u00a0\u00bbsection\u00a0\u00bb][et_pb_row admin_label=\u00a0\u00bbRow\u00a0\u00bb][et_pb_column type=\u00a0\u00bb1_4&Prime;][et_pb_sidebar admin_label=\u00a0\u00bbSidebar\u00a0\u00bb orientation=\u00a0\u00bbleft\u00a0\u00bb area=\u00a0\u00bbet_pb_widget_area_13&Prime; background_layout=\u00a0\u00bblight\u00a0\u00bb remove_border=\u00a0\u00bboff\u00a0\u00bb disabled=\u00a0\u00bboff\u00a0\u00bb disabled_on=\u00a0\u00bbon||\u00a0\u00bb] [\/et_pb_sidebar][\/et_pb_column][et_pb_column type=\u00a0\u00bb3_4&Prime;][et_pb_image admin_label=\u00a0\u00bbImage\u00a0\u00bb src=\u00a0\u00bbhttps:\/\/wildlifepreservation.ca\/fr\/wp-content\/uploads\/2016\/09\/SwiftfoxGordonCourt.jpg\u00a0\u00bb show_in_lightbox=\u00a0\u00bboff\u00a0\u00bb url_new_window=\u00a0\u00bboff\u00a0\u00bb use_overlay=\u00a0\u00bboff\u00a0\u00bb animation=\u00a0\u00bbleft\u00a0\u00bb sticky=\u00a0\u00bbon\u00a0\u00bb align=\u00a0\u00bbleft\u00a0\u00bb force_fullwidth=\u00a0\u00bboff\u00a0\u00bb always_center_on_mobile=\u00a0\u00bbon\u00a0\u00bb use_border_color=\u00a0\u00bboff\u00a0\u00bb border_color=\u00a0\u00bb#ffffff\u00a0\u00bb border_style=\u00a0\u00bbsolid\u00a0\u00bb] [\/et_pb_image][\/et_pb_column][\/et_pb_row][et_pb_row admin_label=\u00a0\u00bbRow\u00a0\u00bb make_fullwidth=\u00a0\u00bboff\u00a0\u00bb use_custom_width=\u00a0\u00bboff\u00a0\u00bb width_unit=\u00a0\u00bbon\u00a0\u00bb use_custom_gutter=\u00a0\u00bboff\u00a0\u00bb padding_mobile=\u00a0\u00bboff\u00a0\u00bb allow_player_pause=\u00a0\u00bboff\u00a0\u00bb parallax=\u00a0\u00bboff\u00a0\u00bb parallax_method=\u00a0\u00bboff\u00a0\u00bb make_equal=\u00a0\u00bboff\u00a0\u00bb parallax_1=\u00a0\u00bboff\u00a0\u00bb parallax_method_1=\u00a0\u00bboff\u00a0\u00bb parallax_2=\u00a0\u00bboff\u00a0\u00bb parallax_method_2=\u00a0\u00bboff\u00a0\u00bb parallax_3=\u00a0\u00bboff\u00a0\u00bb parallax_method_3=\u00a0\u00bboff\u00a0\u00bb column_padding_mobile=\u00a0\u00bbon\u00a0\u00bb custom_margin=\u00a0\u00bb-50px|||\u00a0\u00bb custom_margin_last_edited=\u00a0\u00bbon|desktop\u00a0\u00bb][et_pb_column type=\u00a0\u00bb1_4&Prime;][et_pb_sidebar admin_label=\u00a0\u00bbSidebar\u00a0\u00bb orientation=\u00a0\u00bbleft\u00a0\u00bb area=\u00a0\u00bbet_pb_widget_area_8&Prime; background_layout=\u00a0\u00bblight\u00a0\u00bb remove_border=\u00a0\u00bboff\u00a0\u00bb disabled=\u00a0\u00bboff\u00a0\u00bb disabled_on=\u00a0\u00bbon||\u00a0\u00bb] [\/et_pb_sidebar][\/et_pb_column][et_pb_column [&hellip;]\" \/>\n<meta property=\"og:url\" content=\"https:\/\/wildlifepreservation.ca\/fr\/reintroduction-du-renard-veloce\/\" \/>\n<meta property=\"og:site_name\" content=\"Conservation de la Faune au Canada\" \/>\n<meta property=\"article:modified_time\" content=\"2016-11-30T19:16:35+00:00\" \/>\n<meta name=\"twitter:card\" content=\"summary_large_image\" \/>\n<meta name=\"twitter:label1\" content=\"Estimation du temps de lecture\" \/>\n\t<meta name=\"twitter:data1\" content=\"5 minutes\" \/>\n<script type=\"application\/ld+json\" class=\"yoast-schema-graph\">{\"@context\":\"https:\/\/schema.org\",\"@graph\":[{\"@type\":\"WebPage\",\"@id\":\"https:\/\/wildlifepreservation.ca\/fr\/reintroduction-du-renard-veloce\/\",\"url\":\"https:\/\/wildlifepreservation.ca\/fr\/reintroduction-du-renard-veloce\/\",\"name\":\"R\u00e9introduction du renard v\u00e9loce - Conservation de la Faune au Canada\",\"isPartOf\":{\"@id\":\"https:\/\/wildlifepreservation.ca\/fr\/#website\"},\"datePublished\":\"2016-09-12T17:05:40+00:00\",\"dateModified\":\"2016-11-30T19:16:35+00:00\",\"inLanguage\":\"fr-CA\",\"potentialAction\":[{\"@type\":\"ReadAction\",\"target\":[\"https:\/\/wildlifepreservation.ca\/fr\/reintroduction-du-renard-veloce\/\"]}]},{\"@type\":\"WebSite\",\"@id\":\"https:\/\/wildlifepreservation.ca\/fr\/#website\",\"url\":\"https:\/\/wildlifepreservation.ca\/fr\/\",\"name\":\"Conservation de la Faune au Canada\",\"description\":\"Le programme canadien de soins intensifs pour les esp\u00e8ces en p\u00e9ril, depuis 1985\",\"potentialAction\":[{\"@type\":\"SearchAction\",\"target\":{\"@type\":\"EntryPoint\",\"urlTemplate\":\"https:\/\/wildlifepreservation.ca\/fr\/?s={search_term_string}\"},\"query-input\":{\"@type\":\"PropertyValueSpecification\",\"valueRequired\":true,\"valueName\":\"search_term_string\"}}],\"inLanguage\":\"fr-CA\"}]}<\/script>\n<!-- \/ Yoast SEO plugin. -->","yoast_head_json":{"title":"R\u00e9introduction du renard v\u00e9loce - Conservation de la Faune au Canada","robots":{"index":"index","follow":"follow","max-snippet":"max-snippet:-1","max-image-preview":"max-image-preview:large","max-video-preview":"max-video-preview:-1"},"canonical":"https:\/\/wildlifepreservation.ca\/fr\/reintroduction-du-renard-veloce\/","og_locale":"fr_CA","og_type":"article","og_title":"R\u00e9introduction du renard v\u00e9loce - Conservation de la Faune au Canada","og_description":"[et_pb_section admin_label=\u00a0\u00bbsection\u00a0\u00bb][et_pb_row admin_label=\u00a0\u00bbRow\u00a0\u00bb][et_pb_column type=\u00a0\u00bb1_4&Prime;][et_pb_sidebar admin_label=\u00a0\u00bbSidebar\u00a0\u00bb orientation=\u00a0\u00bbleft\u00a0\u00bb area=\u00a0\u00bbet_pb_widget_area_13&Prime; background_layout=\u00a0\u00bblight\u00a0\u00bb remove_border=\u00a0\u00bboff\u00a0\u00bb disabled=\u00a0\u00bboff\u00a0\u00bb disabled_on=\u00a0\u00bbon||\u00a0\u00bb] [\/et_pb_sidebar][\/et_pb_column][et_pb_column type=\u00a0\u00bb3_4&Prime;][et_pb_image admin_label=\u00a0\u00bbImage\u00a0\u00bb src=\u00a0\u00bbhttps:\/\/wildlifepreservation.ca\/fr\/wp-content\/uploads\/2016\/09\/SwiftfoxGordonCourt.jpg\u00a0\u00bb show_in_lightbox=\u00a0\u00bboff\u00a0\u00bb url_new_window=\u00a0\u00bboff\u00a0\u00bb use_overlay=\u00a0\u00bboff\u00a0\u00bb animation=\u00a0\u00bbleft\u00a0\u00bb sticky=\u00a0\u00bbon\u00a0\u00bb align=\u00a0\u00bbleft\u00a0\u00bb force_fullwidth=\u00a0\u00bboff\u00a0\u00bb always_center_on_mobile=\u00a0\u00bbon\u00a0\u00bb use_border_color=\u00a0\u00bboff\u00a0\u00bb border_color=\u00a0\u00bb#ffffff\u00a0\u00bb border_style=\u00a0\u00bbsolid\u00a0\u00bb] [\/et_pb_image][\/et_pb_column][\/et_pb_row][et_pb_row admin_label=\u00a0\u00bbRow\u00a0\u00bb make_fullwidth=\u00a0\u00bboff\u00a0\u00bb use_custom_width=\u00a0\u00bboff\u00a0\u00bb width_unit=\u00a0\u00bbon\u00a0\u00bb use_custom_gutter=\u00a0\u00bboff\u00a0\u00bb padding_mobile=\u00a0\u00bboff\u00a0\u00bb allow_player_pause=\u00a0\u00bboff\u00a0\u00bb parallax=\u00a0\u00bboff\u00a0\u00bb parallax_method=\u00a0\u00bboff\u00a0\u00bb make_equal=\u00a0\u00bboff\u00a0\u00bb parallax_1=\u00a0\u00bboff\u00a0\u00bb parallax_method_1=\u00a0\u00bboff\u00a0\u00bb parallax_2=\u00a0\u00bboff\u00a0\u00bb parallax_method_2=\u00a0\u00bboff\u00a0\u00bb parallax_3=\u00a0\u00bboff\u00a0\u00bb parallax_method_3=\u00a0\u00bboff\u00a0\u00bb column_padding_mobile=\u00a0\u00bbon\u00a0\u00bb custom_margin=\u00a0\u00bb-50px|||\u00a0\u00bb custom_margin_last_edited=\u00a0\u00bbon|desktop\u00a0\u00bb][et_pb_column type=\u00a0\u00bb1_4&Prime;][et_pb_sidebar admin_label=\u00a0\u00bbSidebar\u00a0\u00bb orientation=\u00a0\u00bbleft\u00a0\u00bb area=\u00a0\u00bbet_pb_widget_area_8&Prime; background_layout=\u00a0\u00bblight\u00a0\u00bb remove_border=\u00a0\u00bboff\u00a0\u00bb disabled=\u00a0\u00bboff\u00a0\u00bb disabled_on=\u00a0\u00bbon||\u00a0\u00bb] [\/et_pb_sidebar][\/et_pb_column][et_pb_column [&hellip;]","og_url":"https:\/\/wildlifepreservation.ca\/fr\/reintroduction-du-renard-veloce\/","og_site_name":"Conservation de la Faune au Canada","article_modified_time":"2016-11-30T19:16:35+00:00","twitter_card":"summary_large_image","twitter_misc":{"Estimation du temps de lecture":"5 minutes"},"schema":{"@context":"https:\/\/schema.org","@graph":[{"@type":"WebPage","@id":"https:\/\/wildlifepreservation.ca\/fr\/reintroduction-du-renard-veloce\/","url":"https:\/\/wildlifepreservation.ca\/fr\/reintroduction-du-renard-veloce\/","name":"R\u00e9introduction du renard v\u00e9loce - Conservation de la Faune au Canada","isPartOf":{"@id":"https:\/\/wildlifepreservation.ca\/fr\/#website"},"datePublished":"2016-09-12T17:05:40+00:00","dateModified":"2016-11-30T19:16:35+00:00","inLanguage":"fr-CA","potentialAction":[{"@type":"ReadAction","target":["https:\/\/wildlifepreservation.ca\/fr\/reintroduction-du-renard-veloce\/"]}]},{"@type":"WebSite","@id":"https:\/\/wildlifepreservation.ca\/fr\/#website","url":"https:\/\/wildlifepreservation.ca\/fr\/","name":"Conservation de la Faune au Canada","description":"Le programme canadien de soins intensifs pour les esp\u00e8ces en p\u00e9ril, depuis 1985","potentialAction":[{"@type":"SearchAction","target":{"@type":"EntryPoint","urlTemplate":"https:\/\/wildlifepreservation.ca\/fr\/?s={search_term_string}"},"query-input":{"@type":"PropertyValueSpecification","valueRequired":true,"valueName":"search_term_string"}}],"inLanguage":"fr-CA"}]}},"_links":{"self":[{"href":"https:\/\/wildlifepreservation.ca\/fr\/wp-json\/wp\/v2\/pages\/8202","targetHints":{"allow":["GET"]}}],"collection":[{"href":"https:\/\/wildlifepreservation.ca\/fr\/wp-json\/wp\/v2\/pages"}],"about":[{"href":"https:\/\/wildlifepreservation.ca\/fr\/wp-json\/wp\/v2\/types\/page"}],"author":[{"embeddable":true,"href":"https:\/\/wildlifepreservation.ca\/fr\/wp-json\/wp\/v2\/users\/2"}],"replies":[{"embeddable":true,"href":"https:\/\/wildlifepreservation.ca\/fr\/wp-json\/wp\/v2\/comments?post=8202"}],"version-history":[{"count":0,"href":"https:\/\/wildlifepreservation.ca\/fr\/wp-json\/wp\/v2\/pages\/8202\/revisions"}],"wp:attachment":[{"href":"https:\/\/wildlifepreservation.ca\/fr\/wp-json\/wp\/v2\/media?parent=8202"}],"curies":[{"name":"wp","href":"https:\/\/api.w.org\/{rel}","templated":true}]}}